{"id":17323,"date":"2023-08-02T14:06:53","date_gmt":"2023-08-02T18:06:53","guid":{"rendered":"https:\/\/www.merkley.senate.gov\/?page_id=17323"},"modified":"2023-09-05T15:14:27","modified_gmt":"2023-09-05T19:14:27","slug":"protecting-our-democracy-and-fixing-the-senate","status":"publish","type":"page","link":"https:\/\/www.merkley.senate.gov\/es\/legislative-priorities\/protecting-our-democracy-and-fixing-the-senate\/","title":{"rendered":"Proteger nuestra democracia y arreglar el Senado"},"content":{"rendered":"<div data-elementor-type=\"wp-page\" data-elementor-id=\"17323\" class=\"elementor elementor-17323\" data-elementor-post-type=\"page\">\n\t\t\t\t\t\t<section class=\"elementor-section elementor-top-section elementor-element elementor-element-3b128d6 elementor-section-boxed elementor-section-height-default elementor-section-height-default\" data-id=\"3b128d6\" data-element_type=\"section\" data-e-type=\"section\">\n\t\t\t\t\t\t<div class=\"elementor-container elementor-column-gap-default\">\n\t\t\t\t\t<div class=\"elementor-column elementor-col-100 elementor-top-column elementor-element elementor-element-f406792\" data-id=\"f406792\" data-element_type=\"column\" data-e-type=\"column\">\n\t\t\t<div class=\"elementor-widget-wrap elementor-element-populated\">\n\t\t\t\t\t\t<div class=\"elementor-element elementor-element-b9c6e2d elementor-grid-1 elementor-posts--thumbnail-none elementor-grid-tablet-2 elementor-grid-mobile-1 elementor-widget elementor-widget-posts\" data-id=\"b9c6e2d\" data-element_type=\"widget\" data-e-type=\"widget\" data-settings=\"{&quot;classic_columns&quot;:&quot;1&quot;,&quot;classic_row_gap&quot;:{&quot;unit&quot;:&quot;px&quot;,&quot;size&quot;:45,&quot;sizes&quot;:[]},&quot;pagination_type&quot;:&quot;numbers_and_prev_next&quot;,&quot;classic_columns_tablet&quot;:&quot;2&quot;,&quot;classic_columns_mobile&quot;:&quot;1&quot;,&quot;classic_row_gap_laptop&quot;:{&quot;unit&quot;:&quot;px&quot;,&quot;size&quot;:&quot;&quot;,&quot;sizes&quot;:[]},&quot;classic_row_gap_tablet_extra&quot;:{&quot;unit&quot;:&quot;px&quot;,&quot;size&quot;:&quot;&quot;,&quot;sizes&quot;:[]},&quot;classic_row_gap_tablet&quot;:{&quot;unit&quot;:&quot;px&quot;,&quot;size&quot;:&quot;&quot;,&quot;sizes&quot;:[]},&quot;classic_row_gap_mobile_extra&quot;:{&quot;unit&quot;:&quot;px&quot;,&quot;size&quot;:&quot;&quot;,&quot;sizes&quot;:[]},&quot;classic_row_gap_mobile&quot;:{&quot;unit&quot;:&quot;px&quot;,&quot;size&quot;:&quot;&quot;,&quot;sizes&quot;:[]}}\" data-widget_type=\"posts.classic\">\n\t\t\t\t<div class=\"elementor-widget-container\">\n\t\t\t\t\t\t\t<div class=\"elementor-posts-container elementor-posts elementor-posts--skin-classic elementor-grid\" role=\"list\">\n\t\t\t\t<article class=\"elementor-post elementor-grid-item post-24470 post type-post status-publish format-standard has-post-thumbnail hentry category-press-releases tag-delivering-for-oregon tag-democracy\" role=\"listitem\">\n\t\t\t\t<div class=\"elementor-post__text\">\n\t\t\t\t<h2 class=\"elementor-post__title\">\n\t\t\t<a href=\"https:\/\/www.merkley.senate.gov\/es\/merkley-announces-rescheduled-eastern-oregon-town-halls-may-1-3\/\" >\n\t\t\t\tMerkley anuncia la reprogramaci\u00f3n de las asambleas p\u00fablicas del este de Oreg\u00f3n, previstas del 1 al 3 de mayo.\t\t\t<\/a>\n\t\t<\/h2>\n\t\t\t\t<div class=\"elementor-post__meta-data\">\n\t\t\t\t\t<span class=\"elementor-post-date\">\n\t\t\t24 de abril de 2026\t\t<\/span>\n\t\t\t\t<\/div>\n\t\t\t\t<div class=\"elementor-post__excerpt\">\n\t\t\t<p>El senador realizar\u00e1 nueve conversaciones presenciales en los condados de Malheur, Harney, Grant, Baker, Wallowa, Union, Umatilla, Morrow y Wheeler. Baker City, OR \u2013 El senador estadounidense de Oreg\u00f3n, Jeff Merkley, anunci\u00f3 que realizar\u00e1 nueve conversaciones comunitarias presenciales para los habitantes de Oreg\u00f3n en los condados del este de Oreg\u00f3n entre el viernes 1 de mayo y el domingo 3 de mayo. Las nueve<\/p>\n\t\t<\/div>\n\t\t\n\t\t<a class=\"elementor-post__read-more\" href=\"https:\/\/www.merkley.senate.gov\/es\/merkley-announces-rescheduled-eastern-oregon-town-halls-may-1-3\/\" aria-label=\"Read more about Merkley Announces Rescheduled Eastern Oregon Town Halls May 1-3\" tabindex=\"-1\" >\n\t\t\t<i aria-hidden=\"true\" class=\"fal fa-chevron-circle-right\"><\/i>\t\t<\/a>\n\n\t\t\t\t<\/div>\n\t\t\t\t<\/article>\n\t\t\t\t<article class=\"elementor-post elementor-grid-item post-24466 post type-post status-publish format-standard has-post-thumbnail hentry category-press-releases tag-delivering-for-oregon tag-democracy tag-voting-rights\" role=\"listitem\">\n\t\t\t\t<div class=\"elementor-post__text\">\n\t\t\t\t<h2 class=\"elementor-post__title\">\n\t\t\t<a href=\"https:\/\/www.merkley.senate.gov\/es\/merkley-wyden-colleagues-fight-back-against-trumps-executive-order-restricting-vote-by-mail-press-usps-on-unconstitutional-executive-order\/\" >\n\t\t\t\tMerkley, Wyden y sus colegas se oponen a la orden ejecutiva de Trump que restringe el voto por correo y presionan al Servicio Postal de EE. UU. por la inconstitucionalidad de la orden ejecutiva.\u00a0\t\t\t<\/a>\n\t\t<\/h2>\n\t\t\t\t<div class=\"elementor-post__meta-data\">\n\t\t\t\t\t<span class=\"elementor-post-date\">\n\t\t\t24 de abril de 2026\t\t<\/span>\n\t\t\t\t<\/div>\n\t\t\t\t<div class=\"elementor-post__excerpt\">\n\t\t\t<p>Washington, DC \u2014 Los senadores estadounidenses de Oreg\u00f3n, Jeff Merkley y Ron Wyden, se unieron a m\u00e1s de 30 de sus colegas dem\u00f3cratas del Senado para presentar la Ley de Protecci\u00f3n del Voto Ausente y por Correo (Ley MVP Ausente). El proyecto de ley defender\u00eda el derecho al voto por correo, mantendr\u00eda la integridad de nuestras elecciones y bloquear\u00eda la orden ejecutiva ilegal e inconstitucional del presidente Trump que ataca el voto por correo y el voto ausente. \u201cLos habitantes de Oreg\u00f3n saben que el voto por correo ha sido una piedra angular para celebrar elecciones seguras, accesibles y de alta integridad para<\/p>\n\t\t<\/div>\n\t\t\n\t\t<a class=\"elementor-post__read-more\" href=\"https:\/\/www.merkley.senate.gov\/es\/merkley-wyden-colleagues-fight-back-against-trumps-executive-order-restricting-vote-by-mail-press-usps-on-unconstitutional-executive-order\/\" aria-label=\"Read more about Merkley,\u00a0Wyden,\u00a0Colleagues\u00a0Fight Back Against\u00a0Trump\u2019s Executive Order Restricting Vote\u00a0by Mail, Press USPS on Unconstitutional Executive Order\u00a0\" tabindex=\"-1\" >\n\t\t\t<i aria-hidden=\"true\" class=\"fal fa-chevron-circle-right\"><\/i>\t\t<\/a>\n\n\t\t\t\t<\/div>\n\t\t\t\t<\/article>\n\t\t\t\t<article class=\"elementor-post elementor-grid-item post-24453 post type-post status-publish format-standard has-post-thumbnail hentry category-press-releases tag-democracy\" role=\"listitem\">\n\t\t\t\t<div class=\"elementor-post__text\">\n\t\t\t\t<h2 class=\"elementor-post__title\">\n\t\t\t<a href=\"https:\/\/www.merkley.senate.gov\/es\/after-reports-of-3-political-candidates-trading-on-their-elections-merkley-renews-call-to-ban-election-gambling\/\" >\n\t\t\t\tAfter Reports of 3 Political Candidates Trading on their Elections, Merkley Renews Call to Ban Election Gambling\t\t\t<\/a>\n\t\t<\/h2>\n\t\t\t\t<div class=\"elementor-post__meta-data\">\n\t\t\t\t\t<span class=\"elementor-post-date\">\n\t\t\tApril 22, 2026\t\t<\/span>\n\t\t\t\t<\/div>\n\t\t\t\t<div class=\"elementor-post__excerpt\">\n\t\t\t<p>Washington, D.C. \u2013 Oregon\u2019s U.S. Senator Jeff Merkley\u2014who has long sounded the alarm on\u00a0election betting\u2014released the following statement after prediction market firm Kalshi reported three instances of political candidates betting on their own elections: \u201cElection betting is a bad bet for democracy\u2014plain and simple. Since 2023, I have been concerned<\/p>\n\t\t<\/div>\n\t\t\n\t\t<a class=\"elementor-post__read-more\" href=\"https:\/\/www.merkley.senate.gov\/es\/after-reports-of-3-political-candidates-trading-on-their-elections-merkley-renews-call-to-ban-election-gambling\/\" aria-label=\"Read more about After Reports of 3 Political Candidates Trading on their Elections, Merkley Renews Call to Ban Election Gambling\" tabindex=\"-1\" >\n\t\t\t<i aria-hidden=\"true\" class=\"fal fa-chevron-circle-right\"><\/i>\t\t<\/a>\n\n\t\t\t\t<\/div>\n\t\t\t\t<\/article>\n\t\t\t\t<article class=\"elementor-post elementor-grid-item post-24449 post type-post status-publish format-standard has-post-thumbnail hentry category-press-releases tag-civil-rights tag-delivering-for-oregon tag-protecting-consumers tag-protecting-consumers-taxpayers-and-the-economy tag-voting-rights\" role=\"listitem\">\n\t\t\t\t<div class=\"elementor-post__text\">\n\t\t\t\t<h2 class=\"elementor-post__title\">\n\t\t\t<a href=\"https:\/\/www.merkley.senate.gov\/es\/merkley-wyden-democratic-colleagues-demand-usps-uphold-federal-law-over-president-trumps-illegal-executive-order-to-restrict-vote-by-mail\/\" >\n\t\t\t\tMerkley, Wyden, Democratic Colleagues Demand USPS Uphold Federal Law Over President Trump\u2019s Illegal Executive Order to Restrict Vote by Mail\t\t\t<\/a>\n\t\t<\/h2>\n\t\t\t\t<div class=\"elementor-post__meta-data\">\n\t\t\t\t\t<span class=\"elementor-post-date\">\n\t\t\tApril 22, 2026\t\t<\/span>\n\t\t\t\t<\/div>\n\t\t\t\t<div class=\"elementor-post__excerpt\">\n\t\t\t<p>Washington, D.C. \u2013 Oregon\u2019s U.S. Senators Jeff Merkley and Ron Wyden joined over 30 of their Senate Democratic colleagues in demanding the United States Postal Service (USPS) uphold existing federal law over the executive order signed by President Trump. \u201cThe Constitution provides no role for the President in regulating federal<\/p>\n\t\t<\/div>\n\t\t\n\t\t<a class=\"elementor-post__read-more\" href=\"https:\/\/www.merkley.senate.gov\/es\/merkley-wyden-democratic-colleagues-demand-usps-uphold-federal-law-over-president-trumps-illegal-executive-order-to-restrict-vote-by-mail\/\" aria-label=\"Read more about Merkley, Wyden, Democratic Colleagues Demand USPS Uphold Federal Law Over President Trump\u2019s Illegal Executive Order to Restrict Vote by Mail\" tabindex=\"-1\" >\n\t\t\t<i aria-hidden=\"true\" class=\"fal fa-chevron-circle-right\"><\/i>\t\t<\/a>\n\n\t\t\t\t<\/div>\n\t\t\t\t<\/article>\n\t\t\t\t<article class=\"elementor-post elementor-grid-item post-24425 post type-post status-publish format-standard has-post-thumbnail hentry category-press-releases tag-democracy tag-foreign-policy-and-national-security tag-protecting-consumers-taxpayers-and-the-economy\" role=\"listitem\">\n\t\t\t\t<div class=\"elementor-post__text\">\n\t\t\t\t<h2 class=\"elementor-post__title\">\n\t\t\t<a href=\"https:\/\/www.merkley.senate.gov\/es\/merkley-warren-van-hollen-sanders-probe-trump-backed-board-of-peaces-plan-to-rebuild-gaza-with-shady-cryptocurrency\/\" >\n\t\t\t\tMerkley, Warren, Van Hollen, Sanders Probe Trump-Backed Board of Peace\u2019s Plan to Rebuild Gaza with Shady Cryptocurrency\t\t\t<\/a>\n\t\t<\/h2>\n\t\t\t\t<div class=\"elementor-post__meta-data\">\n\t\t\t\t\t<span class=\"elementor-post-date\">\n\t\t\tApril 17, 2026\t\t<\/span>\n\t\t\t\t<\/div>\n\t\t\t\t<div class=\"elementor-post__excerpt\">\n\t\t\t<p>Washington, D.C. \u2013 Today, Oregon\u2019s U.S. Senator Jeff Merkley partnered with U.S. Senators Elizabeth Warren (D-MA), Chris Van Hollen (D-MD), and Bernie Sanders (I-VT) to press the Trump Administration over its plans to reportedly&nbsp;develop a US dollar-backed stablecoin for Gaza as part of post-war reconstruction efforts. The Senators raise serious<\/p>\n\t\t<\/div>\n\t\t\n\t\t<a class=\"elementor-post__read-more\" href=\"https:\/\/www.merkley.senate.gov\/es\/merkley-warren-van-hollen-sanders-probe-trump-backed-board-of-peaces-plan-to-rebuild-gaza-with-shady-cryptocurrency\/\" aria-label=\"Read more about Merkley, Warren, Van Hollen, Sanders Probe Trump-Backed Board of Peace\u2019s Plan to Rebuild Gaza with Shady Cryptocurrency\" tabindex=\"-1\" >\n\t\t\t<i aria-hidden=\"true\" class=\"fal fa-chevron-circle-right\"><\/i>\t\t<\/a>\n\n\t\t\t\t<\/div>\n\t\t\t\t<\/article>\n\t\t\t\t<article class=\"elementor-post elementor-grid-item post-24327 post type-post status-publish format-standard has-post-thumbnail hentry category-press-releases tag-democracy\" role=\"listitem\">\n\t\t\t\t<div class=\"elementor-post__text\">\n\t\t\t\t<h2 class=\"elementor-post__title\">\n\t\t\t<a href=\"https:\/\/www.merkley.senate.gov\/es\/warren-merkley-40-lawmakers-push-regulators-to-address-illegal-insider-trading-in-prediction-markets\/\" >\n\t\t\t\tWarren, Merkley, 40+ Lawmakers Push Regulators to Address Illegal Insider Trading in Prediction Markets\t\t\t<\/a>\n\t\t<\/h2>\n\t\t\t\t<div class=\"elementor-post__meta-data\">\n\t\t\t\t\t<span class=\"elementor-post-date\">\n\t\t\tMarch 30, 2026\t\t<\/span>\n\t\t\t\t<\/div>\n\t\t\t\t<div class=\"elementor-post__excerpt\">\n\t\t\t<p>Multiple incidents prompted speculation about possible insider trading in prediction markets by federal employees Text of Letter (PDF) Washington, D.C. \u2013\u00a0U.S. Senator Elizabeth Warren (D-Mass.), along with Senators Amy Klobuchar (D-Minn.), Jeff Merkley (D-Ore.), Representative Maxine Waters, Representative Angie Craig (D-Minn.), and 37 other lawmakers, wrote to the Commodity Futures<\/p>\n\t\t<\/div>\n\t\t\n\t\t<a class=\"elementor-post__read-more\" href=\"https:\/\/www.merkley.senate.gov\/es\/warren-merkley-40-lawmakers-push-regulators-to-address-illegal-insider-trading-in-prediction-markets\/\" aria-label=\"Read more about Warren, Merkley, 40+ Lawmakers Push Regulators to Address Illegal Insider Trading in Prediction Markets\" tabindex=\"-1\" >\n\t\t\t<i aria-hidden=\"true\" class=\"fal fa-chevron-circle-right\"><\/i>\t\t<\/a>\n\n\t\t\t\t<\/div>\n\t\t\t\t<\/article>\n\t\t\t\t<\/div>\n\t\t\n\t\t\t\t<div class=\"e-load-more-anchor\" data-page=\"1\" data-max-page=\"14\" data-next-page=\"https:\/\/www.merkley.senate.gov\/es\/wp-json\/wp\/v2\/pages\/17323\/page\/2\/\"><\/div>\n\t\t\t\t<nav class=\"elementor-pagination\" aria-label=\"Pagination\">\n\t\t\t<span class=\"page-numbers prev\">&quot; Anterior<\/span>\n<span aria-current=\"page\" class=\"page-numbers current\"><span class=\"elementor-screen-only\">P\u00e1gina<\/span>1<\/span>\n<a class=\"page-numbers\" href=\"https:\/\/www.merkley.senate.gov\/es\/wp-json\/wp\/v2\/pages\/17323\/page\/2\/\"><span class=\"elementor-screen-only\">P\u00e1gina<\/span>2<\/a>\n<a class=\"page-numbers\" href=\"https:\/\/www.merkley.senate.gov\/es\/wp-json\/wp\/v2\/pages\/17323\/page\/3\/\"><span class=\"elementor-screen-only\">P\u00e1gina<\/span>3<\/a>\n<span class=\"page-numbers dots\">\u2026<\/span>\n<a class=\"page-numbers\" href=\"https:\/\/www.merkley.senate.gov\/es\/wp-json\/wp\/v2\/pages\/17323\/page\/14\/\"><span class=\"elementor-screen-only\">P\u00e1gina<\/span>14<\/a>\n<a class=\"page-numbers next\" href=\"https:\/\/www.merkley.senate.gov\/es\/wp-json\/wp\/v2\/pages\/17323\/page\/2\/\">Pr\u00f3ximo &quot;<\/a>\t\t<\/nav>\n\t\t\t\t\t\t<\/div>\n\t\t\t\t<\/div>\n\t\t\t\t\t<\/div>\n\t\t<\/div>\n\t\t\t\t\t<\/div>\n\t\t<\/section>\n\t\t\t\t<\/div>","protected":false},"excerpt":{"rendered":"","protected":false},"author":6,"featured_media":0,"parent":609,"menu_order":0,"comment_status":"closed","ping_status":"closed","template":"","meta":{"_acf_changed":false,"inline_featured_image":false,"footnotes":""},"class_list":["post-17323","page","type-page","status-publish","hentry"],"acf":[],"yoast_head":"<!-- This site is optimized with the Yoast SEO plugin v27.2 - https:\/\/yoast.com\/product\/yoast-seo-wordpress\/ -->\n<title>Protecting our Democracy and Fixing the Senate - Merkley<\/title>\n<meta name=\"robots\" content=\"index, follow, max-snippet:-1, max-image-preview:large, max-video-preview:-1\" \/>\n<link rel=\"canonical\" href=\"https:\/\/www.merkley.senate.gov\/es\/legislative-priorities\/protecting-our-democracy-and-fixing-the-senate\/\" \/>\n<meta property=\"og:locale\" content=\"es_MX\" \/>\n<meta property=\"og:type\" content=\"article\" \/>\n<meta property=\"og:title\" content=\"Protecting our Democracy and Fixing the Senate - Merkley\" \/>\n<meta property=\"og:url\" content=\"https:\/\/www.merkley.senate.gov\/es\/legislative-priorities\/protecting-our-democracy-and-fixing-the-senate\/\" \/>\n<meta property=\"og:site_name\" content=\"Merkley\" \/>\n<meta property=\"article:modified_time\" content=\"2023-09-05T19:14:27+00:00\" \/>\n<meta name=\"twitter:card\" content=\"summary_large_image\" \/>\n<script type=\"application\/ld+json\" class=\"yoast-schema-graph\">{\"@context\":\"https:\/\/schema.org\",\"@graph\":[{\"@type\":\"WebPage\",\"@id\":\"https:\/\/www.merkley.senate.gov\/legislative-priorities\/protecting-our-democracy-and-fixing-the-senate\/\",\"url\":\"https:\/\/www.merkley.senate.gov\/legislative-priorities\/protecting-our-democracy-and-fixing-the-senate\/\",\"name\":\"Protecting our Democracy and Fixing the Senate - Merkley\",\"isPartOf\":{\"@id\":\"https:\/\/www.merkley.senate.gov\/#website\"},\"datePublished\":\"2023-08-02T18:06:53+00:00\",\"dateModified\":\"2023-09-05T19:14:27+00:00\",\"breadcrumb\":{\"@id\":\"https:\/\/www.merkley.senate.gov\/legislative-priorities\/protecting-our-democracy-and-fixing-the-senate\/#breadcrumb\"},\"inLanguage\":\"es-MX\",\"potentialAction\":[{\"@type\":\"ReadAction\",\"target\":[\"https:\/\/www.merkley.senate.gov\/legislative-priorities\/protecting-our-democracy-and-fixing-the-senate\/\"]}]},{\"@type\":\"BreadcrumbList\",\"@id\":\"https:\/\/www.merkley.senate.gov\/legislative-priorities\/protecting-our-democracy-and-fixing-the-senate\/#breadcrumb\",\"itemListElement\":[{\"@type\":\"ListItem\",\"position\":1,\"name\":\"Home\",\"item\":\"https:\/\/www.merkley.senate.gov\/\"},{\"@type\":\"ListItem\",\"position\":2,\"name\":\"Legislative Priorities\",\"item\":\"https:\/\/www.merkley.senate.gov\/legislative-priorities\/\"},{\"@type\":\"ListItem\",\"position\":3,\"name\":\"Protecting our Democracy and Fixing the Senate\"}]},{\"@type\":\"WebSite\",\"@id\":\"https:\/\/www.merkley.senate.gov\/#website\",\"url\":\"https:\/\/www.merkley.senate.gov\/\",\"name\":\"Merkley\",\"description\":\"Merkley\",\"potentialAction\":[{\"@type\":\"SearchAction\",\"target\":{\"@type\":\"EntryPoint\",\"urlTemplate\":\"https:\/\/www.merkley.senate.gov\/?s={search_term_string}\"},\"query-input\":{\"@type\":\"PropertyValueSpecification\",\"valueRequired\":true,\"valueName\":\"search_term_string\"}}],\"inLanguage\":\"es-MX\"}]}<\/script>\n<!-- \/ Yoast SEO plugin. -->","yoast_head_json":{"title":"Protecting our Democracy and Fixing the Senate - Merkley","robots":{"index":"index","follow":"follow","max-snippet":"max-snippet:-1","max-image-preview":"max-image-preview:large","max-video-preview":"max-video-preview:-1"},"canonical":"https:\/\/www.merkley.senate.gov\/es\/legislative-priorities\/protecting-our-democracy-and-fixing-the-senate\/","og_locale":"es_MX","og_type":"article","og_title":"Protecting our Democracy and Fixing the Senate - Merkley","og_url":"https:\/\/www.merkley.senate.gov\/es\/legislative-priorities\/protecting-our-democracy-and-fixing-the-senate\/","og_site_name":"Merkley","article_modified_time":"2023-09-05T19:14:27+00:00","twitter_card":"summary_large_image","schema":{"@context":"https:\/\/schema.org","@graph":[{"@type":"WebPage","@id":"https:\/\/www.merkley.senate.gov\/legislative-priorities\/protecting-our-democracy-and-fixing-the-senate\/","url":"https:\/\/www.merkley.senate.gov\/legislative-priorities\/protecting-our-democracy-and-fixing-the-senate\/","name":"Protecting our Democracy and Fixing the Senate - Merkley","isPartOf":{"@id":"https:\/\/www.merkley.senate.gov\/#website"},"datePublished":"2023-08-02T18:06:53+00:00","dateModified":"2023-09-05T19:14:27+00:00","breadcrumb":{"@id":"https:\/\/www.merkley.senate.gov\/legislative-priorities\/protecting-our-democracy-and-fixing-the-senate\/#breadcrumb"},"inLanguage":"es-MX","potentialAction":[{"@type":"ReadAction","target":["https:\/\/www.merkley.senate.gov\/legislative-priorities\/protecting-our-democracy-and-fixing-the-senate\/"]}]},{"@type":"BreadcrumbList","@id":"https:\/\/www.merkley.senate.gov\/legislative-priorities\/protecting-our-democracy-and-fixing-the-senate\/#breadcrumb","itemListElement":[{"@type":"ListItem","position":1,"name":"Home","item":"https:\/\/www.merkley.senate.gov\/"},{"@type":"ListItem","position":2,"name":"Legislative Priorities","item":"https:\/\/www.merkley.senate.gov\/legislative-priorities\/"},{"@type":"ListItem","position":3,"name":"Protecting our Democracy and Fixing the Senate"}]},{"@type":"WebSite","@id":"https:\/\/www.merkley.senate.gov\/#website","url":"https:\/\/www.merkley.senate.gov\/","name":"merkley","description":"merkley","potentialAction":[{"@type":"SearchAction","target":{"@type":"EntryPoint","urlTemplate":"https:\/\/www.merkley.senate.gov\/?s={search_term_string}"},"query-input":{"@type":"PropertyValueSpecification","valueRequired":true,"valueName":"search_term_string"}}],"inLanguage":"es-MX"}]}},"_links":{"self":[{"href":"https:\/\/www.merkley.senate.gov\/es\/wp-json\/wp\/v2\/pages\/17323","targetHints":{"allow":["GET"]}}],"collection":[{"href":"https:\/\/www.merkley.senate.gov\/es\/wp-json\/wp\/v2\/pages"}],"about":[{"href":"https:\/\/www.merkley.senate.gov\/es\/wp-json\/wp\/v2\/types\/page"}],"author":[{"embeddable":true,"href":"https:\/\/www.merkley.senate.gov\/es\/wp-json\/wp\/v2\/users\/6"}],"replies":[{"embeddable":true,"href":"https:\/\/www.merkley.senate.gov\/es\/wp-json\/wp\/v2\/comments?post=17323"}],"version-history":[{"count":13,"href":"https:\/\/www.merkley.senate.gov\/es\/wp-json\/wp\/v2\/pages\/17323\/revisions"}],"predecessor-version":[{"id":17638,"href":"https:\/\/www.merkley.senate.gov\/es\/wp-json\/wp\/v2\/pages\/17323\/revisions\/17638"}],"up":[{"embeddable":true,"href":"https:\/\/www.merkley.senate.gov\/es\/wp-json\/wp\/v2\/pages\/609"}],"wp:attachment":[{"href":"https:\/\/www.merkley.senate.gov\/es\/wp-json\/wp\/v2\/media?parent=17323"}],"curies":[{"name":"wp","href":"https:\/\/api.w.org\/{rel}","templated":true}]}}