{"id":17329,"date":"2023-08-02T14:09:31","date_gmt":"2023-08-02T18:09:31","guid":{"rendered":"https:\/\/www.merkley.senate.gov\/?page_id=17329"},"modified":"2023-09-05T15:13:34","modified_gmt":"2023-09-05T19:13:34","slug":"responding-to-and-recovering-from-wildfire-and-drought","status":"publish","type":"page","link":"https:\/\/www.merkley.senate.gov\/es\/legislative-priorities\/responding-to-and-recovering-from-wildfire-and-drought\/","title":{"rendered":"Responder y recuperarse de incendios forestales y sequ\u00edas"},"content":{"rendered":"<div data-elementor-type=\"wp-page\" data-elementor-id=\"17329\" class=\"elementor elementor-17329\" data-elementor-post-type=\"page\">\n\t\t\t\t\t\t<section class=\"elementor-section elementor-top-section elementor-element elementor-element-d669cd8 elementor-section-boxed elementor-section-height-default elementor-section-height-default\" data-id=\"d669cd8\" data-element_type=\"section\" data-e-type=\"section\">\n\t\t\t\t\t\t<div class=\"elementor-container elementor-column-gap-default\">\n\t\t\t\t\t<div class=\"elementor-column elementor-col-100 elementor-top-column elementor-element elementor-element-c3bae85\" data-id=\"c3bae85\" data-element_type=\"column\" data-e-type=\"column\">\n\t\t\t<div class=\"elementor-widget-wrap elementor-element-populated\">\n\t\t\t\t\t\t<div class=\"elementor-element elementor-element-e0336e2 elementor-grid-1 elementor-posts--thumbnail-none elementor-grid-tablet-2 elementor-grid-mobile-1 elementor-widget elementor-widget-posts\" data-id=\"e0336e2\" data-element_type=\"widget\" data-e-type=\"widget\" data-settings=\"{&quot;classic_columns&quot;:&quot;1&quot;,&quot;classic_row_gap&quot;:{&quot;unit&quot;:&quot;px&quot;,&quot;size&quot;:45,&quot;sizes&quot;:[]},&quot;pagination_type&quot;:&quot;numbers_and_prev_next&quot;,&quot;classic_columns_tablet&quot;:&quot;2&quot;,&quot;classic_columns_mobile&quot;:&quot;1&quot;,&quot;classic_row_gap_laptop&quot;:{&quot;unit&quot;:&quot;px&quot;,&quot;size&quot;:&quot;&quot;,&quot;sizes&quot;:[]},&quot;classic_row_gap_tablet_extra&quot;:{&quot;unit&quot;:&quot;px&quot;,&quot;size&quot;:&quot;&quot;,&quot;sizes&quot;:[]},&quot;classic_row_gap_tablet&quot;:{&quot;unit&quot;:&quot;px&quot;,&quot;size&quot;:&quot;&quot;,&quot;sizes&quot;:[]},&quot;classic_row_gap_mobile_extra&quot;:{&quot;unit&quot;:&quot;px&quot;,&quot;size&quot;:&quot;&quot;,&quot;sizes&quot;:[]},&quot;classic_row_gap_mobile&quot;:{&quot;unit&quot;:&quot;px&quot;,&quot;size&quot;:&quot;&quot;,&quot;sizes&quot;:[]}}\" data-widget_type=\"posts.classic\">\n\t\t\t\t<div class=\"elementor-widget-container\">\n\t\t\t\t\t\t\t<div class=\"elementor-posts-container elementor-posts elementor-posts--skin-classic elementor-grid\" role=\"list\">\n\t\t\t\t<article class=\"elementor-post elementor-grid-item post-24526 post type-post status-publish format-standard has-post-thumbnail hentry category-press-releases tag-delivering-for-oregon tag-responding-to-and-recovering-from-wildfire-and-drought tag-tackling-climate-change\" role=\"listitem\">\n\t\t\t\t<div class=\"elementor-post__text\">\n\t\t\t\t<h2 class=\"elementor-post__title\">\n\t\t\t<a href=\"https:\/\/www.merkley.senate.gov\/es\/merkley-wyden-hoyle-bynum-salinas-announce-over-7-5-million-to-strengthen-and-defend-oregon-communities-facing-wildfire-threats\/\" >\n\t\t\t\tMerkley, Wyden, Hoyle,\u00a0Bynum,\u00a0Salinas\u00a0Announce\u00a0Over $7.5\u00a0Million\u00a0to\u00a0Strengthen and Defend Oregon Communities\u00a0Facing\u00a0Wildfire Threats\u00a0\t\t\t<\/a>\n\t\t<\/h2>\n\t\t\t\t<div class=\"elementor-post__meta-data\">\n\t\t\t\t\t<span class=\"elementor-post-date\">\n\t\t\tMay 1, 2026\t\t<\/span>\n\t\t\t\t<\/div>\n\t\t\t\t<div class=\"elementor-post__excerpt\">\n\t\t\t<p>Washington, D.C.&nbsp;\u2013&nbsp;Today,&nbsp;Oregon\u2019s U.S. Senators Jeff Merkley and Ron Wyden, along with U.S. Representatives&nbsp;Val Hoyle (OR-04),&nbsp;Janelle Bynum&nbsp;(OR-05), and&nbsp;Andrea Salinas&nbsp;(OR-06),&nbsp;announced $7,538,176&nbsp;is coming to&nbsp;four&nbsp;projects&nbsp;in&nbsp;Oregon&nbsp;to help make&nbsp;communities more resilient to severe wildfires. These&nbsp;investments from&nbsp;the Federal Emergency Management Agency (FEMA) will support&nbsp;disaster relief efforts and mitigate&nbsp;wildfire risk, protecting homes, businesses, and infrastructure in Oregon.&nbsp; For<\/p>\n\t\t<\/div>\n\t\t\n\t\t<a class=\"elementor-post__read-more\" href=\"https:\/\/www.merkley.senate.gov\/es\/merkley-wyden-hoyle-bynum-salinas-announce-over-7-5-million-to-strengthen-and-defend-oregon-communities-facing-wildfire-threats\/\" aria-label=\"Read more about Merkley, Wyden, Hoyle,\u00a0Bynum,\u00a0Salinas\u00a0Announce\u00a0Over $7.5\u00a0Million\u00a0to\u00a0Strengthen and Defend Oregon Communities\u00a0Facing\u00a0Wildfire Threats\u00a0\" tabindex=\"-1\" >\n\t\t\t<i aria-hidden=\"true\" class=\"fal fa-chevron-circle-right\"><\/i>\t\t<\/a>\n\n\t\t\t\t<\/div>\n\t\t\t\t<\/article>\n\t\t\t\t<article class=\"elementor-post elementor-grid-item post-24516 post type-post status-publish format-standard has-post-thumbnail hentry category-press-releases tag-agriculture tag-appropriations tag-natural-resources-and-rural-development tag-tackling-climate-change tag-wildfire\" role=\"listitem\">\n\t\t\t\t<div class=\"elementor-post__text\">\n\t\t\t\t<h2 class=\"elementor-post__title\">\n\t\t\t<a href=\"https:\/\/www.merkley.senate.gov\/es\/merkley-remarks-at-fy27-forest-service-budget-hearing-with-chief-schultz\/\" >\n\t\t\t\tMerkley Remarks at FY27 Forest Service Budget Hearing with Chief Schultz\t\t\t<\/a>\n\t\t<\/h2>\n\t\t\t\t<div class=\"elementor-post__meta-data\">\n\t\t\t\t\t<span class=\"elementor-post-date\">\n\t\t\tApril 30, 2026\t\t<\/span>\n\t\t\t\t<\/div>\n\t\t\t\t<div class=\"elementor-post__excerpt\">\n\t\t\t<p>Washington, D.C. \u2013 Today, Oregon\u2019s U.S. Senator Jeff Merkley\u2014the Ranking Member of the Senate Interior-Environment Appropriations Subcommittee\u2014delivered the following remarks as prepared for delivery at the hearing reviewing the President\u2019s Fiscal Year 2027 budget request for the U.S. Forest Service with Chief Tom Schultz: Senator Merkley\u2019s remarks, as prepared for<\/p>\n\t\t<\/div>\n\t\t\n\t\t<a class=\"elementor-post__read-more\" href=\"https:\/\/www.merkley.senate.gov\/es\/merkley-remarks-at-fy27-forest-service-budget-hearing-with-chief-schultz\/\" aria-label=\"Read more about Merkley Remarks at FY27 Forest Service Budget Hearing with Chief Schultz\" tabindex=\"-1\" >\n\t\t\t<i aria-hidden=\"true\" class=\"fal fa-chevron-circle-right\"><\/i>\t\t<\/a>\n\n\t\t\t\t<\/div>\n\t\t\t\t<\/article>\n\t\t\t\t<article class=\"elementor-post elementor-grid-item post-24457 post type-post status-publish format-standard has-post-thumbnail hentry category-press-releases tag-delivering-for-oregon tag-natural-resources-and-rural-development tag-tackling-climate-change tag-wildfire\" role=\"listitem\">\n\t\t\t\t<div class=\"elementor-post__text\">\n\t\t\t\t<h2 class=\"elementor-post__title\">\n\t\t\t<a href=\"https:\/\/www.merkley.senate.gov\/es\/merkley-wyden-colleagues-raise-concerns-about-forest-service-reorganization\/\" >\n\t\t\t\tMerkley, Wyden y sus colegas expresan su preocupaci\u00f3n por la reorganizaci\u00f3n del Servicio Forestal.\t\t\t<\/a>\n\t\t<\/h2>\n\t\t\t\t<div class=\"elementor-post__meta-data\">\n\t\t\t\t\t<span class=\"elementor-post-date\">\n\t\t\t23 de abril de 2026\t\t<\/span>\n\t\t\t\t<\/div>\n\t\t\t\t<div class=\"elementor-post__excerpt\">\n\t\t\t<p>Washington, DC \u2013 El senador estadounidense de Oreg\u00f3n, Jeff Merkley, miembro de mayor rango del Subcomit\u00e9 de Asignaciones del Senado para Interior, Medio Ambiente y Agencias Relacionadas, encabez\u00f3 a m\u00e1s de 30 de sus colegas, incluido el senador Ron Wyden, para expresar serias preocupaciones sobre la reorganizaci\u00f3n del Servicio Forestal de los Estados Unidos ante el Departamento de Agricultura de los Estados Unidos. \u201cEscribimos con<\/p>\n\t\t<\/div>\n\t\t\n\t\t<a class=\"elementor-post__read-more\" href=\"https:\/\/www.merkley.senate.gov\/es\/merkley-wyden-colleagues-raise-concerns-about-forest-service-reorganization\/\" aria-label=\"Read more about Merkley, Wyden, Colleagues Raise Concerns about Forest Service Reorganization\" tabindex=\"-1\" >\n\t\t\t<i aria-hidden=\"true\" class=\"fal fa-chevron-circle-right\"><\/i>\t\t<\/a>\n\n\t\t\t\t<\/div>\n\t\t\t\t<\/article>\n\t\t\t\t<article class=\"elementor-post elementor-grid-item post-24410 post type-post status-publish format-standard has-post-thumbnail hentry category-press-releases tag-delivering-for-oregon tag-education tag-responding-to-and-recovering-from-wildfire-and-drought\" role=\"listitem\">\n\t\t\t\t<div class=\"elementor-post__text\">\n\t\t\t\t<h2 class=\"elementor-post__title\">\n\t\t\t<a href=\"https:\/\/www.merkley.senate.gov\/es\/wyden-merkley-announce-more-than-48-million-in-secure-rural-schools-funds-for-oregon-counties\/\" >\n\t\t\t\tWyden, Merkley Announce More than $48 Million in Secure Rural Schools Funds for Oregon Counties\t\t\t<\/a>\n\t\t<\/h2>\n\t\t\t\t<div class=\"elementor-post__meta-data\">\n\t\t\t\t\t<span class=\"elementor-post-date\">\n\t\t\tApril 15, 2026\t\t<\/span>\n\t\t\t\t<\/div>\n\t\t\t\t<div class=\"elementor-post__excerpt\">\n\t\t\t<p>Funding comes after passage of Wyden\/Merkley\/Crapo\/Risch bill to reauthorize Secure Rural Schools Program Washington, D.C. \u2013 U.S. Senators Ron Wyden and Jeff Merkley today announced that nearly $48.7 million in federal funding from the U.S. Forest Service for fiscal year 2025 will be coming to Oregon counties following the passage<\/p>\n\t\t<\/div>\n\t\t\n\t\t<a class=\"elementor-post__read-more\" href=\"https:\/\/www.merkley.senate.gov\/es\/wyden-merkley-announce-more-than-48-million-in-secure-rural-schools-funds-for-oregon-counties\/\" aria-label=\"Read more about Wyden, Merkley Announce More than $48 Million in Secure Rural Schools Funds for Oregon Counties\" tabindex=\"-1\" >\n\t\t\t<i aria-hidden=\"true\" class=\"fal fa-chevron-circle-right\"><\/i>\t\t<\/a>\n\n\t\t\t\t<\/div>\n\t\t\t\t<\/article>\n\t\t\t\t<article class=\"elementor-post elementor-grid-item post-24366 post type-post status-publish format-standard has-post-thumbnail hentry category-press-releases tag-agriculture tag-appropriations tag-bipartisan-actions tag-delivering-for-oregon tag-drought tag-foreign-policy-and-national-security tag-natural-resources-and-rural-development tag-tackling-climate-change\" role=\"listitem\">\n\t\t\t\t<div class=\"elementor-post__text\">\n\t\t\t\t<h2 class=\"elementor-post__title\">\n\t\t\t<a href=\"https:\/\/www.merkley.senate.gov\/es\/merkley-leads-bipartisan-legislation-to-cut-red-tape-and-invest-in-watershed-projects-due-to-extreme-drought\/\" >\n\t\t\t\tMerkley Leads Bipartisan Legislation to Cut Red Tape and Invest in Watershed Projects Due to Extreme Drought\t\t\t<\/a>\n\t\t<\/h2>\n\t\t\t\t<div class=\"elementor-post__meta-data\">\n\t\t\t\t\t<span class=\"elementor-post-date\">\n\t\t\tApril 8, 2026\t\t<\/span>\n\t\t\t\t<\/div>\n\t\t\t\t<div class=\"elementor-post__excerpt\">\n\t\t\t<p>Washington, D.C. \u2014 Oregon\u2019s U.S. Senator Jeff Merkley\u2014the former Ranking Member on the Appropriations subcommittee that writes our nation\u2019s agriculture funding bill\u2014partnered with&nbsp;U.S. Senators Michael Bennet (D-CO) and Deb Fischer (R-NE) to reintroduce the&nbsp;Healthy Watersheds, Healthy Communities Act. This bipartisan bill would increase the resiliency of American agriculture and communities<\/p>\n\t\t<\/div>\n\t\t\n\t\t<a class=\"elementor-post__read-more\" href=\"https:\/\/www.merkley.senate.gov\/es\/merkley-leads-bipartisan-legislation-to-cut-red-tape-and-invest-in-watershed-projects-due-to-extreme-drought\/\" aria-label=\"Read more about Merkley Leads Bipartisan Legislation to Cut Red Tape and Invest in Watershed Projects Due to Extreme Drought\" tabindex=\"-1\" >\n\t\t\t<i aria-hidden=\"true\" class=\"fal fa-chevron-circle-right\"><\/i>\t\t<\/a>\n\n\t\t\t\t<\/div>\n\t\t\t\t<\/article>\n\t\t\t\t<article class=\"elementor-post elementor-grid-item post-24246 post type-post status-publish format-standard has-post-thumbnail hentry category-press-releases tag-delivering-for-oregon tag-natural-resources-and-rural-development tag-wildfire\" role=\"listitem\">\n\t\t\t\t<div class=\"elementor-post__text\">\n\t\t\t\t<h2 class=\"elementor-post__title\">\n\t\t\t<a href=\"https:\/\/www.merkley.senate.gov\/es\/wyden-merkley-introduce-legislation-to-modernize-power-grid-lower-energy-costs-and-reduce-wildfire-risk\/\" >\n\t\t\t\tWyden, Merkley Introduce Legislation to Modernize Power Grid, Lower Energy Costs and Reduce Wildfire Risk\t\t\t<\/a>\n\t\t<\/h2>\n\t\t\t\t<div class=\"elementor-post__meta-data\">\n\t\t\t\t\t<span class=\"elementor-post-date\">\n\t\t\tMarch 25, 2026\t\t<\/span>\n\t\t\t\t<\/div>\n\t\t\t\t<div class=\"elementor-post__excerpt\">\n\t\t\t<p>WATCH: Wyden unveils legislation at Senate Energy and Natural Resources Committee hearing on power grid resilience Washington, D.C. \u2013 U.S. Senators Ron Wyden and Jeff Merkley today introduced legislation that would overhaul aging power line infrastructure and improve efficiency in order to bring down energy costs and reduce wildfire risks<\/p>\n\t\t<\/div>\n\t\t\n\t\t<a class=\"elementor-post__read-more\" href=\"https:\/\/www.merkley.senate.gov\/es\/wyden-merkley-introduce-legislation-to-modernize-power-grid-lower-energy-costs-and-reduce-wildfire-risk\/\" aria-label=\"Read more about Wyden, Merkley Introduce Legislation to Modernize Power Grid, Lower Energy Costs and Reduce Wildfire Risk\" tabindex=\"-1\" >\n\t\t\t<i aria-hidden=\"true\" class=\"fal fa-chevron-circle-right\"><\/i>\t\t<\/a>\n\n\t\t\t\t<\/div>\n\t\t\t\t<\/article>\n\t\t\t\t<\/div>\n\t\t\n\t\t\t\t<div class=\"e-load-more-anchor\" data-page=\"1\" data-max-page=\"15\" data-next-page=\"https:\/\/www.merkley.senate.gov\/es\/wp-json\/wp\/v2\/pages\/17329\/page\/2\/\"><\/div>\n\t\t\t\t<nav class=\"elementor-pagination\" aria-label=\"Pagination\">\n\t\t\t<span class=\"page-numbers prev\">&quot; Anterior<\/span>\n<span aria-current=\"page\" class=\"page-numbers current\"><span class=\"elementor-screen-only\">P\u00e1gina<\/span>1<\/span>\n<a class=\"page-numbers\" href=\"https:\/\/www.merkley.senate.gov\/es\/wp-json\/wp\/v2\/pages\/17329\/page\/2\/\"><span class=\"elementor-screen-only\">P\u00e1gina<\/span>2<\/a>\n<a class=\"page-numbers\" href=\"https:\/\/www.merkley.senate.gov\/es\/wp-json\/wp\/v2\/pages\/17329\/page\/3\/\"><span class=\"elementor-screen-only\">P\u00e1gina<\/span>3<\/a>\n<span class=\"page-numbers dots\">\u2026<\/span>\n<a class=\"page-numbers\" href=\"https:\/\/www.merkley.senate.gov\/es\/wp-json\/wp\/v2\/pages\/17329\/page\/15\/\"><span class=\"elementor-screen-only\">P\u00e1gina<\/span>15<\/a>\n<a class=\"page-numbers next\" href=\"https:\/\/www.merkley.senate.gov\/es\/wp-json\/wp\/v2\/pages\/17329\/page\/2\/\">Pr\u00f3ximo &quot;<\/a>\t\t<\/nav>\n\t\t\t\t\t\t<\/div>\n\t\t\t\t<\/div>\n\t\t\t\t\t<\/div>\n\t\t<\/div>\n\t\t\t\t\t<\/div>\n\t\t<\/section>\n\t\t\t\t<\/div>","protected":false},"excerpt":{"rendered":"","protected":false},"author":6,"featured_media":0,"parent":609,"menu_order":0,"comment_status":"closed","ping_status":"closed","template":"","meta":{"_acf_changed":false,"inline_featured_image":false,"footnotes":""},"class_list":["post-17329","page","type-page","status-publish","hentry"],"acf":[],"yoast_head":"<!-- This site is optimized with the Yoast SEO plugin v27.2 - https:\/\/yoast.com\/product\/yoast-seo-wordpress\/ -->\n<title>Responding to and Recovering from Wildfire and Drought - Merkley<\/title>\n<meta name=\"robots\" content=\"index, follow, max-snippet:-1, max-image-preview:large, max-video-preview:-1\" \/>\n<link rel=\"canonical\" href=\"https:\/\/www.merkley.senate.gov\/es\/legislative-priorities\/responding-to-and-recovering-from-wildfire-and-drought\/\" \/>\n<meta property=\"og:locale\" content=\"es_MX\" \/>\n<meta property=\"og:type\" content=\"article\" \/>\n<meta property=\"og:title\" content=\"Responding to and Recovering from Wildfire and Drought - Merkley\" \/>\n<meta property=\"og:url\" content=\"https:\/\/www.merkley.senate.gov\/es\/legislative-priorities\/responding-to-and-recovering-from-wildfire-and-drought\/\" \/>\n<meta property=\"og:site_name\" content=\"Merkley\" \/>\n<meta property=\"article:modified_time\" content=\"2023-09-05T19:13:34+00:00\" \/>\n<meta name=\"twitter:card\" content=\"summary_large_image\" \/>\n<script type=\"application\/ld+json\" class=\"yoast-schema-graph\">{\"@context\":\"https:\/\/schema.org\",\"@graph\":[{\"@type\":\"WebPage\",\"@id\":\"https:\/\/www.merkley.senate.gov\/legislative-priorities\/responding-to-and-recovering-from-wildfire-and-drought\/\",\"url\":\"https:\/\/www.merkley.senate.gov\/legislative-priorities\/responding-to-and-recovering-from-wildfire-and-drought\/\",\"name\":\"Responding to and Recovering from Wildfire and Drought - Merkley\",\"isPartOf\":{\"@id\":\"https:\/\/www.merkley.senate.gov\/#website\"},\"datePublished\":\"2023-08-02T18:09:31+00:00\",\"dateModified\":\"2023-09-05T19:13:34+00:00\",\"breadcrumb\":{\"@id\":\"https:\/\/www.merkley.senate.gov\/legislative-priorities\/responding-to-and-recovering-from-wildfire-and-drought\/#breadcrumb\"},\"inLanguage\":\"es-MX\",\"potentialAction\":[{\"@type\":\"ReadAction\",\"target\":[\"https:\/\/www.merkley.senate.gov\/legislative-priorities\/responding-to-and-recovering-from-wildfire-and-drought\/\"]}]},{\"@type\":\"BreadcrumbList\",\"@id\":\"https:\/\/www.merkley.senate.gov\/legislative-priorities\/responding-to-and-recovering-from-wildfire-and-drought\/#breadcrumb\",\"itemListElement\":[{\"@type\":\"ListItem\",\"position\":1,\"name\":\"Home\",\"item\":\"https:\/\/www.merkley.senate.gov\/\"},{\"@type\":\"ListItem\",\"position\":2,\"name\":\"Legislative Priorities\",\"item\":\"https:\/\/www.merkley.senate.gov\/legislative-priorities\/\"},{\"@type\":\"ListItem\",\"position\":3,\"name\":\"Responding to and Recovering from Wildfire and Drought\"}]},{\"@type\":\"WebSite\",\"@id\":\"https:\/\/www.merkley.senate.gov\/#website\",\"url\":\"https:\/\/www.merkley.senate.gov\/\",\"name\":\"Merkley\",\"description\":\"Merkley\",\"potentialAction\":[{\"@type\":\"SearchAction\",\"target\":{\"@type\":\"EntryPoint\",\"urlTemplate\":\"https:\/\/www.merkley.senate.gov\/?s={search_term_string}\"},\"query-input\":{\"@type\":\"PropertyValueSpecification\",\"valueRequired\":true,\"valueName\":\"search_term_string\"}}],\"inLanguage\":\"es-MX\"}]}<\/script>\n<!-- \/ Yoast SEO plugin. -->","yoast_head_json":{"title":"Responding to and Recovering from Wildfire and Drought - Merkley","robots":{"index":"index","follow":"follow","max-snippet":"max-snippet:-1","max-image-preview":"max-image-preview:large","max-video-preview":"max-video-preview:-1"},"canonical":"https:\/\/www.merkley.senate.gov\/es\/legislative-priorities\/responding-to-and-recovering-from-wildfire-and-drought\/","og_locale":"es_MX","og_type":"article","og_title":"Responding to and Recovering from Wildfire and Drought - Merkley","og_url":"https:\/\/www.merkley.senate.gov\/es\/legislative-priorities\/responding-to-and-recovering-from-wildfire-and-drought\/","og_site_name":"Merkley","article_modified_time":"2023-09-05T19:13:34+00:00","twitter_card":"summary_large_image","schema":{"@context":"https:\/\/schema.org","@graph":[{"@type":"WebPage","@id":"https:\/\/www.merkley.senate.gov\/legislative-priorities\/responding-to-and-recovering-from-wildfire-and-drought\/","url":"https:\/\/www.merkley.senate.gov\/legislative-priorities\/responding-to-and-recovering-from-wildfire-and-drought\/","name":"Responding to and Recovering from Wildfire and Drought - Merkley","isPartOf":{"@id":"https:\/\/www.merkley.senate.gov\/#website"},"datePublished":"2023-08-02T18:09:31+00:00","dateModified":"2023-09-05T19:13:34+00:00","breadcrumb":{"@id":"https:\/\/www.merkley.senate.gov\/legislative-priorities\/responding-to-and-recovering-from-wildfire-and-drought\/#breadcrumb"},"inLanguage":"es-MX","potentialAction":[{"@type":"ReadAction","target":["https:\/\/www.merkley.senate.gov\/legislative-priorities\/responding-to-and-recovering-from-wildfire-and-drought\/"]}]},{"@type":"BreadcrumbList","@id":"https:\/\/www.merkley.senate.gov\/legislative-priorities\/responding-to-and-recovering-from-wildfire-and-drought\/#breadcrumb","itemListElement":[{"@type":"ListItem","position":1,"name":"Home","item":"https:\/\/www.merkley.senate.gov\/"},{"@type":"ListItem","position":2,"name":"Legislative Priorities","item":"https:\/\/www.merkley.senate.gov\/legislative-priorities\/"},{"@type":"ListItem","position":3,"name":"Responding to and Recovering from Wildfire and Drought"}]},{"@type":"WebSite","@id":"https:\/\/www.merkley.senate.gov\/#website","url":"https:\/\/www.merkley.senate.gov\/","name":"merkley","description":"merkley","potentialAction":[{"@type":"SearchAction","target":{"@type":"EntryPoint","urlTemplate":"https:\/\/www.merkley.senate.gov\/?s={search_term_string}"},"query-input":{"@type":"PropertyValueSpecification","valueRequired":true,"valueName":"search_term_string"}}],"inLanguage":"es-MX"}]}},"_links":{"self":[{"href":"https:\/\/www.merkley.senate.gov\/es\/wp-json\/wp\/v2\/pages\/17329","targetHints":{"allow":["GET"]}}],"collection":[{"href":"https:\/\/www.merkley.senate.gov\/es\/wp-json\/wp\/v2\/pages"}],"about":[{"href":"https:\/\/www.merkley.senate.gov\/es\/wp-json\/wp\/v2\/types\/page"}],"author":[{"embeddable":true,"href":"https:\/\/www.merkley.senate.gov\/es\/wp-json\/wp\/v2\/users\/6"}],"replies":[{"embeddable":true,"href":"https:\/\/www.merkley.senate.gov\/es\/wp-json\/wp\/v2\/comments?post=17329"}],"version-history":[{"count":13,"href":"https:\/\/www.merkley.senate.gov\/es\/wp-json\/wp\/v2\/pages\/17329\/revisions"}],"predecessor-version":[{"id":17635,"href":"https:\/\/www.merkley.senate.gov\/es\/wp-json\/wp\/v2\/pages\/17329\/revisions\/17635"}],"up":[{"embeddable":true,"href":"https:\/\/www.merkley.senate.gov\/es\/wp-json\/wp\/v2\/pages\/609"}],"wp:attachment":[{"href":"https:\/\/www.merkley.senate.gov\/es\/wp-json\/wp\/v2\/media?parent=17329"}],"curies":[{"name":"wp","href":"https:\/\/api.w.org\/{rel}","templated":true}]}}