{"id":7617,"date":"2023-07-19T15:16:24","date_gmt":"2023-07-19T19:16:24","guid":{"rendered":"https:\/\/www.merkley.senate.gov\/?page_id=7617"},"modified":"2023-07-24T11:32:43","modified_gmt":"2023-07-24T15:32:43","slug":"civil-rights-2","status":"publish","type":"page","link":"https:\/\/www.merkley.senate.gov\/es\/about\/issues\/civil-rights-2\/","title":{"rendered":"Derechos civiles"},"content":{"rendered":"<div data-elementor-type=\"wp-page\" data-elementor-id=\"7617\" class=\"elementor elementor-7617\" data-elementor-post-type=\"page\">\n\t\t\t\t\t\t<section class=\"elementor-section elementor-top-section elementor-element elementor-element-1f910512 elementor-section-boxed elementor-section-height-default elementor-section-height-default\" data-id=\"1f910512\" data-element_type=\"section\" data-e-type=\"section\">\n\t\t\t\t\t\t<div class=\"elementor-container elementor-column-gap-default\">\n\t\t\t\t\t<div class=\"elementor-column elementor-col-100 elementor-top-column elementor-element elementor-element-598701b4\" data-id=\"598701b4\" data-element_type=\"column\" data-e-type=\"column\">\n\t\t\t<div class=\"elementor-widget-wrap elementor-element-populated\">\n\t\t\t\t\t\t<div class=\"elementor-element elementor-element-354fe26d elementor-widget elementor-widget-text-editor\" data-id=\"354fe26d\" data-element_type=\"widget\" data-e-type=\"widget\" data-widget_type=\"text-editor.default\">\n\t\t\t\t<div class=\"elementor-widget-container\">\n\t\t\t\t\t\t\t\t\t\n<p>Jeff est\u00e1 comprometido con la protecci\u00f3n de los derechos y libertades de todos los estadounidenses. Desde su creaci\u00f3n, nuestra naci\u00f3n ha recorrido un largo camino hacia la igualdad y la justicia, pero a\u00fan queda mucho trabajo por hacer. Todos los estadounidenses merecen la oportunidad de vivir, trabajar y tener \u00e9xito sin sufrir discriminaci\u00f3n.<\/p>\n\t\t\t\t\t\t\t\t<\/div>\n\t\t\t\t<\/div>\n\t\t\t\t\t<\/div>\n\t\t<\/div>\n\t\t\t\t\t<\/div>\n\t\t<\/section>\n\t\t\t\t<section class=\"elementor-section elementor-top-section elementor-element elementor-element-7804aca elementor-section-boxed elementor-section-height-default elementor-section-height-default\" data-id=\"7804aca\" data-element_type=\"section\" data-e-type=\"section\">\n\t\t\t\t\t\t<div class=\"elementor-container elementor-column-gap-default\">\n\t\t\t\t\t<div class=\"elementor-column elementor-col-100 elementor-top-column elementor-element elementor-element-b3897bc\" data-id=\"b3897bc\" data-element_type=\"column\" data-e-type=\"column\">\n\t\t\t<div class=\"elementor-widget-wrap elementor-element-populated\">\n\t\t\t\t\t\t<div class=\"elementor-element elementor-element-a5616ad elementor-grid-1 elementor-posts--thumbnail-none elementor-grid-tablet-2 elementor-grid-mobile-1 elementor-widget elementor-widget-posts\" data-id=\"a5616ad\" data-element_type=\"widget\" data-e-type=\"widget\" data-settings=\"{&quot;classic_columns&quot;:&quot;1&quot;,&quot;classic_row_gap&quot;:{&quot;unit&quot;:&quot;px&quot;,&quot;size&quot;:45,&quot;sizes&quot;:[]},&quot;pagination_type&quot;:&quot;numbers&quot;,&quot;classic_columns_tablet&quot;:&quot;2&quot;,&quot;classic_columns_mobile&quot;:&quot;1&quot;,&quot;classic_row_gap_laptop&quot;:{&quot;unit&quot;:&quot;px&quot;,&quot;size&quot;:&quot;&quot;,&quot;sizes&quot;:[]},&quot;classic_row_gap_tablet_extra&quot;:{&quot;unit&quot;:&quot;px&quot;,&quot;size&quot;:&quot;&quot;,&quot;sizes&quot;:[]},&quot;classic_row_gap_tablet&quot;:{&quot;unit&quot;:&quot;px&quot;,&quot;size&quot;:&quot;&quot;,&quot;sizes&quot;:[]},&quot;classic_row_gap_mobile_extra&quot;:{&quot;unit&quot;:&quot;px&quot;,&quot;size&quot;:&quot;&quot;,&quot;sizes&quot;:[]},&quot;classic_row_gap_mobile&quot;:{&quot;unit&quot;:&quot;px&quot;,&quot;size&quot;:&quot;&quot;,&quot;sizes&quot;:[]}}\" data-widget_type=\"posts.classic\">\n\t\t\t\t<div class=\"elementor-widget-container\">\n\t\t\t\t\t\t\t<div class=\"elementor-posts-container elementor-posts elementor-posts--skin-classic elementor-grid\" role=\"list\">\n\t\t\t\t<article class=\"elementor-post elementor-grid-item post-25264 post type-post status-publish format-standard has-post-thumbnail hentry category-press-releases tag-civil-rights tag-education tag-lgbtq-rights\" role=\"listitem\">\n\t\t\t\t<div class=\"elementor-post__text\">\n\t\t\t\t<h2 class=\"elementor-post__title\">\n\t\t\t<a href=\"https:\/\/www.merkley.senate.gov\/es\/179-members-of-congress-urge-supreme-court-to-protect-preschoolers-from-discrimination\/\" >\n\t\t\t\t179 Members of Congress Urge Supreme Court to Protect Preschoolers from Discrimination\u00a0\t\t\t<\/a>\n\t\t<\/h2>\n\t\t\t\t<div class=\"elementor-post__meta-data\">\n\t\t\t\t\t<span class=\"elementor-post-date\">\n\t\t\tAugust 24, 2026\t\t<\/span>\n\t\t\t\t<\/div>\n\t\t\t\t<div class=\"elementor-post__excerpt\">\n\t\t\t<p>CEC Chair Rep. Mark Takano: \u201cPublic dollars are for the good of the public, and this publicly-funded program\u2019s nondiscrimination policy reflects that. Washington, DC \u2014&nbsp;Today, Congressional Equality Caucus Chair Rep. Mark Takano (CA-39), Senator Tammy Baldwin (WI), and Senator Jeff Merkley (OR) led 179 Members of Congress in filing an<\/p>\n\t\t<\/div>\n\t\t\n\t\t<a class=\"elementor-post__read-more\" href=\"https:\/\/www.merkley.senate.gov\/es\/179-members-of-congress-urge-supreme-court-to-protect-preschoolers-from-discrimination\/\" aria-label=\"Read more about 179 Members of Congress Urge Supreme Court to Protect Preschoolers from Discrimination\u00a0\" tabindex=\"-1\" >\n\t\t\t<i aria-hidden=\"true\" class=\"fal fa-chevron-circle-right\"><\/i>\t\t<\/a>\n\n\t\t\t\t<\/div>\n\t\t\t\t<\/article>\n\t\t\t\t<article class=\"elementor-post elementor-grid-item post-25241 post type-post status-publish format-standard has-post-thumbnail hentry category-press-releases tag-civil-rights tag-health-care tag-protecting-consumers\" role=\"listitem\">\n\t\t\t\t<div class=\"elementor-post__text\">\n\t\t\t\t<h2 class=\"elementor-post__title\">\n\t\t\t<a href=\"https:\/\/www.merkley.senate.gov\/es\/wyden-merkley-demand-federal-agencies-stop-sharing-medicaid-data-with-ice\/\" >\n\t\t\t\tWyden, Merkley Demand Federal Agencies Stop Sharing Medicaid Data With ICE\t\t\t<\/a>\n\t\t<\/h2>\n\t\t\t\t<div class=\"elementor-post__meta-data\">\n\t\t\t\t\t<span class=\"elementor-post-date\">\n\t\t\tAugust 18, 2026\t\t<\/span>\n\t\t\t\t<\/div>\n\t\t\t\t<div class=\"elementor-post__excerpt\">\n\t\t\t<p>Washington, D.C.\u00a0\u2013 U.S. Senators Ron Wyden and Jeff Merkley today demanded that the federal departments\u00a0of Health and Human Services\u00a0(HHS)\u00a0and Homeland Security (DHS)\u00a0as well as the Centers for Medicare &amp; Medicaid Services\u00a0(CMS)\u00a0immediately stop unlawfully transferring Medicaid data to DHS and\u00a0the U.S. Immigration and Customs Enforcement (ICE). \u201cCongress has a responsibility to<\/p>\n\t\t<\/div>\n\t\t\n\t\t<a class=\"elementor-post__read-more\" href=\"https:\/\/www.merkley.senate.gov\/es\/wyden-merkley-demand-federal-agencies-stop-sharing-medicaid-data-with-ice\/\" aria-label=\"Read more about Wyden, Merkley Demand Federal Agencies Stop Sharing Medicaid Data With ICE\" tabindex=\"-1\" >\n\t\t\t<i aria-hidden=\"true\" class=\"fal fa-chevron-circle-right\"><\/i>\t\t<\/a>\n\n\t\t\t\t<\/div>\n\t\t\t\t<\/article>\n\t\t\t\t<article class=\"elementor-post elementor-grid-item post-25055 post type-post status-publish format-standard has-post-thumbnail hentry category-press-releases tag-bipartisan-actions tag-civil-rights\" role=\"listitem\">\n\t\t\t\t<div class=\"elementor-post__text\">\n\t\t\t\t<h2 class=\"elementor-post__title\">\n\t\t\t<a href=\"https:\/\/www.merkley.senate.gov\/es\/massie-khanna-leger-fernandez-merkley-lujan-introduce-the-epstein-files-transparency-act-ii\/\" >\n\t\t\t\tMassie, Khanna, Leger Fern\u00e1ndez, Merkley, Luj\u00e1n Introduce the &#8220;Epstein Files Transparency Act II&#8221;\t\t\t<\/a>\n\t\t<\/h2>\n\t\t\t\t<div class=\"elementor-post__meta-data\">\n\t\t\t\t\t<span class=\"elementor-post-date\">\n\t\t\tJuly 15, 2026\t\t<\/span>\n\t\t\t\t<\/div>\n\t\t\t\t<div class=\"elementor-post__excerpt\">\n\t\t\t<p>Washington, D.C.-\u00a0Rep. Thomas Massie announces the introduction of H.R. 9694, the\u00a0Epstein Files Transparency Act II. This bill gives standing to state attorneys general, the victims of Jeffrey Epstein and his co-conspirators, and members of Congress to challenge the Department of Justice (DOJ) in court for the DOJ&#8217;s failure to comply<\/p>\n\t\t<\/div>\n\t\t\n\t\t<a class=\"elementor-post__read-more\" href=\"https:\/\/www.merkley.senate.gov\/es\/massie-khanna-leger-fernandez-merkley-lujan-introduce-the-epstein-files-transparency-act-ii\/\" aria-label=\"Read more about Massie, Khanna, Leger Fern\u00e1ndez, Merkley, Luj\u00e1n Introduce the &#8220;Epstein Files Transparency Act II&#8221;\" tabindex=\"-1\" >\n\t\t\t<i aria-hidden=\"true\" class=\"fal fa-chevron-circle-right\"><\/i>\t\t<\/a>\n\n\t\t\t\t<\/div>\n\t\t\t\t<\/article>\n\t\t\t\t<article class=\"elementor-post elementor-grid-item post-25000 post type-post status-publish format-standard has-post-thumbnail hentry category-press-releases tag-civil-rights tag-lgbtq-rights\" role=\"listitem\">\n\t\t\t\t<div class=\"elementor-post__text\">\n\t\t\t\t<h2 class=\"elementor-post__title\">\n\t\t\t<a href=\"https:\/\/www.merkley.senate.gov\/es\/during-pride-month-merkley-wyden-colleagues-introduce-resolution-apologizing-for-government-discrimination-against-lgbtq-civil-servants-servicemembers\/\" >\n\t\t\t\tDurante el Mes del Orgullo, Merkley, Wyden y sus colegas presentan una resoluci\u00f3n pidiendo disculpas por la discriminaci\u00f3n gubernamental contra funcionarios p\u00fablicos y miembros de las fuerzas armadas LGBTQ+.\t\t\t<\/a>\n\t\t<\/h2>\n\t\t\t\t<div class=\"elementor-post__meta-data\">\n\t\t\t\t\t<span class=\"elementor-post-date\">\n\t\t\t29 de junio de 2026\t\t<\/span>\n\t\t\t\t<\/div>\n\t\t\t\t<div class=\"elementor-post__excerpt\">\n\t\t\t<p>Washington, DC \u2013 Los senadores estadounidenses de Oregon, Jeff Merkley y Ron Wyden, se unieron a una resoluci\u00f3n liderada por los senadores estadounidenses Tim Kaine (D-Va.) y Tammy Baldwin (D-Wis.) para reconocer y disculparse por el maltrato y la discriminaci\u00f3n contra las personas LGBTQ+ que han servido en las fuerzas armadas, como funcionarios p\u00fablicos o en<\/p>\n\t\t<\/div>\n\t\t\n\t\t<a class=\"elementor-post__read-more\" href=\"https:\/\/www.merkley.senate.gov\/es\/during-pride-month-merkley-wyden-colleagues-introduce-resolution-apologizing-for-government-discrimination-against-lgbtq-civil-servants-servicemembers\/\" aria-label=\"Read more about During Pride Month, Merkley, Wyden, Colleagues Introduce Resolution Apologizing for Government Discrimination Against LGBTQ+ Civil Servants, Servicemembers\" tabindex=\"-1\" >\n\t\t\t<i aria-hidden=\"true\" class=\"fal fa-chevron-circle-right\"><\/i>\t\t<\/a>\n\n\t\t\t\t<\/div>\n\t\t\t\t<\/article>\n\t\t\t\t<article class=\"elementor-post elementor-grid-item post-24881 post type-post status-publish format-standard has-post-thumbnail hentry category-press-releases tag-civil-rights tag-democracy tag-voting-rights\" role=\"listitem\">\n\t\t\t\t<div class=\"elementor-post__text\">\n\t\t\t\t<h2 class=\"elementor-post__title\">\n\t\t\t<a href=\"https:\/\/www.merkley.senate.gov\/es\/merkley-wyden-colleagues-sound-alarm-on-trump-administration-use-of-election-crimes-prosecutions-to-interfere-in-midterm-elections\/\" >\n\t\t\t\tMerkley, Wyden, Colleagues Sound Alarm on Trump Administration Use of Election Crimes Prosecutions to Interfere in Midterm Elections\t\t\t<\/a>\n\t\t<\/h2>\n\t\t\t\t<div class=\"elementor-post__meta-data\">\n\t\t\t\t\t<span class=\"elementor-post-date\">\n\t\t\tJune 12, 2026\t\t<\/span>\n\t\t\t\t<\/div>\n\t\t\t\t<div class=\"elementor-post__excerpt\">\n\t\t\t<p>Washington, D.C. \u2013 Oregon\u2019s U.S. Senators Jeff Merkley and Ron Wyden joined their Senate colleagues in demanding answers over the Trump Administration\u2019s decision to\u00a0remove\u00a0the most recent version of the\u00a0Federal Prosecution of Election Offenses\u00a0manual from the U.S. Department of Justice\u2019s (DOJ) website without explanation. In their letter to Acting Attorney General<\/p>\n\t\t<\/div>\n\t\t\n\t\t<a class=\"elementor-post__read-more\" href=\"https:\/\/www.merkley.senate.gov\/es\/merkley-wyden-colleagues-sound-alarm-on-trump-administration-use-of-election-crimes-prosecutions-to-interfere-in-midterm-elections\/\" aria-label=\"Read more about Merkley, Wyden, Colleagues Sound Alarm on Trump Administration Use of Election Crimes Prosecutions to Interfere in Midterm Elections\" tabindex=\"-1\" >\n\t\t\t<i aria-hidden=\"true\" class=\"fal fa-chevron-circle-right\"><\/i>\t\t<\/a>\n\n\t\t\t\t<\/div>\n\t\t\t\t<\/article>\n\t\t\t\t<article class=\"elementor-post elementor-grid-item post-24874 post type-post status-publish format-standard has-post-thumbnail hentry category-press-releases tag-civil-rights tag-democracy tag-voting-rights\" role=\"listitem\">\n\t\t\t\t<div class=\"elementor-post__text\">\n\t\t\t\t<h2 class=\"elementor-post__title\">\n\t\t\t<a href=\"https:\/\/www.merkley.senate.gov\/es\/merkley-padilla-lead-effort-to-fight-back-against-voter-suppression-and-misuse-of-artificial-intelligence-in-u-s-elections\/\" >\n\t\t\t\tMerkley, Padilla Lead Effort to Fight Back Against Voter Suppression and Misuse of Artificial Intelligence in U.S. Elections\t\t\t<\/a>\n\t\t<\/h2>\n\t\t\t\t<div class=\"elementor-post__meta-data\">\n\t\t\t\t\t<span class=\"elementor-post-date\">\n\t\t\tJune 11, 2026\t\t<\/span>\n\t\t\t\t<\/div>\n\t\t\t\t<div class=\"elementor-post__excerpt\">\n\t\t\t<p>Washington, D.C. \u2013 Oregon\u2019s U.S. Senator Jeff Merkley and California\u2019s U.S. Senator Alex Padilla reintroduced legislation to protect voters in the face of the rise of artificial intelligence (AI) and recent attacks on voting by the Trump Administration. The Fraudulent Artificial Intelligence Regulations (FAIR) Elections Act bans false election-related AI-generated<\/p>\n\t\t<\/div>\n\t\t\n\t\t<a class=\"elementor-post__read-more\" href=\"https:\/\/www.merkley.senate.gov\/es\/merkley-padilla-lead-effort-to-fight-back-against-voter-suppression-and-misuse-of-artificial-intelligence-in-u-s-elections\/\" aria-label=\"Read more about Merkley, Padilla Lead Effort to Fight Back Against Voter Suppression and Misuse of Artificial Intelligence in U.S. Elections\" tabindex=\"-1\" >\n\t\t\t<i aria-hidden=\"true\" class=\"fal fa-chevron-circle-right\"><\/i>\t\t<\/a>\n\n\t\t\t\t<\/div>\n\t\t\t\t<\/article>\n\t\t\t\t<\/div>\n\t\t\n\t\t\t\t<div class=\"e-load-more-anchor\" data-page=\"1\" data-max-page=\"68\" data-next-page=\"https:\/\/www.merkley.senate.gov\/es\/wp-json\/wp\/v2\/pages\/7617\/page\/2\/\"><\/div>\n\t\t\t\t<nav class=\"elementor-pagination\" aria-label=\"Pagination\">\n\t\t\t<span aria-current=\"page\" class=\"page-numbers current\"><span class=\"elementor-screen-only\">P\u00e1gina<\/span>1<\/span>\n<a class=\"page-numbers\" href=\"https:\/\/www.merkley.senate.gov\/es\/wp-json\/wp\/v2\/pages\/7617\/page\/2\/\"><span class=\"elementor-screen-only\">P\u00e1gina<\/span>2<\/a>\n<a class=\"page-numbers\" href=\"https:\/\/www.merkley.senate.gov\/es\/wp-json\/wp\/v2\/pages\/7617\/page\/3\/\"><span class=\"elementor-screen-only\">P\u00e1gina<\/span>3<\/a>\n<a class=\"page-numbers\" href=\"https:\/\/www.merkley.senate.gov\/es\/wp-json\/wp\/v2\/pages\/7617\/page\/4\/\"><span class=\"elementor-screen-only\">P\u00e1gina<\/span>4<\/a>\n<a class=\"page-numbers\" href=\"https:\/\/www.merkley.senate.gov\/es\/wp-json\/wp\/v2\/pages\/7617\/page\/5\/\"><span class=\"elementor-screen-only\">P\u00e1gina<\/span>5<\/a>\t\t<\/nav>\n\t\t\t\t\t\t<\/div>\n\t\t\t\t<\/div>\n\t\t\t\t\t<\/div>\n\t\t<\/div>\n\t\t\t\t\t<\/div>\n\t\t<\/section>\n\t\t\t\t<\/div>","protected":false},"excerpt":{"rendered":"<p>Jeff est\u00e1 comprometido con la protecci\u00f3n de los derechos y libertades de todos los estadounidenses. Desde su creaci\u00f3n, nuestra naci\u00f3n ha recorrido un largo camino hacia la igualdad y la justicia, pero a\u00fan queda mucho trabajo por hacer. Todos los estadounidenses merecen la oportunidad de vivir, trabajar y tener \u00e9xito sin sufrir discriminaci\u00f3n.<\/p>","protected":false},"author":1,"featured_media":0,"parent":7298,"menu_order":0,"comment_status":"closed","ping_status":"closed","template":"","meta":{"_acf_changed":false,"inline_featured_image":false,"footnotes":""},"class_list":["post-7617","page","type-page","status-publish","hentry"],"acf":[],"yoast_head":"<!-- This site is optimized with the Yoast SEO plugin v27.2 - https:\/\/yoast.com\/product\/yoast-seo-wordpress\/ -->\n<title>Civil Rights - Merkley<\/title>\n<meta name=\"robots\" content=\"index, follow, max-snippet:-1, max-image-preview:large, max-video-preview:-1\" \/>\n<link rel=\"canonical\" href=\"https:\/\/www.merkley.senate.gov\/es\/about\/issues\/civil-rights-2\/\" \/>\n<meta property=\"og:locale\" content=\"es_MX\" \/>\n<meta property=\"og:type\" content=\"article\" \/>\n<meta property=\"og:title\" content=\"Civil Rights - Merkley\" \/>\n<meta property=\"og:description\" content=\"Jeff is committed to protecting the rights and liberties of all Americans. Since its creation, our nation has come a long way in the march toward equality and fairness, but there is still much work to be done. All Americans deserve the opportunity to live, work, and succeed without facing discrimination.\" \/>\n<meta property=\"og:url\" content=\"https:\/\/www.merkley.senate.gov\/es\/about\/issues\/civil-rights-2\/\" \/>\n<meta property=\"og:site_name\" content=\"Merkley\" \/>\n<meta property=\"article:modified_time\" content=\"2023-07-24T15:32:43+00:00\" \/>\n<meta name=\"twitter:card\" content=\"summary_large_image\" \/>\n<meta name=\"twitter:label1\" content=\"Est. reading time\" \/>\n\t<meta name=\"twitter:data1\" content=\"3 minutes\" \/>\n<script type=\"application\/ld+json\" class=\"yoast-schema-graph\">{\"@context\":\"https:\/\/schema.org\",\"@graph\":[{\"@type\":\"WebPage\",\"@id\":\"https:\/\/www.merkley.senate.gov\/about\/issues\/civil-rights-2\/\",\"url\":\"https:\/\/www.merkley.senate.gov\/about\/issues\/civil-rights-2\/\",\"name\":\"Civil Rights - Merkley\",\"isPartOf\":{\"@id\":\"https:\/\/www.merkley.senate.gov\/#website\"},\"datePublished\":\"2023-07-19T19:16:24+00:00\",\"dateModified\":\"2023-07-24T15:32:43+00:00\",\"breadcrumb\":{\"@id\":\"https:\/\/www.merkley.senate.gov\/about\/issues\/civil-rights-2\/#breadcrumb\"},\"inLanguage\":\"es-MX\",\"potentialAction\":[{\"@type\":\"ReadAction\",\"target\":[\"https:\/\/www.merkley.senate.gov\/about\/issues\/civil-rights-2\/\"]}]},{\"@type\":\"BreadcrumbList\",\"@id\":\"https:\/\/www.merkley.senate.gov\/about\/issues\/civil-rights-2\/#breadcrumb\",\"itemListElement\":[{\"@type\":\"ListItem\",\"position\":1,\"name\":\"Home\",\"item\":\"https:\/\/www.merkley.senate.gov\/\"},{\"@type\":\"ListItem\",\"position\":2,\"name\":\"About Jeff\",\"item\":\"https:\/\/www.merkley.senate.gov\/about\/\"},{\"@type\":\"ListItem\",\"position\":3,\"name\":\"Issues\",\"item\":\"https:\/\/www.merkley.senate.gov\/about\/issues\/\"},{\"@type\":\"ListItem\",\"position\":4,\"name\":\"Civil Rights\"}]},{\"@type\":\"WebSite\",\"@id\":\"https:\/\/www.merkley.senate.gov\/#website\",\"url\":\"https:\/\/www.merkley.senate.gov\/\",\"name\":\"Merkley\",\"description\":\"Merkley\",\"potentialAction\":[{\"@type\":\"SearchAction\",\"target\":{\"@type\":\"EntryPoint\",\"urlTemplate\":\"https:\/\/www.merkley.senate.gov\/?s={search_term_string}\"},\"query-input\":{\"@type\":\"PropertyValueSpecification\",\"valueRequired\":true,\"valueName\":\"search_term_string\"}}],\"inLanguage\":\"es-MX\"}]}<\/script>\n<!-- \/ Yoast SEO plugin. -->","yoast_head_json":{"title":"Civil Rights - Merkley","robots":{"index":"index","follow":"follow","max-snippet":"max-snippet:-1","max-image-preview":"max-image-preview:large","max-video-preview":"max-video-preview:-1"},"canonical":"https:\/\/www.merkley.senate.gov\/es\/about\/issues\/civil-rights-2\/","og_locale":"es_MX","og_type":"article","og_title":"Civil Rights - Merkley","og_description":"Jeff is committed to protecting the rights and liberties of all Americans. Since its creation, our nation has come a long way in the march toward equality and fairness, but there is still much work to be done. All Americans deserve the opportunity to live, work, and succeed without facing discrimination.","og_url":"https:\/\/www.merkley.senate.gov\/es\/about\/issues\/civil-rights-2\/","og_site_name":"Merkley","article_modified_time":"2023-07-24T15:32:43+00:00","twitter_card":"summary_large_image","twitter_misc":{"Est. reading time":"3 minutes"},"schema":{"@context":"https:\/\/schema.org","@graph":[{"@type":"WebPage","@id":"https:\/\/www.merkley.senate.gov\/about\/issues\/civil-rights-2\/","url":"https:\/\/www.merkley.senate.gov\/about\/issues\/civil-rights-2\/","name":"Civil Rights - Merkley","isPartOf":{"@id":"https:\/\/www.merkley.senate.gov\/#website"},"datePublished":"2023-07-19T19:16:24+00:00","dateModified":"2023-07-24T15:32:43+00:00","breadcrumb":{"@id":"https:\/\/www.merkley.senate.gov\/about\/issues\/civil-rights-2\/#breadcrumb"},"inLanguage":"es-MX","potentialAction":[{"@type":"ReadAction","target":["https:\/\/www.merkley.senate.gov\/about\/issues\/civil-rights-2\/"]}]},{"@type":"BreadcrumbList","@id":"https:\/\/www.merkley.senate.gov\/about\/issues\/civil-rights-2\/#breadcrumb","itemListElement":[{"@type":"ListItem","position":1,"name":"Home","item":"https:\/\/www.merkley.senate.gov\/"},{"@type":"ListItem","position":2,"name":"About Jeff","item":"https:\/\/www.merkley.senate.gov\/about\/"},{"@type":"ListItem","position":3,"name":"Issues","item":"https:\/\/www.merkley.senate.gov\/about\/issues\/"},{"@type":"ListItem","position":4,"name":"Civil Rights"}]},{"@type":"WebSite","@id":"https:\/\/www.merkley.senate.gov\/#website","url":"https:\/\/www.merkley.senate.gov\/","name":"merkley","description":"merkley","potentialAction":[{"@type":"SearchAction","target":{"@type":"EntryPoint","urlTemplate":"https:\/\/www.merkley.senate.gov\/?s={search_term_string}"},"query-input":{"@type":"PropertyValueSpecification","valueRequired":true,"valueName":"search_term_string"}}],"inLanguage":"es-MX"}]}},"_links":{"self":[{"href":"https:\/\/www.merkley.senate.gov\/es\/wp-json\/wp\/v2\/pages\/7617","targetHints":{"allow":["GET"]}}],"collection":[{"href":"https:\/\/www.merkley.senate.gov\/es\/wp-json\/wp\/v2\/pages"}],"about":[{"href":"https:\/\/www.merkley.senate.gov\/es\/wp-json\/wp\/v2\/types\/page"}],"author":[{"embeddable":true,"href":"https:\/\/www.merkley.senate.gov\/es\/wp-json\/wp\/v2\/users\/1"}],"replies":[{"embeddable":true,"href":"https:\/\/www.merkley.senate.gov\/es\/wp-json\/wp\/v2\/comments?post=7617"}],"version-history":[{"count":7,"href":"https:\/\/www.merkley.senate.gov\/es\/wp-json\/wp\/v2\/pages\/7617\/revisions"}],"predecessor-version":[{"id":16658,"href":"https:\/\/www.merkley.senate.gov\/es\/wp-json\/wp\/v2\/pages\/7617\/revisions\/16658"}],"up":[{"embeddable":true,"href":"https:\/\/www.merkley.senate.gov\/es\/wp-json\/wp\/v2\/pages\/7298"}],"wp:attachment":[{"href":"https:\/\/www.merkley.senate.gov\/es\/wp-json\/wp\/v2\/media?parent=7617"}],"curies":[{"name":"wp","href":"https:\/\/api.w.org\/{rel}","templated":true}]}}