{"id":7619,"date":"2023-07-19T15:16:58","date_gmt":"2023-07-19T19:16:58","guid":{"rendered":"https:\/\/www.merkley.senate.gov\/?page_id=7619"},"modified":"2023-07-24T11:33:42","modified_gmt":"2023-07-24T15:33:42","slug":"education-2","status":"publish","type":"page","link":"https:\/\/www.merkley.senate.gov\/es\/about\/issues\/education-2\/","title":{"rendered":"Educaci\u00f3n"},"content":{"rendered":"<div data-elementor-type=\"wp-page\" data-elementor-id=\"7619\" class=\"elementor elementor-7619\" data-elementor-post-type=\"page\">\n\t\t\t\t\t\t<section class=\"elementor-section elementor-top-section elementor-element elementor-element-10a9394e elementor-section-boxed elementor-section-height-default elementor-section-height-default\" data-id=\"10a9394e\" data-element_type=\"section\" data-e-type=\"section\">\n\t\t\t\t\t\t<div class=\"elementor-container elementor-column-gap-default\">\n\t\t\t\t\t<div class=\"elementor-column elementor-col-100 elementor-top-column elementor-element elementor-element-2e6aa571\" data-id=\"2e6aa571\" data-element_type=\"column\" data-e-type=\"column\">\n\t\t\t<div class=\"elementor-widget-wrap elementor-element-populated\">\n\t\t\t\t\t\t<div class=\"elementor-element elementor-element-2f64519d elementor-widget elementor-widget-text-editor\" data-id=\"2f64519d\" data-element_type=\"widget\" data-e-type=\"widget\" data-widget_type=\"text-editor.default\">\n\t\t\t\t<div class=\"elementor-widget-container\">\n\t\t\t\t\t\t\t\t\t\n<p>Cuando Jeff asumi\u00f3 por primera vez el desaf\u00edo de postularse para la Legislatura del Estado de Oreg\u00f3n, una de las razones fue que quer\u00eda construir un mejor sistema educativo para sus hijos peque\u00f1os. Y como el primero de su familia en ir a la universidad, Jeff sabe que el acceso asequible a la educaci\u00f3n superior es fundamental para el \u00e9xito de la clase media.<\/p>\n\n\n\n<p>La educaci\u00f3n es un factor importante para determinar si nuestros ni\u00f1os y nuestra naci\u00f3n tendr\u00e1n \u00e9xito en la econom\u00eda global cada vez m\u00e1s competitiva de hoy. Como pa\u00eds, debemos hacer un mejor trabajo apoyando a los maestros, brind\u00e1ndoles los recursos que necesitan para brindar el mejor entorno posible para ense\u00f1ar a nuestros hijos y garantizar que ning\u00fan estudiante capaz tenga que renunciar a sus sue\u00f1os de educaci\u00f3n superior porque de la falta de asequibilidad.<\/p>\n\t\t\t\t\t\t\t\t<\/div>\n\t\t\t\t<\/div>\n\t\t\t\t\t<\/div>\n\t\t<\/div>\n\t\t\t\t\t<\/div>\n\t\t<\/section>\n\t\t\t\t<section class=\"elementor-section elementor-top-section elementor-element elementor-element-2a4c120 elementor-section-boxed elementor-section-height-default elementor-section-height-default\" data-id=\"2a4c120\" data-element_type=\"section\" data-e-type=\"section\">\n\t\t\t\t\t\t<div class=\"elementor-container elementor-column-gap-default\">\n\t\t\t\t\t<div class=\"elementor-column elementor-col-100 elementor-top-column elementor-element elementor-element-0b89a12\" data-id=\"0b89a12\" data-element_type=\"column\" data-e-type=\"column\">\n\t\t\t<div class=\"elementor-widget-wrap elementor-element-populated\">\n\t\t\t\t\t\t<div class=\"elementor-element elementor-element-6e683c9 elementor-grid-1 elementor-posts--thumbnail-none elementor-grid-tablet-2 elementor-grid-mobile-1 elementor-widget elementor-widget-posts\" data-id=\"6e683c9\" data-element_type=\"widget\" data-e-type=\"widget\" data-settings=\"{&quot;classic_columns&quot;:&quot;1&quot;,&quot;classic_row_gap&quot;:{&quot;unit&quot;:&quot;px&quot;,&quot;size&quot;:45,&quot;sizes&quot;:[]},&quot;pagination_type&quot;:&quot;numbers&quot;,&quot;classic_columns_tablet&quot;:&quot;2&quot;,&quot;classic_columns_mobile&quot;:&quot;1&quot;,&quot;classic_row_gap_laptop&quot;:{&quot;unit&quot;:&quot;px&quot;,&quot;size&quot;:&quot;&quot;,&quot;sizes&quot;:[]},&quot;classic_row_gap_tablet_extra&quot;:{&quot;unit&quot;:&quot;px&quot;,&quot;size&quot;:&quot;&quot;,&quot;sizes&quot;:[]},&quot;classic_row_gap_tablet&quot;:{&quot;unit&quot;:&quot;px&quot;,&quot;size&quot;:&quot;&quot;,&quot;sizes&quot;:[]},&quot;classic_row_gap_mobile_extra&quot;:{&quot;unit&quot;:&quot;px&quot;,&quot;size&quot;:&quot;&quot;,&quot;sizes&quot;:[]},&quot;classic_row_gap_mobile&quot;:{&quot;unit&quot;:&quot;px&quot;,&quot;size&quot;:&quot;&quot;,&quot;sizes&quot;:[]}}\" data-widget_type=\"posts.classic\">\n\t\t\t\t<div class=\"elementor-widget-container\">\n\t\t\t\t\t\t\t<div class=\"elementor-posts-container elementor-posts elementor-posts--skin-classic elementor-grid\" role=\"list\">\n\t\t\t\t<article class=\"elementor-post elementor-grid-item post-25303 post type-post status-publish format-standard has-post-thumbnail hentry category-press-releases tag-education tag-protecting-consumers\" role=\"listitem\">\n\t\t\t\t<div class=\"elementor-post__text\">\n\t\t\t\t<h2 class=\"elementor-post__title\">\n\t\t\t<a href=\"https:\/\/www.merkley.senate.gov\/es\/warren-merkley-booker-van-hollen-question-ed-secretary-mcmahon-on-lack-of-transparency-guardrails-for-1-billion-student-loan-administration-fund\/\" >\n\t\t\t\tWarren, Merkley, Booker, Van Hollen Question ED Secretary McMahon on Lack of Transparency, Guardrails for $1 Billion Student Loan Administration Fund\t\t\t<\/a>\n\t\t<\/h2>\n\t\t\t\t<div class=\"elementor-post__meta-data\">\n\t\t\t\t\t<span class=\"elementor-post-date\">\n\t\t\tSeptember 3, 2026\t\t<\/span>\n\t\t\t\t<\/div>\n\t\t\t\t<div class=\"elementor-post__excerpt\">\n\t\t\t<p>\u201c(T)he agency has displayed a worrying lack of public transparency about what this vast sum of money has been spent on or will be spent on in the future.\u201d Text of Letter (PDF) Washington, D.C. \u2014 U.S. Senators Elizabeth Warren (D-Mass.) and Jeff Merkley (D-Ore.) raised their concerns in a<\/p>\n\t\t<\/div>\n\t\t\n\t\t<a class=\"elementor-post__read-more\" href=\"https:\/\/www.merkley.senate.gov\/es\/warren-merkley-booker-van-hollen-question-ed-secretary-mcmahon-on-lack-of-transparency-guardrails-for-1-billion-student-loan-administration-fund\/\" aria-label=\"Read more about Warren, Merkley, Booker, Van Hollen Question ED Secretary McMahon on Lack of Transparency, Guardrails for $1 Billion Student Loan Administration Fund\" tabindex=\"-1\" >\n\t\t\t<i aria-hidden=\"true\" class=\"fal fa-chevron-circle-right\"><\/i>\t\t<\/a>\n\n\t\t\t\t<\/div>\n\t\t\t\t<\/article>\n\t\t\t\t<article class=\"elementor-post elementor-grid-item post-25279 post type-post status-publish format-standard has-post-thumbnail hentry category-press-releases tag-delivering-for-oregon tag-education tag-health-care\" role=\"listitem\">\n\t\t\t\t<div class=\"elementor-post__text\">\n\t\t\t\t<h2 class=\"elementor-post__title\">\n\t\t\t<a href=\"https:\/\/www.merkley.senate.gov\/es\/wyden-merkley-colleagues-demand-trump-administration-reverse-unlawful-cuts-to-school-based-mental-health-services\/\" >\n\t\t\t\tWyden, Merkley, Colleagues Demand Trump Administration Reverse Unlawful Cuts to School-Based Mental Health Services\u00a0\t\t\t<\/a>\n\t\t<\/h2>\n\t\t\t\t<div class=\"elementor-post__meta-data\">\n\t\t\t\t\t<span class=\"elementor-post-date\">\n\t\t\tAugust 27, 2026\t\t<\/span>\n\t\t\t\t<\/div>\n\t\t\t\t<div class=\"elementor-post__excerpt\">\n\t\t\t<p>Washington, D.C.&nbsp;\u2013 U.S. Senators Ron Wyden and Jeff Merkley today joined Senate colleagues to demand the Department of Education disburse funds that were abruptly and unlawfully canceled for School-Based Mental Health Services (SBMH) and Mental Health Service Professional Demonstration (MHSP) grant programs and halt its attempts to end the grant<\/p>\n\t\t<\/div>\n\t\t\n\t\t<a class=\"elementor-post__read-more\" href=\"https:\/\/www.merkley.senate.gov\/es\/wyden-merkley-colleagues-demand-trump-administration-reverse-unlawful-cuts-to-school-based-mental-health-services\/\" aria-label=\"Read more about Wyden, Merkley, Colleagues Demand Trump Administration Reverse Unlawful Cuts to School-Based Mental Health Services\u00a0\" tabindex=\"-1\" >\n\t\t\t<i aria-hidden=\"true\" class=\"fal fa-chevron-circle-right\"><\/i>\t\t<\/a>\n\n\t\t\t\t<\/div>\n\t\t\t\t<\/article>\n\t\t\t\t<article class=\"elementor-post elementor-grid-item post-25277 post type-post status-publish format-standard has-post-thumbnail hentry category-press-releases tag-education tag-protecting-consumers tag-protecting-consumers-taxpayers-and-the-economy\" role=\"listitem\">\n\t\t\t\t<div class=\"elementor-post__text\">\n\t\t\t\t<h2 class=\"elementor-post__title\">\n\t\t\t<a href=\"https:\/\/www.merkley.senate.gov\/es\/warren-merkley-senators-investigate-federal-student-loan-servicer-mohela-for-false-delinquency-notices-allegedly-sent-to-borrowers\/\" >\n\t\t\t\tWarren, Merkley, Senators Investigate Federal Student Loan Servicer MOHELA for False Delinquency Notices Allegedly Sent to Borrowers\t\t\t<\/a>\n\t\t<\/h2>\n\t\t\t\t<div class=\"elementor-post__meta-data\">\n\t\t\t\t\t<span class=\"elementor-post-date\">\n\t\t\tAugust 27, 2026\t\t<\/span>\n\t\t\t\t<\/div>\n\t\t\t\t<div class=\"elementor-post__excerpt\">\n\t\t\t<p>According to reports, MOHELA falsely told borrowers they were thousands of dollars behind on their student loans and nearing default \u201cIt is currently unclear how many borrowers received these false notices, whether any borrowers paid the incorrect amounts, and to what extent the issue has been fixed\u201d Text of Letter<\/p>\n\t\t<\/div>\n\t\t\n\t\t<a class=\"elementor-post__read-more\" href=\"https:\/\/www.merkley.senate.gov\/es\/warren-merkley-senators-investigate-federal-student-loan-servicer-mohela-for-false-delinquency-notices-allegedly-sent-to-borrowers\/\" aria-label=\"Read more about Warren, Merkley, Senators Investigate Federal Student Loan Servicer MOHELA for False Delinquency Notices Allegedly Sent to Borrowers\" tabindex=\"-1\" >\n\t\t\t<i aria-hidden=\"true\" class=\"fal fa-chevron-circle-right\"><\/i>\t\t<\/a>\n\n\t\t\t\t<\/div>\n\t\t\t\t<\/article>\n\t\t\t\t<article class=\"elementor-post elementor-grid-item post-25273 post type-post status-publish format-standard has-post-thumbnail hentry category-press-releases tag-delivering-for-oregon tag-education tag-jobs-and-the-economy\" role=\"listitem\">\n\t\t\t\t<div class=\"elementor-post__text\">\n\t\t\t\t<h2 class=\"elementor-post__title\">\n\t\t\t<a href=\"https:\/\/www.merkley.senate.gov\/es\/wyden-merkley-bonamici-announce-nearly-6-million-to-support-oregon-entrepreneurs-and-university-startups\/\" >\n\t\t\t\tWyden, Merkley, Bonamici Announce Nearly $6 Million to Support Oregon Entrepreneurs and University Startups\t\t\t<\/a>\n\t\t<\/h2>\n\t\t\t\t<div class=\"elementor-post__meta-data\">\n\t\t\t\t\t<span class=\"elementor-post-date\">\n\t\t\tAugust 26, 2026\t\t<\/span>\n\t\t\t\t<\/div>\n\t\t\t\t<div class=\"elementor-post__excerpt\">\n\t\t\t<p>Federal award to Portland State University will help turn academic research into commercial products, startups, and community solutions. Washington, D.C.\u2014U.S. Senators Ron Wyden and Jeff Merkley with U.S. Representative Suzanne Bonamici today announced a federal investment of $5.9 million to Portland State University to help turn institutional research into commercial<\/p>\n\t\t<\/div>\n\t\t\n\t\t<a class=\"elementor-post__read-more\" href=\"https:\/\/www.merkley.senate.gov\/es\/wyden-merkley-bonamici-announce-nearly-6-million-to-support-oregon-entrepreneurs-and-university-startups\/\" aria-label=\"Read more about Wyden, Merkley, Bonamici Announce Nearly $6 Million to Support Oregon Entrepreneurs and University Startups\" tabindex=\"-1\" >\n\t\t\t<i aria-hidden=\"true\" class=\"fal fa-chevron-circle-right\"><\/i>\t\t<\/a>\n\n\t\t\t\t<\/div>\n\t\t\t\t<\/article>\n\t\t\t\t<article class=\"elementor-post elementor-grid-item post-25264 post type-post status-publish format-standard has-post-thumbnail hentry category-press-releases tag-civil-rights tag-education tag-lgbtq-rights\" role=\"listitem\">\n\t\t\t\t<div class=\"elementor-post__text\">\n\t\t\t\t<h2 class=\"elementor-post__title\">\n\t\t\t<a href=\"https:\/\/www.merkley.senate.gov\/es\/179-members-of-congress-urge-supreme-court-to-protect-preschoolers-from-discrimination\/\" >\n\t\t\t\t179 Members of Congress Urge Supreme Court to Protect Preschoolers from Discrimination\u00a0\t\t\t<\/a>\n\t\t<\/h2>\n\t\t\t\t<div class=\"elementor-post__meta-data\">\n\t\t\t\t\t<span class=\"elementor-post-date\">\n\t\t\tAugust 24, 2026\t\t<\/span>\n\t\t\t\t<\/div>\n\t\t\t\t<div class=\"elementor-post__excerpt\">\n\t\t\t<p>CEC Chair Rep. Mark Takano: \u201cPublic dollars are for the good of the public, and this publicly-funded program\u2019s nondiscrimination policy reflects that. Washington, DC \u2014&nbsp;Today, Congressional Equality Caucus Chair Rep. Mark Takano (CA-39), Senator Tammy Baldwin (WI), and Senator Jeff Merkley (OR) led 179 Members of Congress in filing an<\/p>\n\t\t<\/div>\n\t\t\n\t\t<a class=\"elementor-post__read-more\" href=\"https:\/\/www.merkley.senate.gov\/es\/179-members-of-congress-urge-supreme-court-to-protect-preschoolers-from-discrimination\/\" aria-label=\"Read more about 179 Members of Congress Urge Supreme Court to Protect Preschoolers from Discrimination\u00a0\" tabindex=\"-1\" >\n\t\t\t<i aria-hidden=\"true\" class=\"fal fa-chevron-circle-right\"><\/i>\t\t<\/a>\n\n\t\t\t\t<\/div>\n\t\t\t\t<\/article>\n\t\t\t\t<article class=\"elementor-post elementor-grid-item post-25204 post type-post status-publish format-standard has-post-thumbnail hentry category-press-releases tag-delivering-for-oregon tag-education\" role=\"listitem\">\n\t\t\t\t<div class=\"elementor-post__text\">\n\t\t\t\t<h2 class=\"elementor-post__title\">\n\t\t\t<a href=\"https:\/\/www.merkley.senate.gov\/es\/merkley-morelle-champion-bill-to-expand-summer-learning-opportunities-and-meal-access-for-kids\/\" >\n\t\t\t\tMerkley, Morelle Champion Bill to Expand Summer Learning Opportunities and Meal Access for Kids\t\t\t<\/a>\n\t\t<\/h2>\n\t\t\t\t<div class=\"elementor-post__meta-data\">\n\t\t\t\t\t<span class=\"elementor-post-date\">\n\t\t\tAugust 10, 2026\t\t<\/span>\n\t\t\t\t<\/div>\n\t\t\t\t<div class=\"elementor-post__excerpt\">\n\t\t\t<p>Washington, D.C. \u2013 Oregon\u2019s Senator Jeff Merkley and U.S. Representative Joe Morelle (D-NY-25) led the reintroduction of the Summer Meals and Learning Act. The bill would establish a grant program to keep school libraries open and provide literacy activities at schools that serve free summer meals, helping to close the<\/p>\n\t\t<\/div>\n\t\t\n\t\t<a class=\"elementor-post__read-more\" href=\"https:\/\/www.merkley.senate.gov\/es\/merkley-morelle-champion-bill-to-expand-summer-learning-opportunities-and-meal-access-for-kids\/\" aria-label=\"Read more about Merkley, Morelle Champion Bill to Expand Summer Learning Opportunities and Meal Access for Kids\" tabindex=\"-1\" >\n\t\t\t<i aria-hidden=\"true\" class=\"fal fa-chevron-circle-right\"><\/i>\t\t<\/a>\n\n\t\t\t\t<\/div>\n\t\t\t\t<\/article>\n\t\t\t\t<\/div>\n\t\t\n\t\t\t\t<div class=\"e-load-more-anchor\" data-page=\"1\" data-max-page=\"47\" data-next-page=\"https:\/\/www.merkley.senate.gov\/es\/wp-json\/wp\/v2\/pages\/7619\/page\/2\/\"><\/div>\n\t\t\t\t<nav class=\"elementor-pagination\" aria-label=\"Pagination\">\n\t\t\t<span aria-current=\"page\" class=\"page-numbers current\"><span class=\"elementor-screen-only\">P\u00e1gina<\/span>1<\/span>\n<a class=\"page-numbers\" href=\"https:\/\/www.merkley.senate.gov\/es\/wp-json\/wp\/v2\/pages\/7619\/page\/2\/\"><span class=\"elementor-screen-only\">P\u00e1gina<\/span>2<\/a>\n<a class=\"page-numbers\" href=\"https:\/\/www.merkley.senate.gov\/es\/wp-json\/wp\/v2\/pages\/7619\/page\/3\/\"><span class=\"elementor-screen-only\">P\u00e1gina<\/span>3<\/a>\n<a class=\"page-numbers\" href=\"https:\/\/www.merkley.senate.gov\/es\/wp-json\/wp\/v2\/pages\/7619\/page\/4\/\"><span class=\"elementor-screen-only\">P\u00e1gina<\/span>4<\/a>\n<a class=\"page-numbers\" href=\"https:\/\/www.merkley.senate.gov\/es\/wp-json\/wp\/v2\/pages\/7619\/page\/5\/\"><span class=\"elementor-screen-only\">P\u00e1gina<\/span>5<\/a>\t\t<\/nav>\n\t\t\t\t\t\t<\/div>\n\t\t\t\t<\/div>\n\t\t\t\t\t<\/div>\n\t\t<\/div>\n\t\t\t\t\t<\/div>\n\t\t<\/section>\n\t\t\t\t<\/div>","protected":false},"excerpt":{"rendered":"<p>When&nbsp;Jeff first took on the challenge of running for the Oregon State Legislature,&nbsp;one of the reasons was because he wanted to build a better education system for his young children. &nbsp;And as the first in his family to go to college, Jeff knows that affordable access to higher education is critical to the success of [&hellip;]<\/p>\n","protected":false},"author":1,"featured_media":0,"parent":7298,"menu_order":0,"comment_status":"closed","ping_status":"closed","template":"","meta":{"_acf_changed":false,"inline_featured_image":false,"footnotes":""},"class_list":["post-7619","page","type-page","status-publish","hentry"],"acf":[],"yoast_head":"<!-- This site is optimized with the Yoast SEO plugin v27.2 - https:\/\/yoast.com\/product\/yoast-seo-wordpress\/ -->\n<title>Education - Merkley<\/title>\n<meta name=\"robots\" content=\"index, follow, max-snippet:-1, max-image-preview:large, max-video-preview:-1\" \/>\n<link rel=\"canonical\" href=\"https:\/\/www.merkley.senate.gov\/es\/about\/issues\/education-2\/\" \/>\n<meta property=\"og:locale\" content=\"es_MX\" \/>\n<meta property=\"og:type\" content=\"article\" \/>\n<meta property=\"og:title\" content=\"Education - Merkley\" \/>\n<meta property=\"og:description\" content=\"When&nbsp;Jeff first took on the challenge of running for the Oregon State Legislature,&nbsp;one of the reasons was because he wanted to build a better education system for his young children. &nbsp;And as the first in his family to go to college, Jeff knows that affordable access to higher education is critical to the success of [&hellip;]\" \/>\n<meta property=\"og:url\" content=\"https:\/\/www.merkley.senate.gov\/es\/about\/issues\/education-2\/\" \/>\n<meta property=\"og:site_name\" content=\"Merkley\" \/>\n<meta property=\"article:modified_time\" content=\"2023-07-24T15:33:42+00:00\" \/>\n<meta name=\"twitter:card\" content=\"summary_large_image\" \/>\n<meta name=\"twitter:label1\" content=\"Est. reading time\" \/>\n\t<meta name=\"twitter:data1\" content=\"3 minutes\" \/>\n<script type=\"application\/ld+json\" class=\"yoast-schema-graph\">{\"@context\":\"https:\/\/schema.org\",\"@graph\":[{\"@type\":\"WebPage\",\"@id\":\"https:\/\/www.merkley.senate.gov\/about\/issues\/education-2\/\",\"url\":\"https:\/\/www.merkley.senate.gov\/about\/issues\/education-2\/\",\"name\":\"Education - Merkley\",\"isPartOf\":{\"@id\":\"https:\/\/www.merkley.senate.gov\/#website\"},\"datePublished\":\"2023-07-19T19:16:58+00:00\",\"dateModified\":\"2023-07-24T15:33:42+00:00\",\"breadcrumb\":{\"@id\":\"https:\/\/www.merkley.senate.gov\/about\/issues\/education-2\/#breadcrumb\"},\"inLanguage\":\"es-MX\",\"potentialAction\":[{\"@type\":\"ReadAction\",\"target\":[\"https:\/\/www.merkley.senate.gov\/about\/issues\/education-2\/\"]}]},{\"@type\":\"BreadcrumbList\",\"@id\":\"https:\/\/www.merkley.senate.gov\/about\/issues\/education-2\/#breadcrumb\",\"itemListElement\":[{\"@type\":\"ListItem\",\"position\":1,\"name\":\"Home\",\"item\":\"https:\/\/www.merkley.senate.gov\/\"},{\"@type\":\"ListItem\",\"position\":2,\"name\":\"About Jeff\",\"item\":\"https:\/\/www.merkley.senate.gov\/about\/\"},{\"@type\":\"ListItem\",\"position\":3,\"name\":\"Issues\",\"item\":\"https:\/\/www.merkley.senate.gov\/about\/issues\/\"},{\"@type\":\"ListItem\",\"position\":4,\"name\":\"Education\"}]},{\"@type\":\"WebSite\",\"@id\":\"https:\/\/www.merkley.senate.gov\/#website\",\"url\":\"https:\/\/www.merkley.senate.gov\/\",\"name\":\"Merkley\",\"description\":\"Merkley\",\"potentialAction\":[{\"@type\":\"SearchAction\",\"target\":{\"@type\":\"EntryPoint\",\"urlTemplate\":\"https:\/\/www.merkley.senate.gov\/?s={search_term_string}\"},\"query-input\":{\"@type\":\"PropertyValueSpecification\",\"valueRequired\":true,\"valueName\":\"search_term_string\"}}],\"inLanguage\":\"es-MX\"}]}<\/script>\n<!-- \/ Yoast SEO plugin. -->","yoast_head_json":{"title":"Education - Merkley","robots":{"index":"index","follow":"follow","max-snippet":"max-snippet:-1","max-image-preview":"max-image-preview:large","max-video-preview":"max-video-preview:-1"},"canonical":"https:\/\/www.merkley.senate.gov\/es\/about\/issues\/education-2\/","og_locale":"es_MX","og_type":"article","og_title":"Education - Merkley","og_description":"When&nbsp;Jeff first took on the challenge of running for the Oregon State Legislature,&nbsp;one of the reasons was because he wanted to build a better education system for his young children. &nbsp;And as the first in his family to go to college, Jeff knows that affordable access to higher education is critical to the success of [&hellip;]","og_url":"https:\/\/www.merkley.senate.gov\/es\/about\/issues\/education-2\/","og_site_name":"Merkley","article_modified_time":"2023-07-24T15:33:42+00:00","twitter_card":"summary_large_image","twitter_misc":{"Est. reading time":"3 minutes"},"schema":{"@context":"https:\/\/schema.org","@graph":[{"@type":"WebPage","@id":"https:\/\/www.merkley.senate.gov\/about\/issues\/education-2\/","url":"https:\/\/www.merkley.senate.gov\/about\/issues\/education-2\/","name":"Education - Merkley","isPartOf":{"@id":"https:\/\/www.merkley.senate.gov\/#website"},"datePublished":"2023-07-19T19:16:58+00:00","dateModified":"2023-07-24T15:33:42+00:00","breadcrumb":{"@id":"https:\/\/www.merkley.senate.gov\/about\/issues\/education-2\/#breadcrumb"},"inLanguage":"es-MX","potentialAction":[{"@type":"ReadAction","target":["https:\/\/www.merkley.senate.gov\/about\/issues\/education-2\/"]}]},{"@type":"BreadcrumbList","@id":"https:\/\/www.merkley.senate.gov\/about\/issues\/education-2\/#breadcrumb","itemListElement":[{"@type":"ListItem","position":1,"name":"Home","item":"https:\/\/www.merkley.senate.gov\/"},{"@type":"ListItem","position":2,"name":"About Jeff","item":"https:\/\/www.merkley.senate.gov\/about\/"},{"@type":"ListItem","position":3,"name":"Issues","item":"https:\/\/www.merkley.senate.gov\/about\/issues\/"},{"@type":"ListItem","position":4,"name":"Education"}]},{"@type":"WebSite","@id":"https:\/\/www.merkley.senate.gov\/#website","url":"https:\/\/www.merkley.senate.gov\/","name":"merkley","description":"merkley","potentialAction":[{"@type":"SearchAction","target":{"@type":"EntryPoint","urlTemplate":"https:\/\/www.merkley.senate.gov\/?s={search_term_string}"},"query-input":{"@type":"PropertyValueSpecification","valueRequired":true,"valueName":"search_term_string"}}],"inLanguage":"es-MX"}]}},"_links":{"self":[{"href":"https:\/\/www.merkley.senate.gov\/es\/wp-json\/wp\/v2\/pages\/7619","targetHints":{"allow":["GET"]}}],"collection":[{"href":"https:\/\/www.merkley.senate.gov\/es\/wp-json\/wp\/v2\/pages"}],"about":[{"href":"https:\/\/www.merkley.senate.gov\/es\/wp-json\/wp\/v2\/types\/page"}],"author":[{"embeddable":true,"href":"https:\/\/www.merkley.senate.gov\/es\/wp-json\/wp\/v2\/users\/1"}],"replies":[{"embeddable":true,"href":"https:\/\/www.merkley.senate.gov\/es\/wp-json\/wp\/v2\/comments?post=7619"}],"version-history":[{"count":7,"href":"https:\/\/www.merkley.senate.gov\/es\/wp-json\/wp\/v2\/pages\/7619\/revisions"}],"predecessor-version":[{"id":16661,"href":"https:\/\/www.merkley.senate.gov\/es\/wp-json\/wp\/v2\/pages\/7619\/revisions\/16661"}],"up":[{"embeddable":true,"href":"https:\/\/www.merkley.senate.gov\/es\/wp-json\/wp\/v2\/pages\/7298"}],"wp:attachment":[{"href":"https:\/\/www.merkley.senate.gov\/es\/wp-json\/wp\/v2\/media?parent=7619"}],"curies":[{"name":"wp","href":"https:\/\/api.w.org\/{rel}","templated":true}]}}