{"id":7621,"date":"2023-07-19T15:17:41","date_gmt":"2023-07-19T19:17:41","guid":{"rendered":"https:\/\/www.merkley.senate.gov\/?page_id=7621"},"modified":"2023-07-24T11:34:26","modified_gmt":"2023-07-24T15:34:26","slug":"foreign-policy-and-national-security","status":"publish","type":"page","link":"https:\/\/www.merkley.senate.gov\/es\/about\/issues\/foreign-policy-and-national-security\/","title":{"rendered":"Pol\u00edtica Exterior y Seguridad Nacional"},"content":{"rendered":"<div data-elementor-type=\"wp-page\" data-elementor-id=\"7621\" class=\"elementor elementor-7621\" data-elementor-post-type=\"page\">\n\t\t\t\t\t\t<section class=\"elementor-section elementor-top-section elementor-element elementor-element-56a5e9eb elementor-section-boxed elementor-section-height-default elementor-section-height-default\" data-id=\"56a5e9eb\" data-element_type=\"section\" data-e-type=\"section\">\n\t\t\t\t\t\t<div class=\"elementor-container elementor-column-gap-default\">\n\t\t\t\t\t<div class=\"elementor-column elementor-col-100 elementor-top-column elementor-element elementor-element-65db8a1d\" data-id=\"65db8a1d\" data-element_type=\"column\" data-e-type=\"column\">\n\t\t\t<div class=\"elementor-widget-wrap elementor-element-populated\">\n\t\t\t\t\t\t<div class=\"elementor-element elementor-element-2c234019 elementor-widget elementor-widget-text-editor\" data-id=\"2c234019\" data-element_type=\"widget\" data-e-type=\"widget\" data-widget_type=\"text-editor.default\">\n\t\t\t\t<div class=\"elementor-widget-container\">\n\t\t\t\t\t\t\t\t\t\n<p>Jeff est\u00e1 comprometido a proteger a Estados Unidos de aquellos que nos har\u00edan da\u00f1o y a asegurarse de que lo hagamos de manera coherente con los valores estadounidenses y nuestros derechos constitucionales. De hecho, Jeff cree firmemente que la medida de nuestra fuerza no es solo el poder de nuestro ej\u00e9rcito, sino que Estados Unidos es m\u00e1s seguro y m\u00e1s fuerte cuando honramos nuestros valores estadounidenses fundamentales como el respeto por el estado de derecho e invertimos en el trabajo duro. de trabajar con nuestros aliados. En un mundo peligroso, con amenazas globales que van desde el terrorismo hasta el calentamiento global y la proliferaci\u00f3n de armas nucleares, Jeff comprende que debemos poder trabajar con otras naciones para enfrentar estos desaf\u00edos juntos.<\/p>\n\n\n\n<p>Habiendo trabajado como analista de seguridad nacional en el Pent\u00e1gono y en la Oficina de Presupuesto del Congreso, Jeff tiene una comprensi\u00f3n \u00fanica de la pol\u00edtica de seguridad nacional. En ambos cargos estuvo inmerso en el di\u00e1logo nacional sobre el manejo responsable de las armas nucleares. Jeff tambi\u00e9n se mantuvo activamente involucrado en cuestiones de pol\u00edtica exterior como presidente del Consejo de Asuntos Mundiales de Oreg\u00f3n.<\/p>\n\t\t\t\t\t\t\t\t<\/div>\n\t\t\t\t<\/div>\n\t\t\t\t\t<\/div>\n\t\t<\/div>\n\t\t\t\t\t<\/div>\n\t\t<\/section>\n\t\t\t\t<section class=\"elementor-section elementor-top-section elementor-element elementor-element-c6c4b70 elementor-section-boxed elementor-section-height-default elementor-section-height-default\" data-id=\"c6c4b70\" data-element_type=\"section\" data-e-type=\"section\">\n\t\t\t\t\t\t<div class=\"elementor-container elementor-column-gap-default\">\n\t\t\t\t\t<div class=\"elementor-column elementor-col-100 elementor-top-column elementor-element elementor-element-ea25cf8\" data-id=\"ea25cf8\" data-element_type=\"column\" data-e-type=\"column\">\n\t\t\t<div class=\"elementor-widget-wrap elementor-element-populated\">\n\t\t\t\t\t\t<div class=\"elementor-element elementor-element-a5d6d71 elementor-grid-1 elementor-posts--thumbnail-none elementor-grid-tablet-2 elementor-grid-mobile-1 elementor-widget elementor-widget-posts\" data-id=\"a5d6d71\" data-element_type=\"widget\" data-e-type=\"widget\" data-settings=\"{&quot;classic_columns&quot;:&quot;1&quot;,&quot;classic_row_gap&quot;:{&quot;unit&quot;:&quot;px&quot;,&quot;size&quot;:45,&quot;sizes&quot;:[]},&quot;pagination_type&quot;:&quot;numbers&quot;,&quot;classic_columns_tablet&quot;:&quot;2&quot;,&quot;classic_columns_mobile&quot;:&quot;1&quot;,&quot;classic_row_gap_laptop&quot;:{&quot;unit&quot;:&quot;px&quot;,&quot;size&quot;:&quot;&quot;,&quot;sizes&quot;:[]},&quot;classic_row_gap_tablet_extra&quot;:{&quot;unit&quot;:&quot;px&quot;,&quot;size&quot;:&quot;&quot;,&quot;sizes&quot;:[]},&quot;classic_row_gap_tablet&quot;:{&quot;unit&quot;:&quot;px&quot;,&quot;size&quot;:&quot;&quot;,&quot;sizes&quot;:[]},&quot;classic_row_gap_mobile_extra&quot;:{&quot;unit&quot;:&quot;px&quot;,&quot;size&quot;:&quot;&quot;,&quot;sizes&quot;:[]},&quot;classic_row_gap_mobile&quot;:{&quot;unit&quot;:&quot;px&quot;,&quot;size&quot;:&quot;&quot;,&quot;sizes&quot;:[]}}\" data-widget_type=\"posts.classic\">\n\t\t\t\t<div class=\"elementor-widget-container\">\n\t\t\t\t\t\t\t<div class=\"elementor-posts-container elementor-posts elementor-posts--skin-classic elementor-grid\" role=\"list\">\n\t\t\t\t<article class=\"elementor-post elementor-grid-item post-25285 post type-post status-publish format-standard has-post-thumbnail hentry category-press-releases tag-foreign-policy-and-national-security\" role=\"listitem\">\n\t\t\t\t<div class=\"elementor-post__text\">\n\t\t\t\t<h2 class=\"elementor-post__title\">\n\t\t\t<a href=\"https:\/\/www.merkley.senate.gov\/es\/merkleys-response-to-trumps-submission-of-u-s-saudi-nuclear-deal-to-congress\/\" >\n\t\t\t\tMerkley\u2019s Response to Trump\u2019s Submission of U.S.-Saudi Nuclear Deal to Congress\t\t\t<\/a>\n\t\t<\/h2>\n\t\t\t\t<div class=\"elementor-post__meta-data\">\n\t\t\t\t\t<span class=\"elementor-post-date\">\n\t\t\tAugust 28, 2026\t\t<\/span>\n\t\t\t\t<\/div>\n\t\t\t\t<div class=\"elementor-post__excerpt\">\n\t\t\t<p>Washington, D.C. \u2013 Following the Trump Administration\u2019s submission to Congress on a proposed U.S.-Saudi civil nuclear cooperation agreement, referred to as a \u201c123 agreement,\u201d Oregon\u2019s U.S. Senator Jeff Merkley\u2014co-chair of the bicameral Nuclear Weapons and Arms Control Working Group and a senior member of the Senate Foreign Relations Committee\u2014issued the<\/p>\n\t\t<\/div>\n\t\t\n\t\t<a class=\"elementor-post__read-more\" href=\"https:\/\/www.merkley.senate.gov\/es\/merkleys-response-to-trumps-submission-of-u-s-saudi-nuclear-deal-to-congress\/\" aria-label=\"Read more about Merkley\u2019s Response to Trump\u2019s Submission of U.S.-Saudi Nuclear Deal to Congress\" tabindex=\"-1\" >\n\t\t\t<i aria-hidden=\"true\" class=\"fal fa-chevron-circle-right\"><\/i>\t\t<\/a>\n\n\t\t\t\t<\/div>\n\t\t\t\t<\/article>\n\t\t\t\t<article class=\"elementor-post elementor-grid-item post-25275 post type-post status-publish format-standard has-post-thumbnail hentry category-press-releases tag-foreign-policy-and-national-security tag-human-rights\" role=\"listitem\">\n\t\t\t\t<div class=\"elementor-post__text\">\n\t\t\t\t<h2 class=\"elementor-post__title\">\n\t\t\t<a href=\"https:\/\/www.merkley.senate.gov\/es\/wyden-merkley-urge-netanyahu-to-immediately-halt-settler-violence-in-west-bank\/\" >\n\t\t\t\tWyden, Merkley Urge Netanyahu to Immediately Halt Settler Violence in West Bank\u00a0\t\t\t<\/a>\n\t\t<\/h2>\n\t\t\t\t<div class=\"elementor-post__meta-data\">\n\t\t\t\t\t<span class=\"elementor-post-date\">\n\t\t\tAugust 27, 2026\t\t<\/span>\n\t\t\t\t<\/div>\n\t\t\t\t<div class=\"elementor-post__excerpt\">\n\t\t\t<p>Oregon Senators call for those responsible for violence against Palestinians, including Palestinian-Americans, to be held accountable Washington, D.C.&nbsp;\u2013 U.S. Senators Ron Wyden and Jeff Merkley, along with 45 of their Senate colleagues, urged Israel\u2019s Prime Minister Benjamin Netanyahu to take immediate actions to reduce violence in the West Bank and<\/p>\n\t\t<\/div>\n\t\t\n\t\t<a class=\"elementor-post__read-more\" href=\"https:\/\/www.merkley.senate.gov\/es\/wyden-merkley-urge-netanyahu-to-immediately-halt-settler-violence-in-west-bank\/\" aria-label=\"Read more about Wyden, Merkley Urge Netanyahu to Immediately Halt Settler Violence in West Bank\u00a0\" tabindex=\"-1\" >\n\t\t\t<i aria-hidden=\"true\" class=\"fal fa-chevron-circle-right\"><\/i>\t\t<\/a>\n\n\t\t\t\t<\/div>\n\t\t\t\t<\/article>\n\t\t\t\t<article class=\"elementor-post elementor-grid-item post-25213 post type-post status-publish format-standard has-post-thumbnail hentry category-press-releases tag-bipartisan-actions tag-foreign-policy-and-national-security tag-standing-up-for-human-and-civil-rights\" role=\"listitem\">\n\t\t\t\t<div class=\"elementor-post__text\">\n\t\t\t\t<h2 class=\"elementor-post__title\">\n\t\t\t<a href=\"https:\/\/www.merkley.senate.gov\/es\/merkley-risch-lead-bipartisan-push-to-strengthen-the-united-states-commitment-to-tibet\/\" >\n\t\t\t\tMerkley, Risch Lead Bipartisan Push to Strengthen the United States\u2019 Commitment to Tibet\t\t\t<\/a>\n\t\t<\/h2>\n\t\t\t\t<div class=\"elementor-post__meta-data\">\n\t\t\t\t\t<span class=\"elementor-post-date\">\n\t\t\tAugust 11, 2026\t\t<\/span>\n\t\t\t\t<\/div>\n\t\t\t\t<div class=\"elementor-post__excerpt\">\n\t\t\t<p>Washington, D.C. \u2013 Today, U.S. Senator Jeff Merkley (D-OR) partnered with Jim Risch (R-ID), Chairman of the Senate Foreign Relations Committee, to lead the introduction of the&nbsp;Assuring the Future of Tibet Act. The bipartisan bill would strengthen U.S. engagement with the Central Tibetan Administration (CTA), the democratically elected representative of<\/p>\n\t\t<\/div>\n\t\t\n\t\t<a class=\"elementor-post__read-more\" href=\"https:\/\/www.merkley.senate.gov\/es\/merkley-risch-lead-bipartisan-push-to-strengthen-the-united-states-commitment-to-tibet\/\" aria-label=\"Read more about Merkley, Risch Lead Bipartisan Push to Strengthen the United States\u2019 Commitment to Tibet\" tabindex=\"-1\" >\n\t\t\t<i aria-hidden=\"true\" class=\"fal fa-chevron-circle-right\"><\/i>\t\t<\/a>\n\n\t\t\t\t<\/div>\n\t\t\t\t<\/article>\n\t\t\t\t<article class=\"elementor-post elementor-grid-item post-25200 post type-post status-publish format-standard has-post-thumbnail hentry category-press-releases tag-foreign-policy-and-national-security\" role=\"listitem\">\n\t\t\t\t<div class=\"elementor-post__text\">\n\t\t\t\t<h2 class=\"elementor-post__title\">\n\t\t\t<a href=\"https:\/\/www.merkley.senate.gov\/es\/merkley-statement-on-russia-sanctions-to-bolster-ukraines-fight-for-democracy\/\" >\n\t\t\t\tMerkley Statement on Russia Sanctions to Bolster Ukraine\u2019s Fight for Democracy\t\t\t<\/a>\n\t\t<\/h2>\n\t\t\t\t<div class=\"elementor-post__meta-data\">\n\t\t\t\t\t<span class=\"elementor-post-date\">\n\t\t\tAugust 7, 2026\t\t<\/span>\n\t\t\t\t<\/div>\n\t\t\t\t<div class=\"elementor-post__excerpt\">\n\t\t\t<p>WASHINGTON, D.C. \u2013 Today, Oregon\u2019s U.S. Senator Jeff Merkley \u2013 a senior member of the Senate Foreign Relations Committee \u2013 issued the following statement after the Senate passed bipartisan legislation to crack down on Russia\u2019s ability to fund its war in Ukraine: \u201cThe United States must stand with democratic republics<\/p>\n\t\t<\/div>\n\t\t\n\t\t<a class=\"elementor-post__read-more\" href=\"https:\/\/www.merkley.senate.gov\/es\/merkley-statement-on-russia-sanctions-to-bolster-ukraines-fight-for-democracy\/\" aria-label=\"Read more about Merkley Statement on Russia Sanctions to Bolster Ukraine\u2019s Fight for Democracy\" tabindex=\"-1\" >\n\t\t\t<i aria-hidden=\"true\" class=\"fal fa-chevron-circle-right\"><\/i>\t\t<\/a>\n\n\t\t\t\t<\/div>\n\t\t\t\t<\/article>\n\t\t\t\t<article class=\"elementor-post elementor-grid-item post-25198 post type-post status-publish format-standard has-post-thumbnail hentry category-press-releases tag-democracy tag-foreign-policy-and-national-security tag-protecting-consumers-taxpayers-and-the-economy\" role=\"listitem\">\n\t\t\t\t<div class=\"elementor-post__text\">\n\t\t\t\t<h2 class=\"elementor-post__title\">\n\t\t\t<a href=\"https:\/\/www.merkley.senate.gov\/es\/merkley-senate-colleagues-introduce-new-legislation-to-close-ethics-loopholes-for-all-officials-representing-the-u-s-abroad\/\" >\n\t\t\t\tMerkley, Senate Colleagues Introduce New Legislation to Close Ethics Loopholes for All Officials Representing the U.S. Abroad\t\t\t<\/a>\n\t\t<\/h2>\n\t\t\t\t<div class=\"elementor-post__meta-data\">\n\t\t\t\t\t<span class=\"elementor-post-date\">\n\t\t\tAugust 7, 2026\t\t<\/span>\n\t\t\t\t<\/div>\n\t\t\t\t<div class=\"elementor-post__excerpt\">\n\t\t\t<p>Washington, D.C. \u2013 Oregon\u2019s U.S. Senator Jeff Merkley\u2014a senior member of the Senate Foreign Relations Committee\u2014led a group of Senate Democrats in introducing the Transparency in the Administration\u2019s Business Opportunities Overseas (TABOO) Act. The new legislation mandates strong ethics requirements for every individual representing the United States government in negotiations<\/p>\n\t\t<\/div>\n\t\t\n\t\t<a class=\"elementor-post__read-more\" href=\"https:\/\/www.merkley.senate.gov\/es\/merkley-senate-colleagues-introduce-new-legislation-to-close-ethics-loopholes-for-all-officials-representing-the-u-s-abroad\/\" aria-label=\"Read more about Merkley, Senate Colleagues Introduce New Legislation to Close Ethics Loopholes for All Officials Representing the U.S. Abroad\" tabindex=\"-1\" >\n\t\t\t<i aria-hidden=\"true\" class=\"fal fa-chevron-circle-right\"><\/i>\t\t<\/a>\n\n\t\t\t\t<\/div>\n\t\t\t\t<\/article>\n\t\t\t\t<article class=\"elementor-post elementor-grid-item post-25166 post type-post status-publish format-standard has-post-thumbnail hentry category-press-releases tag-bipartisan-actions tag-economy tag-foreign-policy-and-national-security tag-protecting-consumers\" role=\"listitem\">\n\t\t\t\t<div class=\"elementor-post__text\">\n\t\t\t\t<h2 class=\"elementor-post__title\">\n\t\t\t<a href=\"https:\/\/www.merkley.senate.gov\/es\/wyden-merkley-colleagues-reintroduce-bipartisan-bill-to-audit-the-pentagon-and-end-wasteful-spending\/\" >\n\t\t\t\tWyden, Merkley y sus colegas vuelven a presentar un proyecto de ley bipartidista para auditar el Pent\u00e1gono y acabar con el gasto superfluo.\t\t\t<\/a>\n\t\t<\/h2>\n\t\t\t\t<div class=\"elementor-post__meta-data\">\n\t\t\t\t\t<span class=\"elementor-post-date\">\n\t\t\t4 de agosto de 2026\t\t<\/span>\n\t\t\t\t<\/div>\n\t\t\t\t<div class=\"elementor-post__excerpt\">\n\t\t\t<p>Senadores: El Pent\u00e1gono reprob\u00f3 su octava auditor\u00eda consecutiva el a\u00f1o pasado, incapaz de justificar completamente 1.65 billones de d\u00f3lares en activos. Washington D.C. \u2014 Los senadores estadounidenses Ron Wyden y Jeff Merkley dijeron hoy que se unieron a sus colegas del Senado para volver a presentar una legislaci\u00f3n que impondr\u00eda consecuencias financieras si el Pent\u00e1gono no aprueba una auditor\u00eda completa e independiente.<\/p>\n\t\t<\/div>\n\t\t\n\t\t<a class=\"elementor-post__read-more\" href=\"https:\/\/www.merkley.senate.gov\/es\/wyden-merkley-colleagues-reintroduce-bipartisan-bill-to-audit-the-pentagon-and-end-wasteful-spending\/\" aria-label=\"Read more about Wyden, Merkley, Colleagues Reintroduce Bipartisan Bill to Audit the Pentagon and End Wasteful Spending\" tabindex=\"-1\" >\n\t\t\t<i aria-hidden=\"true\" class=\"fal fa-chevron-circle-right\"><\/i>\t\t<\/a>\n\n\t\t\t\t<\/div>\n\t\t\t\t<\/article>\n\t\t\t\t<\/div>\n\t\t\n\t\t\t\t<div class=\"e-load-more-anchor\" data-page=\"1\" data-max-page=\"97\" data-next-page=\"https:\/\/www.merkley.senate.gov\/es\/wp-json\/wp\/v2\/pages\/7621\/page\/2\/\"><\/div>\n\t\t\t\t<nav class=\"elementor-pagination\" aria-label=\"Pagination\">\n\t\t\t<span aria-current=\"page\" class=\"page-numbers current\"><span class=\"elementor-screen-only\">P\u00e1gina<\/span>1<\/span>\n<a class=\"page-numbers\" href=\"https:\/\/www.merkley.senate.gov\/es\/wp-json\/wp\/v2\/pages\/7621\/page\/2\/\"><span class=\"elementor-screen-only\">P\u00e1gina<\/span>2<\/a>\n<a class=\"page-numbers\" href=\"https:\/\/www.merkley.senate.gov\/es\/wp-json\/wp\/v2\/pages\/7621\/page\/3\/\"><span class=\"elementor-screen-only\">P\u00e1gina<\/span>3<\/a>\n<a class=\"page-numbers\" href=\"https:\/\/www.merkley.senate.gov\/es\/wp-json\/wp\/v2\/pages\/7621\/page\/4\/\"><span class=\"elementor-screen-only\">P\u00e1gina<\/span>4<\/a>\n<a class=\"page-numbers\" href=\"https:\/\/www.merkley.senate.gov\/es\/wp-json\/wp\/v2\/pages\/7621\/page\/5\/\"><span class=\"elementor-screen-only\">P\u00e1gina<\/span>5<\/a>\t\t<\/nav>\n\t\t\t\t\t\t<\/div>\n\t\t\t\t<\/div>\n\t\t\t\t\t<\/div>\n\t\t<\/div>\n\t\t\t\t\t<\/div>\n\t\t<\/section>\n\t\t\t\t<\/div>","protected":false},"excerpt":{"rendered":"<p>Jeff is committed to protecting America from those who would do us harm, and to making sure we do so in a way that is consistent with American values and our Constitutional rights.&nbsp; Indeed, Jeff firmly believes that the measure of our strength isn\u2019t just the power of our military, but that the United States [&hellip;]<\/p>\n","protected":false},"author":1,"featured_media":0,"parent":7298,"menu_order":0,"comment_status":"closed","ping_status":"closed","template":"","meta":{"_acf_changed":false,"inline_featured_image":false,"footnotes":""},"class_list":["post-7621","page","type-page","status-publish","hentry"],"acf":[],"yoast_head":"<!-- This site is optimized with the Yoast SEO plugin v27.2 - https:\/\/yoast.com\/product\/yoast-seo-wordpress\/ -->\n<title>Foreign Policy and National Security - Merkley<\/title>\n<meta name=\"robots\" content=\"index, follow, max-snippet:-1, max-image-preview:large, max-video-preview:-1\" \/>\n<link rel=\"canonical\" href=\"https:\/\/www.merkley.senate.gov\/es\/about\/issues\/foreign-policy-and-national-security\/\" \/>\n<meta property=\"og:locale\" content=\"es_MX\" \/>\n<meta property=\"og:type\" content=\"article\" \/>\n<meta property=\"og:title\" content=\"Foreign Policy and National Security - Merkley\" \/>\n<meta property=\"og:description\" content=\"Jeff is committed to protecting America from those who would do us harm, and to making sure we do so in a way that is consistent with American values and our Constitutional rights.&nbsp; Indeed, Jeff firmly believes that the measure of our strength isn\u2019t just the power of our military, but that the United States [&hellip;]\" \/>\n<meta property=\"og:url\" content=\"https:\/\/www.merkley.senate.gov\/es\/about\/issues\/foreign-policy-and-national-security\/\" \/>\n<meta property=\"og:site_name\" content=\"Merkley\" \/>\n<meta property=\"article:modified_time\" content=\"2023-07-24T15:34:26+00:00\" \/>\n<meta name=\"twitter:card\" content=\"summary_large_image\" \/>\n<meta name=\"twitter:label1\" content=\"Est. reading time\" \/>\n\t<meta name=\"twitter:data1\" content=\"3 minutes\" \/>\n<script type=\"application\/ld+json\" class=\"yoast-schema-graph\">{\"@context\":\"https:\/\/schema.org\",\"@graph\":[{\"@type\":\"WebPage\",\"@id\":\"https:\/\/www.merkley.senate.gov\/about\/issues\/foreign-policy-and-national-security\/\",\"url\":\"https:\/\/www.merkley.senate.gov\/about\/issues\/foreign-policy-and-national-security\/\",\"name\":\"Foreign Policy and National Security - Merkley\",\"isPartOf\":{\"@id\":\"https:\/\/www.merkley.senate.gov\/#website\"},\"datePublished\":\"2023-07-19T19:17:41+00:00\",\"dateModified\":\"2023-07-24T15:34:26+00:00\",\"breadcrumb\":{\"@id\":\"https:\/\/www.merkley.senate.gov\/about\/issues\/foreign-policy-and-national-security\/#breadcrumb\"},\"inLanguage\":\"es-MX\",\"potentialAction\":[{\"@type\":\"ReadAction\",\"target\":[\"https:\/\/www.merkley.senate.gov\/about\/issues\/foreign-policy-and-national-security\/\"]}]},{\"@type\":\"BreadcrumbList\",\"@id\":\"https:\/\/www.merkley.senate.gov\/about\/issues\/foreign-policy-and-national-security\/#breadcrumb\",\"itemListElement\":[{\"@type\":\"ListItem\",\"position\":1,\"name\":\"Home\",\"item\":\"https:\/\/www.merkley.senate.gov\/\"},{\"@type\":\"ListItem\",\"position\":2,\"name\":\"About Jeff\",\"item\":\"https:\/\/www.merkley.senate.gov\/about\/\"},{\"@type\":\"ListItem\",\"position\":3,\"name\":\"Issues\",\"item\":\"https:\/\/www.merkley.senate.gov\/about\/issues\/\"},{\"@type\":\"ListItem\",\"position\":4,\"name\":\"Foreign Policy and National Security\"}]},{\"@type\":\"WebSite\",\"@id\":\"https:\/\/www.merkley.senate.gov\/#website\",\"url\":\"https:\/\/www.merkley.senate.gov\/\",\"name\":\"Merkley\",\"description\":\"Merkley\",\"potentialAction\":[{\"@type\":\"SearchAction\",\"target\":{\"@type\":\"EntryPoint\",\"urlTemplate\":\"https:\/\/www.merkley.senate.gov\/?s={search_term_string}\"},\"query-input\":{\"@type\":\"PropertyValueSpecification\",\"valueRequired\":true,\"valueName\":\"search_term_string\"}}],\"inLanguage\":\"es-MX\"}]}<\/script>\n<!-- \/ Yoast SEO plugin. -->","yoast_head_json":{"title":"Foreign Policy and National Security - Merkley","robots":{"index":"index","follow":"follow","max-snippet":"max-snippet:-1","max-image-preview":"max-image-preview:large","max-video-preview":"max-video-preview:-1"},"canonical":"https:\/\/www.merkley.senate.gov\/es\/about\/issues\/foreign-policy-and-national-security\/","og_locale":"es_MX","og_type":"article","og_title":"Foreign Policy and National Security - Merkley","og_description":"Jeff is committed to protecting America from those who would do us harm, and to making sure we do so in a way that is consistent with American values and our Constitutional rights.&nbsp; Indeed, Jeff firmly believes that the measure of our strength isn\u2019t just the power of our military, but that the United States [&hellip;]","og_url":"https:\/\/www.merkley.senate.gov\/es\/about\/issues\/foreign-policy-and-national-security\/","og_site_name":"Merkley","article_modified_time":"2023-07-24T15:34:26+00:00","twitter_card":"summary_large_image","twitter_misc":{"Est. reading time":"3 minutes"},"schema":{"@context":"https:\/\/schema.org","@graph":[{"@type":"WebPage","@id":"https:\/\/www.merkley.senate.gov\/about\/issues\/foreign-policy-and-national-security\/","url":"https:\/\/www.merkley.senate.gov\/about\/issues\/foreign-policy-and-national-security\/","name":"Foreign Policy and National Security - Merkley","isPartOf":{"@id":"https:\/\/www.merkley.senate.gov\/#website"},"datePublished":"2023-07-19T19:17:41+00:00","dateModified":"2023-07-24T15:34:26+00:00","breadcrumb":{"@id":"https:\/\/www.merkley.senate.gov\/about\/issues\/foreign-policy-and-national-security\/#breadcrumb"},"inLanguage":"es-MX","potentialAction":[{"@type":"ReadAction","target":["https:\/\/www.merkley.senate.gov\/about\/issues\/foreign-policy-and-national-security\/"]}]},{"@type":"BreadcrumbList","@id":"https:\/\/www.merkley.senate.gov\/about\/issues\/foreign-policy-and-national-security\/#breadcrumb","itemListElement":[{"@type":"ListItem","position":1,"name":"Home","item":"https:\/\/www.merkley.senate.gov\/"},{"@type":"ListItem","position":2,"name":"About Jeff","item":"https:\/\/www.merkley.senate.gov\/about\/"},{"@type":"ListItem","position":3,"name":"Issues","item":"https:\/\/www.merkley.senate.gov\/about\/issues\/"},{"@type":"ListItem","position":4,"name":"Foreign Policy and National Security"}]},{"@type":"WebSite","@id":"https:\/\/www.merkley.senate.gov\/#website","url":"https:\/\/www.merkley.senate.gov\/","name":"merkley","description":"merkley","potentialAction":[{"@type":"SearchAction","target":{"@type":"EntryPoint","urlTemplate":"https:\/\/www.merkley.senate.gov\/?s={search_term_string}"},"query-input":{"@type":"PropertyValueSpecification","valueRequired":true,"valueName":"search_term_string"}}],"inLanguage":"es-MX"}]}},"_links":{"self":[{"href":"https:\/\/www.merkley.senate.gov\/es\/wp-json\/wp\/v2\/pages\/7621","targetHints":{"allow":["GET"]}}],"collection":[{"href":"https:\/\/www.merkley.senate.gov\/es\/wp-json\/wp\/v2\/pages"}],"about":[{"href":"https:\/\/www.merkley.senate.gov\/es\/wp-json\/wp\/v2\/types\/page"}],"author":[{"embeddable":true,"href":"https:\/\/www.merkley.senate.gov\/es\/wp-json\/wp\/v2\/users\/1"}],"replies":[{"embeddable":true,"href":"https:\/\/www.merkley.senate.gov\/es\/wp-json\/wp\/v2\/comments?post=7621"}],"version-history":[{"count":7,"href":"https:\/\/www.merkley.senate.gov\/es\/wp-json\/wp\/v2\/pages\/7621\/revisions"}],"predecessor-version":[{"id":16664,"href":"https:\/\/www.merkley.senate.gov\/es\/wp-json\/wp\/v2\/pages\/7621\/revisions\/16664"}],"up":[{"embeddable":true,"href":"https:\/\/www.merkley.senate.gov\/es\/wp-json\/wp\/v2\/pages\/7298"}],"wp:attachment":[{"href":"https:\/\/www.merkley.senate.gov\/es\/wp-json\/wp\/v2\/media?parent=7621"}],"curies":[{"name":"wp","href":"https:\/\/api.w.org\/{rel}","templated":true}]}}