{"id":7638,"date":"2023-07-19T15:25:41","date_gmt":"2023-07-19T19:25:41","guid":{"rendered":"https:\/\/www.merkley.senate.gov\/?page_id=7638"},"modified":"2023-07-24T11:39:55","modified_gmt":"2023-07-24T15:39:55","slug":"tackling-climate-change-2","status":"publish","type":"page","link":"https:\/\/www.merkley.senate.gov\/es\/about\/issues\/tackling-climate-change-2\/","title":{"rendered":"Abordar el cambio clim\u00e1tico"},"content":{"rendered":"<div data-elementor-type=\"wp-page\" data-elementor-id=\"7638\" class=\"elementor elementor-7638\" data-elementor-post-type=\"page\">\n\t\t\t\t\t\t<section class=\"elementor-section elementor-top-section elementor-element elementor-element-2736b8f1 elementor-section-boxed elementor-section-height-default elementor-section-height-default\" data-id=\"2736b8f1\" data-element_type=\"section\" data-e-type=\"section\">\n\t\t\t\t\t\t<div class=\"elementor-container elementor-column-gap-default\">\n\t\t\t\t\t<div class=\"elementor-column elementor-col-100 elementor-top-column elementor-element elementor-element-7d00417f\" data-id=\"7d00417f\" data-element_type=\"column\" data-e-type=\"column\">\n\t\t\t<div class=\"elementor-widget-wrap elementor-element-populated\">\n\t\t\t\t\t\t<div class=\"elementor-element elementor-element-4b36821 elementor-widget elementor-widget-text-editor\" data-id=\"4b36821\" data-element_type=\"widget\" data-e-type=\"widget\" data-widget_type=\"text-editor.default\">\n\t\t\t\t<div class=\"elementor-widget-container\">\n\t\t\t\t\t\t\t\t\t\n<p>La contaminaci\u00f3n de carbono en nuestra atm\u00f3sfera por la quema de combustibles f\u00f3siles como el petr\u00f3leo y el carb\u00f3n est\u00e1 librando un ataque directo y descontrolado a nuestra agricultura, pesca y bosques, las piedras angulares de la econom\u00eda rural de Oreg\u00f3n.<\/p>\n\n\n\n<p>Cuando Jeff era joven, su padre trabajaba como constructor de molinos. Pas\u00f3 su infancia en las comunidades madereras del sur de Oreg\u00f3n, donde los trabajos madereros pon\u00edan comida en la mesa y manten\u00edan los techos sobre las cabezas de la gente. Los incendios y las infestaciones de insectos ya est\u00e1n matando \u00e1rboles a un ritmo alarmante en todo el noroeste, y el cambio clim\u00e1tico solo empeorar\u00e1 estas amenazas para nuestros bosques. Otras industrias ic\u00f3nicas de Oreg\u00f3n, como nuestros criaderos de ostras costeros, est\u00e1n amenazadas por la acidificaci\u00f3n del oc\u00e9ano, y tanto la pesca como la agricultura enfrentan amenazas por la disminuci\u00f3n de las capas de nieve y el aumento de la sequ\u00eda.<\/p>\n\n\n\n<p>El Congreso necesita despertar. El cambio clim\u00e1tico es real y es malo para nuestra econom\u00eda y empleos, especialmente en las zonas rurales de Oreg\u00f3n y los lugares que m\u00e1s dependen de nuestros abundantes recursos naturales.<\/p>\n\t\t\t\t\t\t\t\t<\/div>\n\t\t\t\t<\/div>\n\t\t\t\t\t<\/div>\n\t\t<\/div>\n\t\t\t\t\t<\/div>\n\t\t<\/section>\n\t\t\t\t<section class=\"elementor-section elementor-top-section elementor-element elementor-element-005c8e8 elementor-section-boxed elementor-section-height-default elementor-section-height-default\" data-id=\"005c8e8\" data-element_type=\"section\" data-e-type=\"section\">\n\t\t\t\t\t\t<div class=\"elementor-container elementor-column-gap-default\">\n\t\t\t\t\t<div class=\"elementor-column elementor-col-100 elementor-top-column elementor-element elementor-element-981cf52\" data-id=\"981cf52\" data-element_type=\"column\" data-e-type=\"column\">\n\t\t\t<div class=\"elementor-widget-wrap elementor-element-populated\">\n\t\t\t\t\t\t<div class=\"elementor-element elementor-element-b46ff05 elementor-grid-1 elementor-posts--thumbnail-none elementor-grid-tablet-2 elementor-grid-mobile-1 elementor-widget elementor-widget-posts\" data-id=\"b46ff05\" data-element_type=\"widget\" data-e-type=\"widget\" data-settings=\"{&quot;classic_columns&quot;:&quot;1&quot;,&quot;classic_row_gap&quot;:{&quot;unit&quot;:&quot;px&quot;,&quot;size&quot;:45,&quot;sizes&quot;:[]},&quot;pagination_type&quot;:&quot;numbers&quot;,&quot;classic_columns_tablet&quot;:&quot;2&quot;,&quot;classic_columns_mobile&quot;:&quot;1&quot;,&quot;classic_row_gap_laptop&quot;:{&quot;unit&quot;:&quot;px&quot;,&quot;size&quot;:&quot;&quot;,&quot;sizes&quot;:[]},&quot;classic_row_gap_tablet_extra&quot;:{&quot;unit&quot;:&quot;px&quot;,&quot;size&quot;:&quot;&quot;,&quot;sizes&quot;:[]},&quot;classic_row_gap_tablet&quot;:{&quot;unit&quot;:&quot;px&quot;,&quot;size&quot;:&quot;&quot;,&quot;sizes&quot;:[]},&quot;classic_row_gap_mobile_extra&quot;:{&quot;unit&quot;:&quot;px&quot;,&quot;size&quot;:&quot;&quot;,&quot;sizes&quot;:[]},&quot;classic_row_gap_mobile&quot;:{&quot;unit&quot;:&quot;px&quot;,&quot;size&quot;:&quot;&quot;,&quot;sizes&quot;:[]}}\" data-widget_type=\"posts.classic\">\n\t\t\t\t<div class=\"elementor-widget-container\">\n\t\t\t\t\t\t\t<div class=\"elementor-posts-container elementor-posts elementor-posts--skin-classic elementor-grid\" role=\"list\">\n\t\t\t\t<article class=\"elementor-post elementor-grid-item post-24457 post type-post status-publish format-standard has-post-thumbnail hentry category-press-releases tag-delivering-for-oregon tag-natural-resources-and-rural-development tag-tackling-climate-change tag-wildfire\" role=\"listitem\">\n\t\t\t\t<div class=\"elementor-post__text\">\n\t\t\t\t<h2 class=\"elementor-post__title\">\n\t\t\t<a href=\"https:\/\/www.merkley.senate.gov\/es\/merkley-wyden-colleagues-raise-concerns-about-forest-service-reorganization\/\" >\n\t\t\t\tMerkley, Wyden y sus colegas expresan su preocupaci\u00f3n por la reorganizaci\u00f3n del Servicio Forestal.\t\t\t<\/a>\n\t\t<\/h2>\n\t\t\t\t<div class=\"elementor-post__meta-data\">\n\t\t\t\t\t<span class=\"elementor-post-date\">\n\t\t\t23 de abril de 2026\t\t<\/span>\n\t\t\t\t<\/div>\n\t\t\t\t<div class=\"elementor-post__excerpt\">\n\t\t\t<p>Washington, DC \u2013 El senador estadounidense de Oreg\u00f3n, Jeff Merkley, miembro de mayor rango del Subcomit\u00e9 de Asignaciones del Senado para Interior, Medio Ambiente y Agencias Relacionadas, encabez\u00f3 a m\u00e1s de 30 de sus colegas, incluido el senador Ron Wyden, para expresar serias preocupaciones sobre la reorganizaci\u00f3n del Servicio Forestal de los Estados Unidos ante el Departamento de Agricultura de los Estados Unidos. \u201cEscribimos con<\/p>\n\t\t<\/div>\n\t\t\n\t\t<a class=\"elementor-post__read-more\" href=\"https:\/\/www.merkley.senate.gov\/es\/merkley-wyden-colleagues-raise-concerns-about-forest-service-reorganization\/\" aria-label=\"Read more about Merkley, Wyden, Colleagues Raise Concerns about Forest Service Reorganization\" tabindex=\"-1\" >\n\t\t\t<i aria-hidden=\"true\" class=\"fal fa-chevron-circle-right\"><\/i>\t\t<\/a>\n\n\t\t\t\t<\/div>\n\t\t\t\t<\/article>\n\t\t\t\t<article class=\"elementor-post elementor-grid-item post-24446 post type-post status-publish format-standard has-post-thumbnail hentry category-press-releases tag-appropriations tag-natural-resources-and-rural-development tag-tackling-climate-change\" role=\"listitem\">\n\t\t\t\t<div class=\"elementor-post__text\">\n\t\t\t\t<h2 class=\"elementor-post__title\">\n\t\t\t<a href=\"https:\/\/www.merkley.senate.gov\/es\/merkley-remarks-at-fy27-interior-department-budget-hearing-with-secretary-burgum\/\" >\n\t\t\t\tMerkley Remarks at FY27 Interior Department Budget Hearing with Secretary Burgum\t\t\t<\/a>\n\t\t<\/h2>\n\t\t\t\t<div class=\"elementor-post__meta-data\">\n\t\t\t\t\t<span class=\"elementor-post-date\">\n\t\t\tApril 22, 2026\t\t<\/span>\n\t\t\t\t<\/div>\n\t\t\t\t<div class=\"elementor-post__excerpt\">\n\t\t\t<p>Washington, D.C. \u2013 Today, Oregon\u2019s U.S. Senator Jeff Merkley\u2014the Ranking Member of the Senate Interior-Environment Appropriations Subcommittee\u2014delivered the following remarks as prepared for delivery at the hearing reviewing the President\u2019s Fiscal Year 2027 budget request for the U.S. Department of the Interior with Secretary Doug Burgum: Senator Merkley\u2019s remarks, as<\/p>\n\t\t<\/div>\n\t\t\n\t\t<a class=\"elementor-post__read-more\" href=\"https:\/\/www.merkley.senate.gov\/es\/merkley-remarks-at-fy27-interior-department-budget-hearing-with-secretary-burgum\/\" aria-label=\"Read more about Merkley Remarks at FY27 Interior Department Budget Hearing with Secretary Burgum\" tabindex=\"-1\" >\n\t\t\t<i aria-hidden=\"true\" class=\"fal fa-chevron-circle-right\"><\/i>\t\t<\/a>\n\n\t\t\t\t<\/div>\n\t\t\t\t<\/article>\n\t\t\t\t<article class=\"elementor-post elementor-grid-item post-24416 post type-post status-publish format-standard has-post-thumbnail hentry category-press-releases tag-appropriations tag-jobs-and-the-economy tag-natural-resources-and-rural-development tag-tackling-climate-change\" role=\"listitem\">\n\t\t\t\t<div class=\"elementor-post__text\">\n\t\t\t\t<h2 class=\"elementor-post__title\">\n\t\t\t<a href=\"https:\/\/www.merkley.senate.gov\/es\/merkley-van-hollen-gillibrand-press-interior-secretary-burgum-on-failure-to-comply-with-federal-law-on-status-of-renewable-projects\/\" >\n\t\t\t\tMerkley, Van Hollen, Gillibrand Press Interior Secretary Burgum on Failure to Comply with Federal Law on Status of Renewable Projects\t\t\t<\/a>\n\t\t<\/h2>\n\t\t\t\t<div class=\"elementor-post__meta-data\">\n\t\t\t\t\t<span class=\"elementor-post-date\">\n\t\t\tApril 15, 2026\t\t<\/span>\n\t\t\t\t<\/div>\n\t\t\t\t<div class=\"elementor-post__excerpt\">\n\t\t\t<p>Washington, D.C. \u2013 Today, Oregon\u2019s U.S. Senator Jeff Merkley\u2014the top Democrat on the subcommittee that oversees funding for the U.S. Department of Interior\u2014led U.S. Senators Chris Van Hollen (D-MD) and Kirsten Gillibrand (D-NY) in demanding an urgent update from the Interior Department on the status of renewable energy projects that<\/p>\n\t\t<\/div>\n\t\t\n\t\t<a class=\"elementor-post__read-more\" href=\"https:\/\/www.merkley.senate.gov\/es\/merkley-van-hollen-gillibrand-press-interior-secretary-burgum-on-failure-to-comply-with-federal-law-on-status-of-renewable-projects\/\" aria-label=\"Read more about Merkley, Van Hollen, Gillibrand Press Interior Secretary Burgum on Failure to Comply with Federal Law on Status of Renewable Projects\" tabindex=\"-1\" >\n\t\t\t<i aria-hidden=\"true\" class=\"fal fa-chevron-circle-right\"><\/i>\t\t<\/a>\n\n\t\t\t\t<\/div>\n\t\t\t\t<\/article>\n\t\t\t\t<article class=\"elementor-post elementor-grid-item post-24366 post type-post status-publish format-standard has-post-thumbnail hentry category-press-releases tag-agriculture tag-appropriations tag-bipartisan-actions tag-delivering-for-oregon tag-drought tag-foreign-policy-and-national-security tag-natural-resources-and-rural-development tag-tackling-climate-change\" role=\"listitem\">\n\t\t\t\t<div class=\"elementor-post__text\">\n\t\t\t\t<h2 class=\"elementor-post__title\">\n\t\t\t<a href=\"https:\/\/www.merkley.senate.gov\/es\/merkley-leads-bipartisan-legislation-to-cut-red-tape-and-invest-in-watershed-projects-due-to-extreme-drought\/\" >\n\t\t\t\tMerkley Leads Bipartisan Legislation to Cut Red Tape and Invest in Watershed Projects Due to Extreme Drought\t\t\t<\/a>\n\t\t<\/h2>\n\t\t\t\t<div class=\"elementor-post__meta-data\">\n\t\t\t\t\t<span class=\"elementor-post-date\">\n\t\t\tApril 8, 2026\t\t<\/span>\n\t\t\t\t<\/div>\n\t\t\t\t<div class=\"elementor-post__excerpt\">\n\t\t\t<p>Washington, D.C. \u2014 Oregon\u2019s U.S. Senator Jeff Merkley\u2014the former Ranking Member on the Appropriations subcommittee that writes our nation\u2019s agriculture funding bill\u2014partnered with&nbsp;U.S. Senators Michael Bennet (D-CO) and Deb Fischer (R-NE) to reintroduce the&nbsp;Healthy Watersheds, Healthy Communities Act. This bipartisan bill would increase the resiliency of American agriculture and communities<\/p>\n\t\t<\/div>\n\t\t\n\t\t<a class=\"elementor-post__read-more\" href=\"https:\/\/www.merkley.senate.gov\/es\/merkley-leads-bipartisan-legislation-to-cut-red-tape-and-invest-in-watershed-projects-due-to-extreme-drought\/\" aria-label=\"Read more about Merkley Leads Bipartisan Legislation to Cut Red Tape and Invest in Watershed Projects Due to Extreme Drought\" tabindex=\"-1\" >\n\t\t\t<i aria-hidden=\"true\" class=\"fal fa-chevron-circle-right\"><\/i>\t\t<\/a>\n\n\t\t\t\t<\/div>\n\t\t\t\t<\/article>\n\t\t\t\t<article class=\"elementor-post elementor-grid-item post-24363 post type-post status-publish format-standard has-post-thumbnail hentry category-press-releases tag-appropriations tag-budget tag-delivering-for-oregon tag-jobs-and-the-economy tag-natural-resources-and-rural-development tag-tackling-climate-change\" role=\"listitem\">\n\t\t\t\t<div class=\"elementor-post__text\">\n\t\t\t\t<h2 class=\"elementor-post__title\">\n\t\t\t<a href=\"https:\/\/www.merkley.senate.gov\/es\/interior-appropriations-subcommittee-ranking-member-merkley-cuts-in-trumps-budget-request-to-leave-lasting-scars-on-public-lands-tribes-and-human-health\/\" >\n\t\t\t\tInterior Appropriations Subcommittee Ranking Member Merkley: Cuts in Trump\u2019s Budget Request to Leave Lasting Scars\u00a0on Public Lands, Tribes, and Human Health\t\t\t<\/a>\n\t\t<\/h2>\n\t\t\t\t<div class=\"elementor-post__meta-data\">\n\t\t\t\t\t<span class=\"elementor-post-date\">\n\t\t\tApril 7, 2026\t\t<\/span>\n\t\t\t\t<\/div>\n\t\t\t\t<div class=\"elementor-post__excerpt\">\n\t\t\t<p>Washington, D.C. \u2013 U.S. Senator Jeff Merkley (D-OR), Ranking Member of the Interior-Environment Subcommittee on the Senate Appropriations Committee, released the following statement after the release of President Trump\u2019s budget request for Fiscal Year 2027: \u201cThis budget request from President Trump and his Administration once again fails to meet the<\/p>\n\t\t<\/div>\n\t\t\n\t\t<a class=\"elementor-post__read-more\" href=\"https:\/\/www.merkley.senate.gov\/es\/interior-appropriations-subcommittee-ranking-member-merkley-cuts-in-trumps-budget-request-to-leave-lasting-scars-on-public-lands-tribes-and-human-health\/\" aria-label=\"Read more about Interior Appropriations Subcommittee Ranking Member Merkley: Cuts in Trump\u2019s Budget Request to Leave Lasting Scars\u00a0on Public Lands, Tribes, and Human Health\" tabindex=\"-1\" >\n\t\t\t<i aria-hidden=\"true\" class=\"fal fa-chevron-circle-right\"><\/i>\t\t<\/a>\n\n\t\t\t\t<\/div>\n\t\t\t\t<\/article>\n\t\t\t\t<article class=\"elementor-post elementor-grid-item post-24361 post type-post status-publish format-standard has-post-thumbnail hentry category-press-releases tag-budget tag-protecting-consumers-taxpayers-and-the-economy tag-tackling-climate-change\" role=\"listitem\">\n\t\t\t\t<div class=\"elementor-post__text\">\n\t\t\t\t<h2 class=\"elementor-post__title\">\n\t\t\t<a href=\"https:\/\/www.merkley.senate.gov\/es\/merkley-schumer-warren-markey-whitehouse-welch-van-hollen-investigate-irs-massive-payout-to-lng-exporters\/\" >\n\t\t\t\tMerkley, Schumer, Warren, Markey, Whitehouse, Welch, Van Hollen Investigate IRS\u2019 Massive Payout to LNG Exporters\t\t\t<\/a>\n\t\t<\/h2>\n\t\t\t\t<div class=\"elementor-post__meta-data\">\n\t\t\t\t\t<span class=\"elementor-post-date\">\n\t\t\tApril 7, 2026\t\t<\/span>\n\t\t\t\t<\/div>\n\t\t\t\t<div class=\"elementor-post__excerpt\">\n\t\t\t<p>Washington, D.C. \u2013 Today, U.S. Senator Jeff Merkley (D-OR)\u2014Ranking Member of the Senate Budget Committee\u2014teamed up with Senate Democratic Leader Chuck Schumer (D-NY) and U.S. Senators Elizabeth Warren (D-MA), Edward J. Markey (D-MA), Sheldon Whitehouse (D-RI), Peter Welch (D-VT), and Chris Van Hollen (D-MD) to launch a probe into the<\/p>\n\t\t<\/div>\n\t\t\n\t\t<a class=\"elementor-post__read-more\" href=\"https:\/\/www.merkley.senate.gov\/es\/merkley-schumer-warren-markey-whitehouse-welch-van-hollen-investigate-irs-massive-payout-to-lng-exporters\/\" aria-label=\"Read more about Merkley, Schumer, Warren, Markey, Whitehouse, Welch, Van Hollen Investigate IRS\u2019 Massive Payout to LNG Exporters\" tabindex=\"-1\" >\n\t\t\t<i aria-hidden=\"true\" class=\"fal fa-chevron-circle-right\"><\/i>\t\t<\/a>\n\n\t\t\t\t<\/div>\n\t\t\t\t<\/article>\n\t\t\t\t<\/div>\n\t\t\n\t\t\t\t<div class=\"e-load-more-anchor\" data-page=\"1\" data-max-page=\"87\" data-next-page=\"https:\/\/www.merkley.senate.gov\/es\/wp-json\/wp\/v2\/pages\/7638\/page\/2\/\"><\/div>\n\t\t\t\t<nav class=\"elementor-pagination\" aria-label=\"Pagination\">\n\t\t\t<span aria-current=\"page\" class=\"page-numbers current\"><span class=\"elementor-screen-only\">P\u00e1gina<\/span>1<\/span>\n<a class=\"page-numbers\" href=\"https:\/\/www.merkley.senate.gov\/es\/wp-json\/wp\/v2\/pages\/7638\/page\/2\/\"><span class=\"elementor-screen-only\">P\u00e1gina<\/span>2<\/a>\n<a class=\"page-numbers\" href=\"https:\/\/www.merkley.senate.gov\/es\/wp-json\/wp\/v2\/pages\/7638\/page\/3\/\"><span class=\"elementor-screen-only\">P\u00e1gina<\/span>3<\/a>\n<a class=\"page-numbers\" href=\"https:\/\/www.merkley.senate.gov\/es\/wp-json\/wp\/v2\/pages\/7638\/page\/4\/\"><span class=\"elementor-screen-only\">P\u00e1gina<\/span>4<\/a>\n<a class=\"page-numbers\" href=\"https:\/\/www.merkley.senate.gov\/es\/wp-json\/wp\/v2\/pages\/7638\/page\/5\/\"><span class=\"elementor-screen-only\">P\u00e1gina<\/span>5<\/a>\t\t<\/nav>\n\t\t\t\t\t\t<\/div>\n\t\t\t\t<\/div>\n\t\t\t\t\t<\/div>\n\t\t<\/div>\n\t\t\t\t\t<\/div>\n\t\t<\/section>\n\t\t\t\t<\/div>","protected":false},"excerpt":{"rendered":"<p>The carbon pollution in our atmosphere from burning fossil fuels like oil and coal is waging a direct and unchecked assault on our farming, fishing and forests \u2013 the cornerstones of Oregon\u2019s rural economy. When Jeff was young, his dad worked as a millwright. He spent his childhood in Southern Oregon timber communities, where timber [&hellip;]<\/p>\n","protected":false},"author":1,"featured_media":0,"parent":7298,"menu_order":0,"comment_status":"closed","ping_status":"closed","template":"","meta":{"_acf_changed":false,"inline_featured_image":false,"footnotes":""},"class_list":["post-7638","page","type-page","status-publish","hentry"],"acf":[],"yoast_head":"<!-- This site is optimized with the Yoast SEO plugin v27.2 - https:\/\/yoast.com\/product\/yoast-seo-wordpress\/ -->\n<title>Tackling Climate Change - Merkley<\/title>\n<meta name=\"robots\" content=\"index, follow, max-snippet:-1, max-image-preview:large, max-video-preview:-1\" \/>\n<link rel=\"canonical\" href=\"https:\/\/www.merkley.senate.gov\/es\/about\/issues\/tackling-climate-change-2\/\" \/>\n<meta property=\"og:locale\" content=\"es_MX\" \/>\n<meta property=\"og:type\" content=\"article\" \/>\n<meta property=\"og:title\" content=\"Tackling Climate Change - Merkley\" \/>\n<meta property=\"og:description\" content=\"The carbon pollution in our atmosphere from burning fossil fuels like oil and coal is waging a direct and unchecked assault on our farming, fishing and forests \u2013 the cornerstones of Oregon\u2019s rural economy. When Jeff was young, his dad worked as a millwright. He spent his childhood in Southern Oregon timber communities, where timber [&hellip;]\" \/>\n<meta property=\"og:url\" content=\"https:\/\/www.merkley.senate.gov\/es\/about\/issues\/tackling-climate-change-2\/\" \/>\n<meta property=\"og:site_name\" content=\"Merkley\" \/>\n<meta property=\"article:modified_time\" content=\"2023-07-24T15:39:55+00:00\" \/>\n<meta name=\"twitter:card\" content=\"summary_large_image\" \/>\n<meta name=\"twitter:label1\" content=\"Est. reading time\" \/>\n\t<meta name=\"twitter:data1\" content=\"3 minutes\" \/>\n<script type=\"application\/ld+json\" class=\"yoast-schema-graph\">{\"@context\":\"https:\/\/schema.org\",\"@graph\":[{\"@type\":\"WebPage\",\"@id\":\"https:\/\/www.merkley.senate.gov\/about\/issues\/tackling-climate-change-2\/\",\"url\":\"https:\/\/www.merkley.senate.gov\/about\/issues\/tackling-climate-change-2\/\",\"name\":\"Tackling Climate Change - Merkley\",\"isPartOf\":{\"@id\":\"https:\/\/www.merkley.senate.gov\/#website\"},\"datePublished\":\"2023-07-19T19:25:41+00:00\",\"dateModified\":\"2023-07-24T15:39:55+00:00\",\"breadcrumb\":{\"@id\":\"https:\/\/www.merkley.senate.gov\/about\/issues\/tackling-climate-change-2\/#breadcrumb\"},\"inLanguage\":\"es-MX\",\"potentialAction\":[{\"@type\":\"ReadAction\",\"target\":[\"https:\/\/www.merkley.senate.gov\/about\/issues\/tackling-climate-change-2\/\"]}]},{\"@type\":\"BreadcrumbList\",\"@id\":\"https:\/\/www.merkley.senate.gov\/about\/issues\/tackling-climate-change-2\/#breadcrumb\",\"itemListElement\":[{\"@type\":\"ListItem\",\"position\":1,\"name\":\"Home\",\"item\":\"https:\/\/www.merkley.senate.gov\/\"},{\"@type\":\"ListItem\",\"position\":2,\"name\":\"About Jeff\",\"item\":\"https:\/\/www.merkley.senate.gov\/about\/\"},{\"@type\":\"ListItem\",\"position\":3,\"name\":\"Issues\",\"item\":\"https:\/\/www.merkley.senate.gov\/about\/issues\/\"},{\"@type\":\"ListItem\",\"position\":4,\"name\":\"Tackling Climate Change\"}]},{\"@type\":\"WebSite\",\"@id\":\"https:\/\/www.merkley.senate.gov\/#website\",\"url\":\"https:\/\/www.merkley.senate.gov\/\",\"name\":\"Merkley\",\"description\":\"Merkley\",\"potentialAction\":[{\"@type\":\"SearchAction\",\"target\":{\"@type\":\"EntryPoint\",\"urlTemplate\":\"https:\/\/www.merkley.senate.gov\/?s={search_term_string}\"},\"query-input\":{\"@type\":\"PropertyValueSpecification\",\"valueRequired\":true,\"valueName\":\"search_term_string\"}}],\"inLanguage\":\"es-MX\"}]}<\/script>\n<!-- \/ Yoast SEO plugin. -->","yoast_head_json":{"title":"Tackling Climate Change - Merkley","robots":{"index":"index","follow":"follow","max-snippet":"max-snippet:-1","max-image-preview":"max-image-preview:large","max-video-preview":"max-video-preview:-1"},"canonical":"https:\/\/www.merkley.senate.gov\/es\/about\/issues\/tackling-climate-change-2\/","og_locale":"es_MX","og_type":"article","og_title":"Tackling Climate Change - Merkley","og_description":"The carbon pollution in our atmosphere from burning fossil fuels like oil and coal is waging a direct and unchecked assault on our farming, fishing and forests \u2013 the cornerstones of Oregon\u2019s rural economy. When Jeff was young, his dad worked as a millwright. He spent his childhood in Southern Oregon timber communities, where timber [&hellip;]","og_url":"https:\/\/www.merkley.senate.gov\/es\/about\/issues\/tackling-climate-change-2\/","og_site_name":"Merkley","article_modified_time":"2023-07-24T15:39:55+00:00","twitter_card":"summary_large_image","twitter_misc":{"Est. reading time":"3 minutes"},"schema":{"@context":"https:\/\/schema.org","@graph":[{"@type":"WebPage","@id":"https:\/\/www.merkley.senate.gov\/about\/issues\/tackling-climate-change-2\/","url":"https:\/\/www.merkley.senate.gov\/about\/issues\/tackling-climate-change-2\/","name":"Tackling Climate Change - Merkley","isPartOf":{"@id":"https:\/\/www.merkley.senate.gov\/#website"},"datePublished":"2023-07-19T19:25:41+00:00","dateModified":"2023-07-24T15:39:55+00:00","breadcrumb":{"@id":"https:\/\/www.merkley.senate.gov\/about\/issues\/tackling-climate-change-2\/#breadcrumb"},"inLanguage":"es-MX","potentialAction":[{"@type":"ReadAction","target":["https:\/\/www.merkley.senate.gov\/about\/issues\/tackling-climate-change-2\/"]}]},{"@type":"BreadcrumbList","@id":"https:\/\/www.merkley.senate.gov\/about\/issues\/tackling-climate-change-2\/#breadcrumb","itemListElement":[{"@type":"ListItem","position":1,"name":"Home","item":"https:\/\/www.merkley.senate.gov\/"},{"@type":"ListItem","position":2,"name":"About Jeff","item":"https:\/\/www.merkley.senate.gov\/about\/"},{"@type":"ListItem","position":3,"name":"Issues","item":"https:\/\/www.merkley.senate.gov\/about\/issues\/"},{"@type":"ListItem","position":4,"name":"Tackling Climate Change"}]},{"@type":"WebSite","@id":"https:\/\/www.merkley.senate.gov\/#website","url":"https:\/\/www.merkley.senate.gov\/","name":"merkley","description":"merkley","potentialAction":[{"@type":"SearchAction","target":{"@type":"EntryPoint","urlTemplate":"https:\/\/www.merkley.senate.gov\/?s={search_term_string}"},"query-input":{"@type":"PropertyValueSpecification","valueRequired":true,"valueName":"search_term_string"}}],"inLanguage":"es-MX"}]}},"_links":{"self":[{"href":"https:\/\/www.merkley.senate.gov\/es\/wp-json\/wp\/v2\/pages\/7638","targetHints":{"allow":["GET"]}}],"collection":[{"href":"https:\/\/www.merkley.senate.gov\/es\/wp-json\/wp\/v2\/pages"}],"about":[{"href":"https:\/\/www.merkley.senate.gov\/es\/wp-json\/wp\/v2\/types\/page"}],"author":[{"embeddable":true,"href":"https:\/\/www.merkley.senate.gov\/es\/wp-json\/wp\/v2\/users\/1"}],"replies":[{"embeddable":true,"href":"https:\/\/www.merkley.senate.gov\/es\/wp-json\/wp\/v2\/comments?post=7638"}],"version-history":[{"count":7,"href":"https:\/\/www.merkley.senate.gov\/es\/wp-json\/wp\/v2\/pages\/7638\/revisions"}],"predecessor-version":[{"id":16688,"href":"https:\/\/www.merkley.senate.gov\/es\/wp-json\/wp\/v2\/pages\/7638\/revisions\/16688"}],"up":[{"embeddable":true,"href":"https:\/\/www.merkley.senate.gov\/es\/wp-json\/wp\/v2\/pages\/7298"}],"wp:attachment":[{"href":"https:\/\/www.merkley.senate.gov\/es\/wp-json\/wp\/v2\/media?parent=7638"}],"curies":[{"name":"wp","href":"https:\/\/api.w.org\/{rel}","templated":true}]}}