{"id":7638,"date":"2023-07-19T15:25:41","date_gmt":"2023-07-19T19:25:41","guid":{"rendered":"https:\/\/www.merkley.senate.gov\/?page_id=7638"},"modified":"2023-07-24T11:39:55","modified_gmt":"2023-07-24T15:39:55","slug":"tackling-climate-change-2","status":"publish","type":"page","link":"https:\/\/www.merkley.senate.gov\/es\/about\/issues\/tackling-climate-change-2\/","title":{"rendered":"Abordar el cambio clim\u00e1tico"},"content":{"rendered":"<div data-elementor-type=\"wp-page\" data-elementor-id=\"7638\" class=\"elementor elementor-7638\" data-elementor-post-type=\"page\">\n\t\t\t\t\t\t<section class=\"elementor-section elementor-top-section elementor-element elementor-element-2736b8f1 elementor-section-boxed elementor-section-height-default elementor-section-height-default\" data-id=\"2736b8f1\" data-element_type=\"section\" data-e-type=\"section\">\n\t\t\t\t\t\t<div class=\"elementor-container elementor-column-gap-default\">\n\t\t\t\t\t<div class=\"elementor-column elementor-col-100 elementor-top-column elementor-element elementor-element-7d00417f\" data-id=\"7d00417f\" data-element_type=\"column\" data-e-type=\"column\">\n\t\t\t<div class=\"elementor-widget-wrap elementor-element-populated\">\n\t\t\t\t\t\t<div class=\"elementor-element elementor-element-4b36821 elementor-widget elementor-widget-text-editor\" data-id=\"4b36821\" data-element_type=\"widget\" data-e-type=\"widget\" data-widget_type=\"text-editor.default\">\n\t\t\t\t<div class=\"elementor-widget-container\">\n\t\t\t\t\t\t\t\t\t\n<p>La contaminaci\u00f3n de carbono en nuestra atm\u00f3sfera por la quema de combustibles f\u00f3siles como el petr\u00f3leo y el carb\u00f3n est\u00e1 librando un ataque directo y descontrolado a nuestra agricultura, pesca y bosques, las piedras angulares de la econom\u00eda rural de Oreg\u00f3n.<\/p>\n\n\n\n<p>Cuando Jeff era joven, su padre trabajaba como constructor de molinos. Pas\u00f3 su infancia en las comunidades madereras del sur de Oreg\u00f3n, donde los trabajos madereros pon\u00edan comida en la mesa y manten\u00edan los techos sobre las cabezas de la gente. Los incendios y las infestaciones de insectos ya est\u00e1n matando \u00e1rboles a un ritmo alarmante en todo el noroeste, y el cambio clim\u00e1tico solo empeorar\u00e1 estas amenazas para nuestros bosques. Otras industrias ic\u00f3nicas de Oreg\u00f3n, como nuestros criaderos de ostras costeros, est\u00e1n amenazadas por la acidificaci\u00f3n del oc\u00e9ano, y tanto la pesca como la agricultura enfrentan amenazas por la disminuci\u00f3n de las capas de nieve y el aumento de la sequ\u00eda.<\/p>\n\n\n\n<p>El Congreso necesita despertar. El cambio clim\u00e1tico es real y es malo para nuestra econom\u00eda y empleos, especialmente en las zonas rurales de Oreg\u00f3n y los lugares que m\u00e1s dependen de nuestros abundantes recursos naturales.<\/p>\n\t\t\t\t\t\t\t\t<\/div>\n\t\t\t\t<\/div>\n\t\t\t\t\t<\/div>\n\t\t<\/div>\n\t\t\t\t\t<\/div>\n\t\t<\/section>\n\t\t\t\t<section class=\"elementor-section elementor-top-section elementor-element elementor-element-005c8e8 elementor-section-boxed elementor-section-height-default elementor-section-height-default\" data-id=\"005c8e8\" data-element_type=\"section\" data-e-type=\"section\">\n\t\t\t\t\t\t<div class=\"elementor-container elementor-column-gap-default\">\n\t\t\t\t\t<div class=\"elementor-column elementor-col-100 elementor-top-column elementor-element elementor-element-981cf52\" data-id=\"981cf52\" data-element_type=\"column\" data-e-type=\"column\">\n\t\t\t<div class=\"elementor-widget-wrap elementor-element-populated\">\n\t\t\t\t\t\t<div class=\"elementor-element elementor-element-b46ff05 elementor-grid-1 elementor-posts--thumbnail-none elementor-grid-tablet-2 elementor-grid-mobile-1 elementor-widget elementor-widget-posts\" data-id=\"b46ff05\" data-element_type=\"widget\" data-e-type=\"widget\" data-settings=\"{&quot;classic_columns&quot;:&quot;1&quot;,&quot;classic_row_gap&quot;:{&quot;unit&quot;:&quot;px&quot;,&quot;size&quot;:45,&quot;sizes&quot;:[]},&quot;pagination_type&quot;:&quot;numbers&quot;,&quot;classic_columns_tablet&quot;:&quot;2&quot;,&quot;classic_columns_mobile&quot;:&quot;1&quot;,&quot;classic_row_gap_laptop&quot;:{&quot;unit&quot;:&quot;px&quot;,&quot;size&quot;:&quot;&quot;,&quot;sizes&quot;:[]},&quot;classic_row_gap_tablet_extra&quot;:{&quot;unit&quot;:&quot;px&quot;,&quot;size&quot;:&quot;&quot;,&quot;sizes&quot;:[]},&quot;classic_row_gap_tablet&quot;:{&quot;unit&quot;:&quot;px&quot;,&quot;size&quot;:&quot;&quot;,&quot;sizes&quot;:[]},&quot;classic_row_gap_mobile_extra&quot;:{&quot;unit&quot;:&quot;px&quot;,&quot;size&quot;:&quot;&quot;,&quot;sizes&quot;:[]},&quot;classic_row_gap_mobile&quot;:{&quot;unit&quot;:&quot;px&quot;,&quot;size&quot;:&quot;&quot;,&quot;sizes&quot;:[]}}\" data-widget_type=\"posts.classic\">\n\t\t\t\t<div class=\"elementor-widget-container\">\n\t\t\t\t\t\t\t<div class=\"elementor-posts-container elementor-posts elementor-posts--skin-classic elementor-grid\" role=\"list\">\n\t\t\t\t<article class=\"elementor-post elementor-grid-item post-25259 post type-post status-publish format-standard has-post-thumbnail hentry category-press-releases tag-delivering-for-oregon tag-responding-to-and-recovering-from-wildfire-and-drought tag-tackling-climate-change tag-wildfire\" role=\"listitem\">\n\t\t\t\t<div class=\"elementor-post__text\">\n\t\t\t\t<h2 class=\"elementor-post__title\">\n\t\t\t<a href=\"https:\/\/www.merkley.senate.gov\/es\/merkley-joins-effort-to-help-state-local-tribal-agencies-monitor-air-pollution-from-wildfires\/\" >\n\t\t\t\tMerkley Joins Effort to Help State, Local, Tribal Agencies Monitor Air Pollution from Wildfires\t\t\t<\/a>\n\t\t<\/h2>\n\t\t\t\t<div class=\"elementor-post__meta-data\">\n\t\t\t\t\t<span class=\"elementor-post-date\">\n\t\t\tAugust 24, 2026\t\t<\/span>\n\t\t\t\t<\/div>\n\t\t\t\t<div class=\"elementor-post__excerpt\">\n\t\t\t<p>Washington, D.C.\u2013 Oregon\u2019s U.S. Senator Jeff Merkley joined his Senate colleagues to introduce new legislation that would help state, local, and Tribal government agencies monitor worsening air pollution caused by wildfires and make more informed public health decisions. \u201cWhen the 2020 Labor Day fires swept across Oregon, I drove over<\/p>\n\t\t<\/div>\n\t\t\n\t\t<a class=\"elementor-post__read-more\" href=\"https:\/\/www.merkley.senate.gov\/es\/merkley-joins-effort-to-help-state-local-tribal-agencies-monitor-air-pollution-from-wildfires\/\" aria-label=\"Read more about Merkley Joins Effort to Help State, Local, Tribal Agencies Monitor Air Pollution from Wildfires\" tabindex=\"-1\" >\n\t\t\t<i aria-hidden=\"true\" class=\"fal fa-chevron-circle-right\"><\/i>\t\t<\/a>\n\n\t\t\t\t<\/div>\n\t\t\t\t<\/article>\n\t\t\t\t<article class=\"elementor-post elementor-grid-item post-25252 post type-post status-publish format-standard has-post-thumbnail hentry category-press-releases tag-protecting-consumers-taxpayers-and-the-economy tag-tackling-climate-change\" role=\"listitem\">\n\t\t\t\t<div class=\"elementor-post__text\">\n\t\t\t\t<h2 class=\"elementor-post__title\">\n\t\t\t<a href=\"https:\/\/www.merkley.senate.gov\/es\/merkley-senators-call-on-watchdog-to-probe-tax-subsidies-for-lng-exporters\/\" >\n\t\t\t\tMerkley, Senators Call on Watchdog to Probe Tax Subsidies for LNG Exporters\t\t\t<\/a>\n\t\t<\/h2>\n\t\t\t\t<div class=\"elementor-post__meta-data\">\n\t\t\t\t\t<span class=\"elementor-post-date\">\n\t\t\tAugust 20, 2026\t\t<\/span>\n\t\t\t\t<\/div>\n\t\t\t\t<div class=\"elementor-post__excerpt\">\n\t\t\t<p>Washington, D.C. \u2013 Today, Oregon\u2019s U.S. Senator Jeff Merkley led Senate Democratic Leader Chuck Schumer (D-NY) and U.S. Senators&nbsp;Chris Van Hollen (D-MD), Edward J. Markey (D-MA), and Sheldon Whitehouse (D-RI) in urging the Acting Treasury Inspector General for Tax Administration (TIGTA) to launch an investigation into the Internal Revenue Service<\/p>\n\t\t<\/div>\n\t\t\n\t\t<a class=\"elementor-post__read-more\" href=\"https:\/\/www.merkley.senate.gov\/es\/merkley-senators-call-on-watchdog-to-probe-tax-subsidies-for-lng-exporters\/\" aria-label=\"Read more about Merkley, Senators Call on Watchdog to Probe Tax Subsidies for LNG Exporters\" tabindex=\"-1\" >\n\t\t\t<i aria-hidden=\"true\" class=\"fal fa-chevron-circle-right\"><\/i>\t\t<\/a>\n\n\t\t\t\t<\/div>\n\t\t\t\t<\/article>\n\t\t\t\t<article class=\"elementor-post elementor-grid-item post-25239 post type-post status-publish format-standard has-post-thumbnail hentry category-press-releases tag-agriculture tag-delivering-for-oregon tag-natural-resources-and-rural-development tag-tackling-climate-change\" role=\"listitem\">\n\t\t\t\t<div class=\"elementor-post__text\">\n\t\t\t\t<h2 class=\"elementor-post__title\">\n\t\t\t<a href=\"https:\/\/www.merkley.senate.gov\/es\/merkley-wyden-secure-federal-funding-to-expand-pollinator-habitat-along-oregon-highways\/\" >\n\t\t\t\tMerkley, Wyden Secure Federal Funding to Expand Pollinator Habitat Along Oregon Highways\t\t\t<\/a>\n\t\t<\/h2>\n\t\t\t\t<div class=\"elementor-post__meta-data\">\n\t\t\t\t\t<span class=\"elementor-post-date\">\n\t\t\tAugust 18, 2026\t\t<\/span>\n\t\t\t\t<\/div>\n\t\t\t\t<div class=\"elementor-post__excerpt\">\n\t\t\t<p>Washington, D.C.&nbsp;\u2014 Today,&nbsp;Oregon\u2019s U.S. Senators Jeff Merkley and Ron Wyden announced $150,000 in federal funds for the Oregon Department of Transportation (ODOT) to create and restore pollinator habitats along Oregon highways.The funding, which is the maximum award under the Federal Highway Administration\u2019s Pollinator-Friendly Practices on Roadsides and Highway Rights-of-Way Program<\/p>\n\t\t<\/div>\n\t\t\n\t\t<a class=\"elementor-post__read-more\" href=\"https:\/\/www.merkley.senate.gov\/es\/merkley-wyden-secure-federal-funding-to-expand-pollinator-habitat-along-oregon-highways\/\" aria-label=\"Read more about Merkley, Wyden Secure Federal Funding to Expand Pollinator Habitat Along Oregon Highways\" tabindex=\"-1\" >\n\t\t\t<i aria-hidden=\"true\" class=\"fal fa-chevron-circle-right\"><\/i>\t\t<\/a>\n\n\t\t\t\t<\/div>\n\t\t\t\t<\/article>\n\t\t\t\t<article class=\"elementor-post elementor-grid-item post-25232 post type-post status-publish format-standard has-post-thumbnail hentry category-press-releases tag-delivering-for-oregon tag-natural-resources-and-rural-development tag-tackling-climate-change tag-wildfire\" role=\"listitem\">\n\t\t\t\t<div class=\"elementor-post__text\">\n\t\t\t\t<h2 class=\"elementor-post__title\">\n\t\t\t<a href=\"https:\/\/www.merkley.senate.gov\/es\/merkley-wyden-colleagues-press-trump-administration-on-proposed-forest-research-and-development-facility-closures-demand-transparency\/\" >\n\t\t\t\tMerkley, Wyden, Colleagues Press Trump Administration on Proposed Forest Research and Development Facility Closures, Demand Transparency\t\t\t<\/a>\n\t\t<\/h2>\n\t\t\t\t<div class=\"elementor-post__meta-data\">\n\t\t\t\t\t<span class=\"elementor-post-date\">\n\t\t\tAugust 14, 2026\t\t<\/span>\n\t\t\t\t<\/div>\n\t\t\t\t<div class=\"elementor-post__excerpt\">\n\t\t\t<p>Portland, OR \u2013 Oregon\u2019s U.S. Senators Jeff Merkley and Ron Wyden&nbsp;joined their Senate colleagues in&nbsp;urging U.S. Forest Service Chief Tom Schultz to provide Congress with a full breakdown of the Service\u2019s decision to potentially close up to 57 U.S. Forest Service Research and Development (R&amp;D) Facilities, including the Portland-based Pacific<\/p>\n\t\t<\/div>\n\t\t\n\t\t<a class=\"elementor-post__read-more\" href=\"https:\/\/www.merkley.senate.gov\/es\/merkley-wyden-colleagues-press-trump-administration-on-proposed-forest-research-and-development-facility-closures-demand-transparency\/\" aria-label=\"Read more about Merkley, Wyden, Colleagues Press Trump Administration on Proposed Forest Research and Development Facility Closures, Demand Transparency\" tabindex=\"-1\" >\n\t\t\t<i aria-hidden=\"true\" class=\"fal fa-chevron-circle-right\"><\/i>\t\t<\/a>\n\n\t\t\t\t<\/div>\n\t\t\t\t<\/article>\n\t\t\t\t<article class=\"elementor-post elementor-grid-item post-25190 post type-post status-publish format-standard has-post-thumbnail hentry category-press-releases tag-natural-resources-and-rural-development tag-protecting-consumers tag-tackling-climate-change\" role=\"listitem\">\n\t\t\t\t<div class=\"elementor-post__text\">\n\t\t\t\t<h2 class=\"elementor-post__title\">\n\t\t\t<a href=\"https:\/\/www.merkley.senate.gov\/es\/wyden-merkley-demand-trump-administration-drop-effort-to-weaken-health-protections-for-millions-of-americans\/\" >\n\t\t\t\tWyden, Merkley Demand Trump Administration Drop Effort to Weaken Health Protections for Millions of Americans\t\t\t<\/a>\n\t\t<\/h2>\n\t\t\t\t<div class=\"elementor-post__meta-data\">\n\t\t\t\t\t<span class=\"elementor-post-date\">\n\t\t\tAugust 6, 2026\t\t<\/span>\n\t\t\t\t<\/div>\n\t\t\t\t<div class=\"elementor-post__excerpt\">\n\t\t\t<p>New EPA rule would roll back federal protections for clean drinking water&nbsp; Washington, D.C.\u2014U.S. Senators Ron Wyden and Jeff Merkley, Ranking Member of the Senate Environment and Public Works (EPW) Subcommittee on Chemical Safety, Waste Management, Environmental Justice, and Regulatory Oversight said today they have joined colleagues to demand the<\/p>\n\t\t<\/div>\n\t\t\n\t\t<a class=\"elementor-post__read-more\" href=\"https:\/\/www.merkley.senate.gov\/es\/wyden-merkley-demand-trump-administration-drop-effort-to-weaken-health-protections-for-millions-of-americans\/\" aria-label=\"Read more about Wyden, Merkley Demand Trump Administration Drop Effort to Weaken Health Protections for Millions of Americans\" tabindex=\"-1\" >\n\t\t\t<i aria-hidden=\"true\" class=\"fal fa-chevron-circle-right\"><\/i>\t\t<\/a>\n\n\t\t\t\t<\/div>\n\t\t\t\t<\/article>\n\t\t\t\t<article class=\"elementor-post elementor-grid-item post-25152 post type-post status-publish format-standard has-post-thumbnail hentry category-press-releases tag-democracy tag-natural-resources-and-rural-development tag-protecting-consumers-taxpayers-and-the-economy tag-tackling-climate-change tag-wildfire\" role=\"listitem\">\n\t\t\t\t<div class=\"elementor-post__text\">\n\t\t\t\t<h2 class=\"elementor-post__title\">\n\t\t\t<a href=\"https:\/\/www.merkley.senate.gov\/es\/merkley-padilla-shaheen-schiff-rosen-cortez-masto-heinrich-wyden-klobuchar-cftc-must-rein-in-wildfire-bets-on-prediction-markets\/\" >\n\t\t\t\tMerkley, Padilla, Shaheen, Schiff, Rosen, Cortez Masto, Heinrich, Wyden, Klobuchar: CFTC Must Rein in Wildfire Bets on Prediction Markets\t\t\t<\/a>\n\t\t<\/h2>\n\t\t\t\t<div class=\"elementor-post__meta-data\">\n\t\t\t\t\t<span class=\"elementor-post-date\">\n\t\t\tAugust 3, 2026\t\t<\/span>\n\t\t\t\t<\/div>\n\t\t\t\t<div class=\"elementor-post__excerpt\">\n\t\t\t<p>Washington, D.C. \u2013 Today, Oregon\u2019s U.S. Senator Jeff Merkley led U.S. Senators Alex Padilla (D-CA), Jeanne Shaheen (D-NH), Adam Schiff (D-CA), Jacky Rosen (D-NV), Catherine Cortez Masto (D-NV), Martin Heinrich (D-NM), Ron Wyden (D-OR), and Amy Klobuchar (D-MN) to press the Commodity Futures Trading Commission (CFTC) on its plans to<\/p>\n\t\t<\/div>\n\t\t\n\t\t<a class=\"elementor-post__read-more\" href=\"https:\/\/www.merkley.senate.gov\/es\/merkley-padilla-shaheen-schiff-rosen-cortez-masto-heinrich-wyden-klobuchar-cftc-must-rein-in-wildfire-bets-on-prediction-markets\/\" aria-label=\"Read more about Merkley, Padilla, Shaheen, Schiff, Rosen, Cortez Masto, Heinrich, Wyden, Klobuchar: CFTC Must Rein in Wildfire Bets on Prediction Markets\" tabindex=\"-1\" >\n\t\t\t<i aria-hidden=\"true\" class=\"fal fa-chevron-circle-right\"><\/i>\t\t<\/a>\n\n\t\t\t\t<\/div>\n\t\t\t\t<\/article>\n\t\t\t\t<\/div>\n\t\t\n\t\t\t\t<div class=\"e-load-more-anchor\" data-page=\"1\" data-max-page=\"92\" data-next-page=\"https:\/\/www.merkley.senate.gov\/es\/wp-json\/wp\/v2\/pages\/7638\/page\/2\/\"><\/div>\n\t\t\t\t<nav class=\"elementor-pagination\" aria-label=\"Pagination\">\n\t\t\t<span aria-current=\"page\" class=\"page-numbers current\"><span class=\"elementor-screen-only\">P\u00e1gina<\/span>1<\/span>\n<a class=\"page-numbers\" href=\"https:\/\/www.merkley.senate.gov\/es\/wp-json\/wp\/v2\/pages\/7638\/page\/2\/\"><span class=\"elementor-screen-only\">P\u00e1gina<\/span>2<\/a>\n<a class=\"page-numbers\" href=\"https:\/\/www.merkley.senate.gov\/es\/wp-json\/wp\/v2\/pages\/7638\/page\/3\/\"><span class=\"elementor-screen-only\">P\u00e1gina<\/span>3<\/a>\n<a class=\"page-numbers\" href=\"https:\/\/www.merkley.senate.gov\/es\/wp-json\/wp\/v2\/pages\/7638\/page\/4\/\"><span class=\"elementor-screen-only\">P\u00e1gina<\/span>4<\/a>\n<a class=\"page-numbers\" href=\"https:\/\/www.merkley.senate.gov\/es\/wp-json\/wp\/v2\/pages\/7638\/page\/5\/\"><span class=\"elementor-screen-only\">P\u00e1gina<\/span>5<\/a>\t\t<\/nav>\n\t\t\t\t\t\t<\/div>\n\t\t\t\t<\/div>\n\t\t\t\t\t<\/div>\n\t\t<\/div>\n\t\t\t\t\t<\/div>\n\t\t<\/section>\n\t\t\t\t<\/div>","protected":false},"excerpt":{"rendered":"<p>The carbon pollution in our atmosphere from burning fossil fuels like oil and coal is waging a direct and unchecked assault on our farming, fishing and forests \u2013 the cornerstones of Oregon\u2019s rural economy. When Jeff was young, his dad worked as a millwright. He spent his childhood in Southern Oregon timber communities, where timber [&hellip;]<\/p>\n","protected":false},"author":1,"featured_media":0,"parent":7298,"menu_order":0,"comment_status":"closed","ping_status":"closed","template":"","meta":{"_acf_changed":false,"inline_featured_image":false,"footnotes":""},"class_list":["post-7638","page","type-page","status-publish","hentry"],"acf":[],"yoast_head":"<!-- This site is optimized with the Yoast SEO plugin v27.2 - https:\/\/yoast.com\/product\/yoast-seo-wordpress\/ -->\n<title>Tackling Climate Change - Merkley<\/title>\n<meta name=\"robots\" content=\"index, follow, max-snippet:-1, max-image-preview:large, max-video-preview:-1\" \/>\n<link rel=\"canonical\" href=\"https:\/\/www.merkley.senate.gov\/es\/about\/issues\/tackling-climate-change-2\/\" \/>\n<meta property=\"og:locale\" content=\"es_MX\" \/>\n<meta property=\"og:type\" content=\"article\" \/>\n<meta property=\"og:title\" content=\"Tackling Climate Change - Merkley\" \/>\n<meta property=\"og:description\" content=\"The carbon pollution in our atmosphere from burning fossil fuels like oil and coal is waging a direct and unchecked assault on our farming, fishing and forests \u2013 the cornerstones of Oregon\u2019s rural economy. When Jeff was young, his dad worked as a millwright. He spent his childhood in Southern Oregon timber communities, where timber [&hellip;]\" \/>\n<meta property=\"og:url\" content=\"https:\/\/www.merkley.senate.gov\/es\/about\/issues\/tackling-climate-change-2\/\" \/>\n<meta property=\"og:site_name\" content=\"Merkley\" \/>\n<meta property=\"article:modified_time\" content=\"2023-07-24T15:39:55+00:00\" \/>\n<meta name=\"twitter:card\" content=\"summary_large_image\" \/>\n<meta name=\"twitter:label1\" content=\"Est. reading time\" \/>\n\t<meta name=\"twitter:data1\" content=\"3 minutes\" \/>\n<script type=\"application\/ld+json\" class=\"yoast-schema-graph\">{\"@context\":\"https:\/\/schema.org\",\"@graph\":[{\"@type\":\"WebPage\",\"@id\":\"https:\/\/www.merkley.senate.gov\/about\/issues\/tackling-climate-change-2\/\",\"url\":\"https:\/\/www.merkley.senate.gov\/about\/issues\/tackling-climate-change-2\/\",\"name\":\"Tackling Climate Change - Merkley\",\"isPartOf\":{\"@id\":\"https:\/\/www.merkley.senate.gov\/#website\"},\"datePublished\":\"2023-07-19T19:25:41+00:00\",\"dateModified\":\"2023-07-24T15:39:55+00:00\",\"breadcrumb\":{\"@id\":\"https:\/\/www.merkley.senate.gov\/about\/issues\/tackling-climate-change-2\/#breadcrumb\"},\"inLanguage\":\"es-MX\",\"potentialAction\":[{\"@type\":\"ReadAction\",\"target\":[\"https:\/\/www.merkley.senate.gov\/about\/issues\/tackling-climate-change-2\/\"]}]},{\"@type\":\"BreadcrumbList\",\"@id\":\"https:\/\/www.merkley.senate.gov\/about\/issues\/tackling-climate-change-2\/#breadcrumb\",\"itemListElement\":[{\"@type\":\"ListItem\",\"position\":1,\"name\":\"Home\",\"item\":\"https:\/\/www.merkley.senate.gov\/\"},{\"@type\":\"ListItem\",\"position\":2,\"name\":\"About Jeff\",\"item\":\"https:\/\/www.merkley.senate.gov\/about\/\"},{\"@type\":\"ListItem\",\"position\":3,\"name\":\"Issues\",\"item\":\"https:\/\/www.merkley.senate.gov\/about\/issues\/\"},{\"@type\":\"ListItem\",\"position\":4,\"name\":\"Tackling Climate Change\"}]},{\"@type\":\"WebSite\",\"@id\":\"https:\/\/www.merkley.senate.gov\/#website\",\"url\":\"https:\/\/www.merkley.senate.gov\/\",\"name\":\"Merkley\",\"description\":\"Merkley\",\"potentialAction\":[{\"@type\":\"SearchAction\",\"target\":{\"@type\":\"EntryPoint\",\"urlTemplate\":\"https:\/\/www.merkley.senate.gov\/?s={search_term_string}\"},\"query-input\":{\"@type\":\"PropertyValueSpecification\",\"valueRequired\":true,\"valueName\":\"search_term_string\"}}],\"inLanguage\":\"es-MX\"}]}<\/script>\n<!-- \/ Yoast SEO plugin. -->","yoast_head_json":{"title":"Tackling Climate Change - Merkley","robots":{"index":"index","follow":"follow","max-snippet":"max-snippet:-1","max-image-preview":"max-image-preview:large","max-video-preview":"max-video-preview:-1"},"canonical":"https:\/\/www.merkley.senate.gov\/es\/about\/issues\/tackling-climate-change-2\/","og_locale":"es_MX","og_type":"article","og_title":"Tackling Climate Change - Merkley","og_description":"The carbon pollution in our atmosphere from burning fossil fuels like oil and coal is waging a direct and unchecked assault on our farming, fishing and forests \u2013 the cornerstones of Oregon\u2019s rural economy. When Jeff was young, his dad worked as a millwright. He spent his childhood in Southern Oregon timber communities, where timber [&hellip;]","og_url":"https:\/\/www.merkley.senate.gov\/es\/about\/issues\/tackling-climate-change-2\/","og_site_name":"Merkley","article_modified_time":"2023-07-24T15:39:55+00:00","twitter_card":"summary_large_image","twitter_misc":{"Est. reading time":"3 minutes"},"schema":{"@context":"https:\/\/schema.org","@graph":[{"@type":"WebPage","@id":"https:\/\/www.merkley.senate.gov\/about\/issues\/tackling-climate-change-2\/","url":"https:\/\/www.merkley.senate.gov\/about\/issues\/tackling-climate-change-2\/","name":"Tackling Climate Change - Merkley","isPartOf":{"@id":"https:\/\/www.merkley.senate.gov\/#website"},"datePublished":"2023-07-19T19:25:41+00:00","dateModified":"2023-07-24T15:39:55+00:00","breadcrumb":{"@id":"https:\/\/www.merkley.senate.gov\/about\/issues\/tackling-climate-change-2\/#breadcrumb"},"inLanguage":"es-MX","potentialAction":[{"@type":"ReadAction","target":["https:\/\/www.merkley.senate.gov\/about\/issues\/tackling-climate-change-2\/"]}]},{"@type":"BreadcrumbList","@id":"https:\/\/www.merkley.senate.gov\/about\/issues\/tackling-climate-change-2\/#breadcrumb","itemListElement":[{"@type":"ListItem","position":1,"name":"Home","item":"https:\/\/www.merkley.senate.gov\/"},{"@type":"ListItem","position":2,"name":"About Jeff","item":"https:\/\/www.merkley.senate.gov\/about\/"},{"@type":"ListItem","position":3,"name":"Issues","item":"https:\/\/www.merkley.senate.gov\/about\/issues\/"},{"@type":"ListItem","position":4,"name":"Tackling Climate Change"}]},{"@type":"WebSite","@id":"https:\/\/www.merkley.senate.gov\/#website","url":"https:\/\/www.merkley.senate.gov\/","name":"merkley","description":"merkley","potentialAction":[{"@type":"SearchAction","target":{"@type":"EntryPoint","urlTemplate":"https:\/\/www.merkley.senate.gov\/?s={search_term_string}"},"query-input":{"@type":"PropertyValueSpecification","valueRequired":true,"valueName":"search_term_string"}}],"inLanguage":"es-MX"}]}},"_links":{"self":[{"href":"https:\/\/www.merkley.senate.gov\/es\/wp-json\/wp\/v2\/pages\/7638","targetHints":{"allow":["GET"]}}],"collection":[{"href":"https:\/\/www.merkley.senate.gov\/es\/wp-json\/wp\/v2\/pages"}],"about":[{"href":"https:\/\/www.merkley.senate.gov\/es\/wp-json\/wp\/v2\/types\/page"}],"author":[{"embeddable":true,"href":"https:\/\/www.merkley.senate.gov\/es\/wp-json\/wp\/v2\/users\/1"}],"replies":[{"embeddable":true,"href":"https:\/\/www.merkley.senate.gov\/es\/wp-json\/wp\/v2\/comments?post=7638"}],"version-history":[{"count":7,"href":"https:\/\/www.merkley.senate.gov\/es\/wp-json\/wp\/v2\/pages\/7638\/revisions"}],"predecessor-version":[{"id":16688,"href":"https:\/\/www.merkley.senate.gov\/es\/wp-json\/wp\/v2\/pages\/7638\/revisions\/16688"}],"up":[{"embeddable":true,"href":"https:\/\/www.merkley.senate.gov\/es\/wp-json\/wp\/v2\/pages\/7298"}],"wp:attachment":[{"href":"https:\/\/www.merkley.senate.gov\/es\/wp-json\/wp\/v2\/media?parent=7638"}],"curies":[{"name":"wp","href":"https:\/\/api.w.org\/{rel}","templated":true}]}}